{"version":"1.0","provider_name":"Aps i educaci\u00f3 en valors","provider_url":"https:\/\/diarieducacio.cat\/aprenentatgeservei","title":"Jaume Funes: Estima'm i aix\u00ed voldr\u00e9 canviar el m\u00f3n - Aps i educaci\u00f3 en valors","type":"rich","width":600,"height":338,"html":"<blockquote class=\"wp-embedded-content\" data-secret=\"bloao8sRI9\"><a href=\"https:\/\/diarieducacio.cat\/aprenentatgeservei\/2018\/07\/09\/estimam-i-aixi-voldre-canviar-el-mon\/\">Estima&#8217;m i aix\u00ed voldr\u00e9 canviar el m\u00f3n<\/a><\/blockquote><iframe sandbox=\"allow-scripts\" security=\"restricted\" src=\"https:\/\/diarieducacio.cat\/aprenentatgeservei\/2018\/07\/09\/estimam-i-aixi-voldre-canviar-el-mon\/embed\/#?secret=bloao8sRI9\" width=\"600\" height=\"338\" title=\"&#8220;Estima&#8217;m i aix\u00ed voldr\u00e9 canviar el m\u00f3n&#8221; &#8212; Aps i educaci\u00f3 en valors\" data-secret=\"bloao8sRI9\" frameborder=\"0\" marginwidth=\"0\" marginheight=\"0\" scrolling=\"no\" class=\"wp-embedded-content\"><\/iframe><script type=\"text\/javascript\">\n\/* <![CDATA[ *\/\n\/*! This file is auto-generated *\/\n!function(d,l){\"use strict\";l.querySelector&&d.addEventListener&&\"undefined\"!=typeof URL&&(d.wp=d.wp||{},d.wp.receiveEmbedMessage||(d.wp.receiveEmbedMessage=function(e){var t=e.data;if((t||t.secret||t.message||t.value)&&!\/[^a-zA-Z0-9]\/.test(t.secret)){for(var s,r,n,a=l.querySelectorAll('iframe[data-secret=\"'+t.secret+'\"]'),o=l.querySelectorAll('blockquote[data-secret=\"'+t.secret+'\"]'),c=new RegExp(\"^https?:$\",\"i\"),i=0;i<o.length;i++)o[i].style.display=\"none\";for(i=0;i<a.length;i++)s=a[i],e.source===s.contentWindow&&(s.removeAttribute(\"style\"),\"height\"===t.message?(1e3<(r=parseInt(t.value,10))?r=1e3:~~r<200&&(r=200),s.height=r):\"link\"===t.message&&(r=new URL(s.getAttribute(\"src\")),n=new URL(t.value),c.test(n.protocol))&&n.host===r.host&&l.activeElement===s&&(d.top.location.href=t.value))}},d.addEventListener(\"message\",d.wp.receiveEmbedMessage,!1),l.addEventListener(\"DOMContentLoaded\",function(){for(var e,t,s=l.querySelectorAll(\"iframe.wp-embedded-content\"),r=0;r<s.length;r++)(t=(e=s[r]).getAttribute(\"data-secret\"))||(t=Math.random().toString(36).substring(2,12),e.src+=\"#?secret=\"+t,e.setAttribute(\"data-secret\",t)),e.contentWindow.postMessage({message:\"ready\",secret:t},\"*\")},!1)))}(window,document);\n\/\/# sourceURL=https:\/\/diarieducacio.cat\/aprenentatgeservei\/wp-includes\/js\/wp-embed.min.js\n\/* ]]> *\/\n<\/script>\n","thumbnail_url":"https:\/\/diarieducacio.cat\/aprenentatgeservei\/wp-content\/uploads\/sites\/22\/2018\/07\/funes.jpg","thumbnail_width":2500,"thumbnail_height":1406,"description":"Educar adolescents no \u00e9s tan sols fer una llarga gimcana dominant un conjunt d\u2019habilitats educatives. \u00c9s, fonamentalment, un repte permanent d\u2019educaci\u00f3 en valors. No. No podem deixar l\u2019\u00e8tica a un costat, com si fos un tema per a estones tranquil\u00b7les, perdudes"}