{"version":"1.0","provider_name":"Aps i educaci\u00f3 en valors","provider_url":"https:\/\/diarieducacio.cat\/aprenentatgeservei","title":"Dret a la tribu - Aps i educaci\u00f3 en valors","type":"rich","width":600,"height":338,"html":"<blockquote class=\"wp-embedded-content\" data-secret=\"bXxCv3OO0W\"><a href=\"https:\/\/diarieducacio.cat\/aprenentatgeservei\/2022\/12\/07\/dret-a-la-tribu\/\">Dret a la tribu<\/a><\/blockquote><iframe sandbox=\"allow-scripts\" security=\"restricted\" src=\"https:\/\/diarieducacio.cat\/aprenentatgeservei\/2022\/12\/07\/dret-a-la-tribu\/embed\/#?secret=bXxCv3OO0W\" width=\"600\" height=\"338\" title=\"&#8220;Dret a la tribu&#8221; &#8212; Aps i educaci\u00f3 en valors\" data-secret=\"bXxCv3OO0W\" frameborder=\"0\" marginwidth=\"0\" marginheight=\"0\" scrolling=\"no\" class=\"wp-embedded-content\"><\/iframe><script type=\"text\/javascript\">\n\/* <![CDATA[ *\/\n\/*! This file is auto-generated *\/\n!function(d,l){\"use strict\";l.querySelector&&d.addEventListener&&\"undefined\"!=typeof URL&&(d.wp=d.wp||{},d.wp.receiveEmbedMessage||(d.wp.receiveEmbedMessage=function(e){var t=e.data;if((t||t.secret||t.message||t.value)&&!\/[^a-zA-Z0-9]\/.test(t.secret)){for(var s,r,n,a=l.querySelectorAll('iframe[data-secret=\"'+t.secret+'\"]'),o=l.querySelectorAll('blockquote[data-secret=\"'+t.secret+'\"]'),c=new RegExp(\"^https?:$\",\"i\"),i=0;i<o.length;i++)o[i].style.display=\"none\";for(i=0;i<a.length;i++)s=a[i],e.source===s.contentWindow&&(s.removeAttribute(\"style\"),\"height\"===t.message?(1e3<(r=parseInt(t.value,10))?r=1e3:~~r<200&&(r=200),s.height=r):\"link\"===t.message&&(r=new URL(s.getAttribute(\"src\")),n=new URL(t.value),c.test(n.protocol))&&n.host===r.host&&l.activeElement===s&&(d.top.location.href=t.value))}},d.addEventListener(\"message\",d.wp.receiveEmbedMessage,!1),l.addEventListener(\"DOMContentLoaded\",function(){for(var e,t,s=l.querySelectorAll(\"iframe.wp-embedded-content\"),r=0;r<s.length;r++)(t=(e=s[r]).getAttribute(\"data-secret\"))||(t=Math.random().toString(36).substring(2,12),e.src+=\"#?secret=\"+t,e.setAttribute(\"data-secret\",t)),e.contentWindow.postMessage({message:\"ready\",secret:t},\"*\")},!1)))}(window,document);\n\/\/# sourceURL=https:\/\/diarieducacio.cat\/aprenentatgeservei\/wp-includes\/js\/wp-embed.min.js\n\/* ]]> *\/\n<\/script>\n","thumbnail_url":"https:\/\/diarieducacio.cat\/aprenentatgeservei\/wp-content\/uploads\/sites\/22\/2022\/12\/GettyImages-1152840785.jpg","thumbnail_width":2309,"thumbnail_height":1299,"description":"En l&#8217;\u00e0mbit educatiu la tribu \u00e9s considerada un element que enriqueix la crian\u00e7a i el proc\u00e9s de creixement \u00a0dels infants. Quan hom evoca el proverbi afric\u00e0 \u201cper educar un infant es necessita la tribu sencera\u201d ho fa per destacar el valor d\u2019aquelles contribucions que arriben de persones i col\u00b7lectius que a priori no tenen assignat"}