{"version":"1.0","provider_name":"Arts & Educaci\u00f3","provider_url":"https:\/\/diarieducacio.cat\/artseducacio","title":"El poder suggestiu de l\u2019animaci\u00f3 - Arts & Educaci\u00f3","type":"rich","width":600,"height":338,"html":"<blockquote class=\"wp-embedded-content\" data-secret=\"kbgxIIWUiu\"><a href=\"https:\/\/diarieducacio.cat\/artseducacio\/2024\/05\/02\/el-poder-suggestiu-de-lanimacio\/\">El poder suggestiu de l\u2019animaci\u00f3<\/a><\/blockquote><iframe sandbox=\"allow-scripts\" security=\"restricted\" src=\"https:\/\/diarieducacio.cat\/artseducacio\/2024\/05\/02\/el-poder-suggestiu-de-lanimacio\/embed\/#?secret=kbgxIIWUiu\" width=\"600\" height=\"338\" title=\"&#8220;El poder suggestiu de l\u2019animaci\u00f3&#8221; &#8212; Arts &amp; Educaci\u00f3\" data-secret=\"kbgxIIWUiu\" frameborder=\"0\" marginwidth=\"0\" marginheight=\"0\" scrolling=\"no\" class=\"wp-embedded-content\"><\/iframe><script type=\"text\/javascript\">\n\/* <![CDATA[ *\/\n\/*! This file is auto-generated *\/\n!function(d,l){\"use strict\";l.querySelector&&d.addEventListener&&\"undefined\"!=typeof URL&&(d.wp=d.wp||{},d.wp.receiveEmbedMessage||(d.wp.receiveEmbedMessage=function(e){var t=e.data;if((t||t.secret||t.message||t.value)&&!\/[^a-zA-Z0-9]\/.test(t.secret)){for(var s,r,n,a=l.querySelectorAll('iframe[data-secret=\"'+t.secret+'\"]'),o=l.querySelectorAll('blockquote[data-secret=\"'+t.secret+'\"]'),c=new RegExp(\"^https?:$\",\"i\"),i=0;i<o.length;i++)o[i].style.display=\"none\";for(i=0;i<a.length;i++)s=a[i],e.source===s.contentWindow&&(s.removeAttribute(\"style\"),\"height\"===t.message?(1e3<(r=parseInt(t.value,10))?r=1e3:~~r<200&&(r=200),s.height=r):\"link\"===t.message&&(r=new URL(s.getAttribute(\"src\")),n=new URL(t.value),c.test(n.protocol))&&n.host===r.host&&l.activeElement===s&&(d.top.location.href=t.value))}},d.addEventListener(\"message\",d.wp.receiveEmbedMessage,!1),l.addEventListener(\"DOMContentLoaded\",function(){for(var e,t,s=l.querySelectorAll(\"iframe.wp-embedded-content\"),r=0;r<s.length;r++)(t=(e=s[r]).getAttribute(\"data-secret\"))||(t=Math.random().toString(36).substring(2,12),e.src+=\"#?secret=\"+t,e.setAttribute(\"data-secret\",t)),e.contentWindow.postMessage({message:\"ready\",secret:t},\"*\")},!1)))}(window,document);\n\/\/# sourceURL=https:\/\/diarieducacio.cat\/artseducacio\/wp-includes\/js\/wp-embed.min.js\n\/* ]]> *\/\n<\/script>\n","thumbnail_url":"https:\/\/diarieducacio.cat\/artseducacio\/wp-content\/uploads\/sites\/20\/2024\/05\/Sirocco.jpg","thumbnail_width":1200,"thumbnail_height":925,"description":"Juliette i Carme s\u00f3n les protagonistes d\u2019aquesta aventura que barreja el m\u00f3n real amb la ficci\u00f3 liter\u00e0ria amb una for\u00e7a imaginativa fascinant, on destaca un \u00fas sublim de la m\u00fasica, que acompanya significativament les emocions dels personatges, i un univers psicod\u00e8lic de colors llampants i hipn\u00f2tics. Les germanes, de quatre i vuit anys, passaran el"}