{"version":"1.0","provider_name":"Arts & Educaci\u00f3","provider_url":"https:\/\/diarieducacio.cat\/artseducacio","title":"\u00daltims dies per inscriure's al Sambori 2025 - Arts & Educaci\u00f3","type":"rich","width":600,"height":338,"html":"<blockquote class=\"wp-embedded-content\" data-secret=\"lIyZaI59jS\"><a href=\"https:\/\/diarieducacio.cat\/artseducacio\/2025\/04\/08\/ultims-dies-per-inscriures-al-sambori-2025\/\">\u00daltims dies per inscriure&#8217;s al Sambori 2025<\/a><\/blockquote><iframe sandbox=\"allow-scripts\" security=\"restricted\" src=\"https:\/\/diarieducacio.cat\/artseducacio\/2025\/04\/08\/ultims-dies-per-inscriures-al-sambori-2025\/embed\/#?secret=lIyZaI59jS\" width=\"600\" height=\"338\" title=\"&#8220;\u00daltims dies per inscriure&#8217;s al Sambori 2025&#8221; &#8212; Arts &amp; Educaci\u00f3\" data-secret=\"lIyZaI59jS\" frameborder=\"0\" marginwidth=\"0\" marginheight=\"0\" scrolling=\"no\" class=\"wp-embedded-content\"><\/iframe><script type=\"text\/javascript\">\n\/* <![CDATA[ *\/\n\/*! This file is auto-generated *\/\n!function(d,l){\"use strict\";l.querySelector&&d.addEventListener&&\"undefined\"!=typeof URL&&(d.wp=d.wp||{},d.wp.receiveEmbedMessage||(d.wp.receiveEmbedMessage=function(e){var t=e.data;if((t||t.secret||t.message||t.value)&&!\/[^a-zA-Z0-9]\/.test(t.secret)){for(var s,r,n,a=l.querySelectorAll('iframe[data-secret=\"'+t.secret+'\"]'),o=l.querySelectorAll('blockquote[data-secret=\"'+t.secret+'\"]'),c=new RegExp(\"^https?:$\",\"i\"),i=0;i<o.length;i++)o[i].style.display=\"none\";for(i=0;i<a.length;i++)s=a[i],e.source===s.contentWindow&&(s.removeAttribute(\"style\"),\"height\"===t.message?(1e3<(r=parseInt(t.value,10))?r=1e3:~~r<200&&(r=200),s.height=r):\"link\"===t.message&&(r=new URL(s.getAttribute(\"src\")),n=new URL(t.value),c.test(n.protocol))&&n.host===r.host&&l.activeElement===s&&(d.top.location.href=t.value))}},d.addEventListener(\"message\",d.wp.receiveEmbedMessage,!1),l.addEventListener(\"DOMContentLoaded\",function(){for(var e,t,s=l.querySelectorAll(\"iframe.wp-embedded-content\"),r=0;r<s.length;r++)(t=(e=s[r]).getAttribute(\"data-secret\"))||(t=Math.random().toString(36).substring(2,12),e.src+=\"#?secret=\"+t,e.setAttribute(\"data-secret\",t)),e.contentWindow.postMessage({message:\"ready\",secret:t},\"*\")},!1)))}(window,document);\n\/\/# sourceURL=https:\/\/diarieducacio.cat\/artseducacio\/wp-includes\/js\/wp-embed.min.js\n\/* ]]> *\/\n<\/script>\n","thumbnail_url":"https:\/\/diarieducacio.cat\/artseducacio\/wp-content\/uploads\/sites\/20\/2025\/04\/photo1716372180-1.jpeg","thumbnail_width":1024,"thumbnail_height":683,"description":"El Sambori \u00e9s un projecte d\u2019\u00d2mnium que fomenta la creaci\u00f3 de propostes art\u00edstiques i culturals d\u2019autoria col\u00b7lectiva, amb l\u2019objectiu de fomentar l\u2019empoderament cultural, el sentiment de pertinen\u00e7a comunitari i l\u2019\u00fas de la llengua catalana com a eines de transformaci\u00f3 social generadores d\u2019oportunitats. Es tracta que l\u2019alumnat trobi un canal per expressar la seva veu, incidint"}