{"version":"1.0","provider_name":"El blog de l'educaci\u00f3 local","provider_url":"https:\/\/diarieducacio.cat\/educaciolocal","title":"Connectar escoles i cooperatives - El blog de l'educaci\u00f3 local","type":"rich","width":600,"height":338,"html":"<blockquote class=\"wp-embedded-content\" data-secret=\"AyXAafRQS3\"><a href=\"https:\/\/diarieducacio.cat\/educaciolocal\/2018\/07\/16\/connectar-escoles-i-cooperatives\/\">Connectar escoles i cooperatives<\/a><\/blockquote><iframe sandbox=\"allow-scripts\" security=\"restricted\" src=\"https:\/\/diarieducacio.cat\/educaciolocal\/2018\/07\/16\/connectar-escoles-i-cooperatives\/embed\/#?secret=AyXAafRQS3\" width=\"600\" height=\"338\" title=\"&#8220;Connectar escoles i cooperatives&#8221; &#8212; El blog de l&#039;educaci\u00f3 local\" data-secret=\"AyXAafRQS3\" frameborder=\"0\" marginwidth=\"0\" marginheight=\"0\" scrolling=\"no\" class=\"wp-embedded-content\"><\/iframe><script type=\"text\/javascript\">\n\/* <![CDATA[ *\/\n\/*! This file is auto-generated *\/\n!function(d,l){\"use strict\";l.querySelector&&d.addEventListener&&\"undefined\"!=typeof URL&&(d.wp=d.wp||{},d.wp.receiveEmbedMessage||(d.wp.receiveEmbedMessage=function(e){var t=e.data;if((t||t.secret||t.message||t.value)&&!\/[^a-zA-Z0-9]\/.test(t.secret)){for(var s,r,n,a=l.querySelectorAll('iframe[data-secret=\"'+t.secret+'\"]'),o=l.querySelectorAll('blockquote[data-secret=\"'+t.secret+'\"]'),c=new RegExp(\"^https?:$\",\"i\"),i=0;i<o.length;i++)o[i].style.display=\"none\";for(i=0;i<a.length;i++)s=a[i],e.source===s.contentWindow&&(s.removeAttribute(\"style\"),\"height\"===t.message?(1e3<(r=parseInt(t.value,10))?r=1e3:~~r<200&&(r=200),s.height=r):\"link\"===t.message&&(r=new URL(s.getAttribute(\"src\")),n=new URL(t.value),c.test(n.protocol))&&n.host===r.host&&l.activeElement===s&&(d.top.location.href=t.value))}},d.addEventListener(\"message\",d.wp.receiveEmbedMessage,!1),l.addEventListener(\"DOMContentLoaded\",function(){for(var e,t,s=l.querySelectorAll(\"iframe.wp-embedded-content\"),r=0;r<s.length;r++)(t=(e=s[r]).getAttribute(\"data-secret\"))||(t=Math.random().toString(36).substring(2,12),e.src+=\"#?secret=\"+t,e.setAttribute(\"data-secret\",t)),e.contentWindow.postMessage({message:\"ready\",secret:t},\"*\")},!1)))}(window,document);\n\/\/# sourceURL=https:\/\/diarieducacio.cat\/educaciolocal\/wp-includes\/js\/wp-embed.min.js\n\/* ]]> *\/\n<\/script>\n","thumbnail_url":"https:\/\/diarieducacio.cat\/educaciolocal\/wp-content\/uploads\/sites\/18\/2018\/07\/iStock-845547386.jpg","thumbnail_width":2200,"thumbnail_height":1466,"description":"Cultura emprenedora a l\u2019escola (CuEmE) \u00e9s un programa impulsat per la Diputaci\u00f3 de Barcelona amb el suport de la Federaci\u00f3 de Cooperatives de Treball de Catalunya. La iniciativa busca fomentar l\u2019esperit emprenedor en clau cooperativa entre l\u2019alumnat del cicle superior d'educaci\u00f3 prim\u00e0ria, especialment de cinqu\u00e8"}