{"version":"1.0","provider_name":"El blog de l'educaci\u00f3 local","provider_url":"https:\/\/diarieducacio.cat\/educaciolocal","title":"Ocupar-se de la mortalitat escolar - El blog de l'educaci\u00f3 local","type":"rich","width":600,"height":338,"html":"<blockquote class=\"wp-embedded-content\" data-secret=\"BMANGcNQ88\"><a href=\"https:\/\/diarieducacio.cat\/educaciolocal\/2018\/09\/24\/ocupar-se-de-la-mortalitat-escolar\/\">Ocupar-se de la mortalitat escolar<\/a><\/blockquote><iframe sandbox=\"allow-scripts\" security=\"restricted\" src=\"https:\/\/diarieducacio.cat\/educaciolocal\/2018\/09\/24\/ocupar-se-de-la-mortalitat-escolar\/embed\/#?secret=BMANGcNQ88\" width=\"600\" height=\"338\" title=\"&#8220;Ocupar-se de la mortalitat escolar&#8221; &#8212; El blog de l&#039;educaci\u00f3 local\" data-secret=\"BMANGcNQ88\" frameborder=\"0\" marginwidth=\"0\" marginheight=\"0\" scrolling=\"no\" class=\"wp-embedded-content\"><\/iframe><script type=\"text\/javascript\">\n\/* <![CDATA[ *\/\n\/*! This file is auto-generated *\/\n!function(d,l){\"use strict\";l.querySelector&&d.addEventListener&&\"undefined\"!=typeof URL&&(d.wp=d.wp||{},d.wp.receiveEmbedMessage||(d.wp.receiveEmbedMessage=function(e){var t=e.data;if((t||t.secret||t.message||t.value)&&!\/[^a-zA-Z0-9]\/.test(t.secret)){for(var s,r,n,a=l.querySelectorAll('iframe[data-secret=\"'+t.secret+'\"]'),o=l.querySelectorAll('blockquote[data-secret=\"'+t.secret+'\"]'),c=new RegExp(\"^https?:$\",\"i\"),i=0;i<o.length;i++)o[i].style.display=\"none\";for(i=0;i<a.length;i++)s=a[i],e.source===s.contentWindow&&(s.removeAttribute(\"style\"),\"height\"===t.message?(1e3<(r=parseInt(t.value,10))?r=1e3:~~r<200&&(r=200),s.height=r):\"link\"===t.message&&(r=new URL(s.getAttribute(\"src\")),n=new URL(t.value),c.test(n.protocol))&&n.host===r.host&&l.activeElement===s&&(d.top.location.href=t.value))}},d.addEventListener(\"message\",d.wp.receiveEmbedMessage,!1),l.addEventListener(\"DOMContentLoaded\",function(){for(var e,t,s=l.querySelectorAll(\"iframe.wp-embedded-content\"),r=0;r<s.length;r++)(t=(e=s[r]).getAttribute(\"data-secret\"))||(t=Math.random().toString(36).substring(2,12),e.src+=\"#?secret=\"+t,e.setAttribute(\"data-secret\",t)),e.contentWindow.postMessage({message:\"ready\",secret:t},\"*\")},!1)))}(window,document);\n\/\/# sourceURL=https:\/\/diarieducacio.cat\/educaciolocal\/wp-includes\/js\/wp-embed.min.js\n\/* ]]> *\/\n<\/script>\n","thumbnail_url":"https:\/\/diarieducacio.cat\/educaciolocal\/wp-content\/uploads\/sites\/18\/2018\/09\/JFunes.jpg","thumbnail_width":1000,"thumbnail_height":937,"description":"Una de les preocupacions principals de la comunitat educativa recau sobre l\u2019alumnat que acaba l\u2019escolaritat obligat\u00f2ria amb uns resultats inadequats que fan dif\u00edcil la continuaci\u00f3 del seu itinerari formatiu. L\u2019article reflexiona sobre aquest aspecte fent esment a la import\u00e0ncia de l\u2019acompanyament en les transicions educatives."}