{"version":"1.0","provider_name":"El blog de l'educaci\u00f3 local","provider_url":"https:\/\/diarieducacio.cat\/educaciolocal","title":"\u00abVolem formar persones dignes i lliures\u00bb - El blog de l'educaci\u00f3 local","type":"rich","width":600,"height":338,"html":"<blockquote class=\"wp-embedded-content\" data-secret=\"2p2Nei1WCV\"><a href=\"https:\/\/diarieducacio.cat\/educaciolocal\/2020\/04\/24\/volem-formar-persones-dignes-i-lliures\/\">\u00abVolem formar persones dignes i lliures\u00bb<\/a><\/blockquote><iframe sandbox=\"allow-scripts\" security=\"restricted\" src=\"https:\/\/diarieducacio.cat\/educaciolocal\/2020\/04\/24\/volem-formar-persones-dignes-i-lliures\/embed\/#?secret=2p2Nei1WCV\" width=\"600\" height=\"338\" title=\"&#8220;\u00abVolem formar persones dignes i lliures\u00bb&#8221; &#8212; El blog de l&#039;educaci\u00f3 local\" data-secret=\"2p2Nei1WCV\" frameborder=\"0\" marginwidth=\"0\" marginheight=\"0\" scrolling=\"no\" class=\"wp-embedded-content\"><\/iframe><script type=\"text\/javascript\">\n\/* <![CDATA[ *\/\n\/*! This file is auto-generated *\/\n!function(d,l){\"use strict\";l.querySelector&&d.addEventListener&&\"undefined\"!=typeof URL&&(d.wp=d.wp||{},d.wp.receiveEmbedMessage||(d.wp.receiveEmbedMessage=function(e){var t=e.data;if((t||t.secret||t.message||t.value)&&!\/[^a-zA-Z0-9]\/.test(t.secret)){for(var s,r,n,a=l.querySelectorAll('iframe[data-secret=\"'+t.secret+'\"]'),o=l.querySelectorAll('blockquote[data-secret=\"'+t.secret+'\"]'),c=new RegExp(\"^https?:$\",\"i\"),i=0;i<o.length;i++)o[i].style.display=\"none\";for(i=0;i<a.length;i++)s=a[i],e.source===s.contentWindow&&(s.removeAttribute(\"style\"),\"height\"===t.message?(1e3<(r=parseInt(t.value,10))?r=1e3:~~r<200&&(r=200),s.height=r):\"link\"===t.message&&(r=new URL(s.getAttribute(\"src\")),n=new URL(t.value),c.test(n.protocol))&&n.host===r.host&&l.activeElement===s&&(d.top.location.href=t.value))}},d.addEventListener(\"message\",d.wp.receiveEmbedMessage,!1),l.addEventListener(\"DOMContentLoaded\",function(){for(var e,t,s=l.querySelectorAll(\"iframe.wp-embedded-content\"),r=0;r<s.length;r++)(t=(e=s[r]).getAttribute(\"data-secret\"))||(t=Math.random().toString(36).substring(2,12),e.src+=\"#?secret=\"+t,e.setAttribute(\"data-secret\",t)),e.contentWindow.postMessage({message:\"ready\",secret:t},\"*\")},!1)))}(window,document);\n\/\/# sourceURL=https:\/\/diarieducacio.cat\/educaciolocal\/wp-includes\/js\/wp-embed.min.js\n\/* ]]> *\/\n<\/script>\n","thumbnail_url":"https:\/\/diarieducacio.cat\/educaciolocal\/wp-content\/uploads\/sites\/18\/2020\/04\/Captura-de-pantalla-2020-04-16-a-les-12.59.49.png","thumbnail_width":1440,"thumbnail_height":900,"description":"Aprofitem aquest inici estrany i excepcional del tercer trimestre lectiu amb l'alumnat confinat per parlar amb el director de l'Institut Neus Catal\u00e0, Eduard Cirera, que des de fa cinc anys est\u00e0 al capdavant d'un institut nou i de m\u00e0xima complexitat al barri de Sant Ildefons de Cornell\u00e0 de Llobregat, amb un equip cohesionat de 28 docents i 216 alumnes, de primer a quart d'ESO."}