{"version":"1.0","provider_name":"El blog de l'educaci\u00f3 local","provider_url":"https:\/\/diarieducacio.cat\/educaciolocal","title":"Educaci\u00f3, m\u00f3n local i confinament - El blog de l'educaci\u00f3 local","type":"rich","width":600,"height":338,"html":"<blockquote class=\"wp-embedded-content\" data-secret=\"zFwoLg5meN\"><a href=\"https:\/\/diarieducacio.cat\/educaciolocal\/2020\/05\/26\/educacio-mon-local-i-confinament\/\">Educaci\u00f3, m\u00f3n local i confinament<\/a><\/blockquote><iframe sandbox=\"allow-scripts\" security=\"restricted\" src=\"https:\/\/diarieducacio.cat\/educaciolocal\/2020\/05\/26\/educacio-mon-local-i-confinament\/embed\/#?secret=zFwoLg5meN\" width=\"600\" height=\"338\" title=\"&#8220;Educaci\u00f3, m\u00f3n local i confinament&#8221; &#8212; El blog de l&#039;educaci\u00f3 local\" data-secret=\"zFwoLg5meN\" frameborder=\"0\" marginwidth=\"0\" marginheight=\"0\" scrolling=\"no\" class=\"wp-embedded-content\"><\/iframe><script type=\"text\/javascript\">\n\/* <![CDATA[ *\/\n\/*! This file is auto-generated *\/\n!function(d,l){\"use strict\";l.querySelector&&d.addEventListener&&\"undefined\"!=typeof URL&&(d.wp=d.wp||{},d.wp.receiveEmbedMessage||(d.wp.receiveEmbedMessage=function(e){var t=e.data;if((t||t.secret||t.message||t.value)&&!\/[^a-zA-Z0-9]\/.test(t.secret)){for(var s,r,n,a=l.querySelectorAll('iframe[data-secret=\"'+t.secret+'\"]'),o=l.querySelectorAll('blockquote[data-secret=\"'+t.secret+'\"]'),c=new RegExp(\"^https?:$\",\"i\"),i=0;i<o.length;i++)o[i].style.display=\"none\";for(i=0;i<a.length;i++)s=a[i],e.source===s.contentWindow&&(s.removeAttribute(\"style\"),\"height\"===t.message?(1e3<(r=parseInt(t.value,10))?r=1e3:~~r<200&&(r=200),s.height=r):\"link\"===t.message&&(r=new URL(s.getAttribute(\"src\")),n=new URL(t.value),c.test(n.protocol))&&n.host===r.host&&l.activeElement===s&&(d.top.location.href=t.value))}},d.addEventListener(\"message\",d.wp.receiveEmbedMessage,!1),l.addEventListener(\"DOMContentLoaded\",function(){for(var e,t,s=l.querySelectorAll(\"iframe.wp-embedded-content\"),r=0;r<s.length;r++)(t=(e=s[r]).getAttribute(\"data-secret\"))||(t=Math.random().toString(36).substring(2,12),e.src+=\"#?secret=\"+t,e.setAttribute(\"data-secret\",t)),e.contentWindow.postMessage({message:\"ready\",secret:t},\"*\")},!1)))}(window,document);\n\/\/# sourceURL=https:\/\/diarieducacio.cat\/educaciolocal\/wp-includes\/js\/wp-embed.min.js\n\/* ]]> *\/\n<\/script>\n","thumbnail_url":"https:\/\/diarieducacio.cat\/educaciolocal\/wp-content\/uploads\/sites\/18\/2020\/05\/bonalsheila.jpg","thumbnail_width":356,"thumbnail_height":174,"description":"El tancament dels centres educatius durant pr\u00e0cticament mig any comporta el debilitament d\u2019un dels principals recursos en la lluita contra la desigualtat social, un fet que fa necess\u00e0ria una avaluaci\u00f3 d\u2019aquesta excepcional situaci\u00f3 en clau d\u2019equitat i cohesi\u00f3 social."}