{"version":"1.0","provider_name":"Espiral, educaci\u00f3n y tecnolog\u00eda","provider_url":"https:\/\/diarieducacio.cat\/espiral","title":"Una educaci\u00f3 natural, un aprenentatge a la natura - Espiral, educaci\u00f3n y tecnolog\u00eda","type":"rich","width":600,"height":338,"html":"<blockquote class=\"wp-embedded-content\" data-secret=\"DOsKgOFKL8\"><a href=\"https:\/\/diarieducacio.cat\/espiral\/2022\/01\/31\/una-educacio-natural-un-aprenentatge-a-la-natura\/\">Una educaci\u00f3 natural, un aprenentatge a la natura<\/a><\/blockquote><iframe sandbox=\"allow-scripts\" security=\"restricted\" src=\"https:\/\/diarieducacio.cat\/espiral\/2022\/01\/31\/una-educacio-natural-un-aprenentatge-a-la-natura\/embed\/#?secret=DOsKgOFKL8\" width=\"600\" height=\"338\" title=\"&#8220;Una educaci\u00f3 natural, un aprenentatge a la natura&#8221; &#8212; Espiral, educaci\u00f3n y tecnolog\u00eda\" data-secret=\"DOsKgOFKL8\" frameborder=\"0\" marginwidth=\"0\" marginheight=\"0\" scrolling=\"no\" class=\"wp-embedded-content\"><\/iframe><script type=\"text\/javascript\">\n\/* <![CDATA[ *\/\n\/*! This file is auto-generated *\/\n!function(d,l){\"use strict\";l.querySelector&&d.addEventListener&&\"undefined\"!=typeof URL&&(d.wp=d.wp||{},d.wp.receiveEmbedMessage||(d.wp.receiveEmbedMessage=function(e){var t=e.data;if((t||t.secret||t.message||t.value)&&!\/[^a-zA-Z0-9]\/.test(t.secret)){for(var s,r,n,a=l.querySelectorAll('iframe[data-secret=\"'+t.secret+'\"]'),o=l.querySelectorAll('blockquote[data-secret=\"'+t.secret+'\"]'),c=new RegExp(\"^https?:$\",\"i\"),i=0;i<o.length;i++)o[i].style.display=\"none\";for(i=0;i<a.length;i++)s=a[i],e.source===s.contentWindow&&(s.removeAttribute(\"style\"),\"height\"===t.message?(1e3<(r=parseInt(t.value,10))?r=1e3:~~r<200&&(r=200),s.height=r):\"link\"===t.message&&(r=new URL(s.getAttribute(\"src\")),n=new URL(t.value),c.test(n.protocol))&&n.host===r.host&&l.activeElement===s&&(d.top.location.href=t.value))}},d.addEventListener(\"message\",d.wp.receiveEmbedMessage,!1),l.addEventListener(\"DOMContentLoaded\",function(){for(var e,t,s=l.querySelectorAll(\"iframe.wp-embedded-content\"),r=0;r<s.length;r++)(t=(e=s[r]).getAttribute(\"data-secret\"))||(t=Math.random().toString(36).substring(2,12),e.src+=\"#?secret=\"+t,e.setAttribute(\"data-secret\",t)),e.contentWindow.postMessage({message:\"ready\",secret:t},\"*\")},!1)))}(window,document);\n\/\/# sourceURL=https:\/\/diarieducacio.cat\/espiral\/wp-includes\/js\/wp-embed.min.js\n\/* ]]> *\/\n<\/script>\n","thumbnail_url":"https:\/\/diarieducacio.cat\/espiral\/wp-content\/uploads\/sites\/30\/2022\/01\/4b45eb72-cfb9-4bc7-9abb-b9672ef4d041.jpg","thumbnail_width":1254,"thumbnail_height":836,"description":"On ha quedat all\u00f2 natural de l&#8217;aprenentatge en un sistema que mesura, avalua, comptabilitza, vigila, reprimeix, obliga i connecta virtualment tot un contingut a trav\u00e9s d&#8217;unes mat\u00e8ries i sota el paraigua d&#8217;un curr\u00edculum? Quin paper compleix realment una aula i el seu professor entre quatre parets, una pantalla interactiva i multitud de material prefabricat i"}