{"id":2,"date":"2024-01-31T11:04:21","date_gmt":"2024-01-31T10:04:21","guid":{"rendered":"https:\/\/nostalgic-ishizaka.82-223-1-47.plesk.page\/espiral\/?page_id=2"},"modified":"2025-02-11T12:07:41","modified_gmt":"2025-02-11T11:07:41","slug":"inici","status":"publish","type":"page","link":"https:\/\/diarieducacio.cat\/espiral\/","title":{"rendered":"INICI"},"content":{"rendered":"\t\t<div data-elementor-type=\"wp-page\" data-elementor-id=\"2\" class=\"elementor elementor-2\" data-elementor-post-type=\"page\">\n\t\t\t\t\t\t<section class=\"has-el-gap el-gap-default elementor-section elementor-top-section elementor-element elementor-element-3b2bcbb elementor-section-boxed elementor-section-height-default elementor-section-height-default\" data-id=\"3b2bcbb\" data-element_type=\"section\" data-e-type=\"section\">\n\t\t\t\t\t\t<div class=\"elementor-container elementor-column-gap-no\">\n\t\t\t\t\t<div class=\"elementor-column elementor-col-100 elementor-top-column elementor-element elementor-element-7553cf6\" data-id=\"7553cf6\" data-element_type=\"column\" data-e-type=\"column\">\n\t\t\t<div class=\"elementor-widget-wrap elementor-element-populated\">\n\t\t\t\t\t\t<div class=\"elementor-element elementor-element-c30d2b1 post-content elementor-widget elementor-widget-text-editor\" data-id=\"c30d2b1\" data-element_type=\"widget\" data-e-type=\"widget\" data-widget_type=\"text-editor.default\">\n\t\t\t\t<div class=\"elementor-widget-container\">\n\t\t\t\t\t\t\t\t\t<p>ESPIRAL \u00b7 Un blog de <span style=\"color: #f9d128;\"><a style=\"color: #f9d128; text-decoration: underline;\" href=\"https:\/\/diarieducacio.cat\/\">El Diari de l&#8217;Educaci\u00f3<\/a><\/span><\/p>\t\t\t\t\t\t\t\t<\/div>\n\t\t\t\t<\/div>\n\t\t\t\t\t<\/div>\n\t\t<\/div>\n\t\t\t\t\t<\/div>\n\t\t<\/section>\n\t\t\t\t<section class=\"has-el-gap el-gap-default elementor-section elementor-top-section elementor-element elementor-element-d468699 elementor-section-boxed elementor-section-height-default elementor-section-height-default\" data-id=\"d468699\" data-element_type=\"section\" data-e-type=\"section\">\n\t\t\t\t\t\t<div class=\"elementor-container elementor-column-gap-no\">\n\t\t\t\t\t<div class=\"elementor-column elementor-col-66 elementor-top-column elementor-element elementor-element-742d951\" data-id=\"742d951\" data-element_type=\"column\" data-e-type=\"column\">\n\t\t\t<div class=\"elementor-widget-wrap elementor-element-populated\">\n\t\t\t\t\t\t<div class=\"elementor-element elementor-element-a0f2100 elementor-widget elementor-widget-smartmag-grid\" data-id=\"a0f2100\" data-element_type=\"widget\" data-e-type=\"widget\" data-widget_type=\"smartmag-grid.default\">\n\t\t\t\t<div class=\"elementor-widget-container\">\n\t\t\t\t\t\t\t<section class=\"block-wrap block-grid block-sc\" data-id=\"1\">\n\n\t\t\t\t\n\t\t\t<div class=\"block-content\">\n\t\t\t\t\t\n\t<div class=\"loop loop-grid loop-grid-base grid grid-1 md:grid-1 xs:grid-1\">\n\n\t\t\t\t\t\n<article class=\"l-post grid-post grid-base-post\">\n\n\t\n\t\t\t<div class=\"media\">\n\n\t\t\n\t\t\t<a href=\"https:\/\/diarieducacio.cat\/espiral\/2025\/12\/22\/medutarraco-quan-la-ciutat-esdeve-aula\/\" class=\"image-link media-ratio ratio-16-9\" title=\"mEduTarraco: quan la ciutat esdev\u00e9 aula\"><img fetchpriority=\"high\" decoding=\"async\" width=\"803\" height=\"451\" src=\"https:\/\/diarieducacio.cat\/espiral\/wp-content\/uploads\/sites\/30\/2025\/12\/medutarraco-FOTO1.png\" class=\"attachment-large size-large wp-post-image\" alt=\"mEduTarraco\" sizes=\"(max-width: 803px) 100vw, 803px\" title=\"mEduTarraco: quan la ciutat esdev\u00e9 aula\" srcset=\"https:\/\/diarieducacio.cat\/espiral\/wp-content\/uploads\/sites\/30\/2025\/12\/medutarraco-FOTO1.png 754w, https:\/\/diarieducacio.cat\/espiral\/wp-content\/uploads\/sites\/30\/2025\/12\/medutarraco-FOTO1-450x473.png 450w\" \/><\/a>\t\t\t\n\t\t\t\n\t\t\t\n\t\t\t\n\t\t\n\t\t<\/div>\n\t\n\n\t\n\t\t<div class=\"content\">\n\n\t\t\t<div class=\"post-meta post-meta-a has-below\"><h2 class=\"is-title post-title\"><a href=\"https:\/\/diarieducacio.cat\/espiral\/2025\/12\/22\/medutarraco-quan-la-ciutat-esdeve-aula\/\">mEduTarraco: quan la ciutat esdev\u00e9 aula<\/a><\/h2><div class=\"post-meta-items meta-below\"><span class=\"meta-item post-author\"><a href=\"https:\/\/diarieducacio.cat\/espiral\/author\/xavisune\/\" title=\"Entrades de Xavi Su\u00f1\u00e9\" rel=\"author\">Xavi Su\u00f1\u00e9<\/a><\/span><\/div><\/div>\t\t\t\n\t\t\t\t\t\t\n\t\t\t\t<div class=\"excerpt limit-lines l-lines-2\">\n\t\t\t\t\t<p>Pot una ciutat sencera convertir-se en un llibre obert per aprendre hist\u00f2ria, cultura i valors? A Tarragona, la resposta \u00e9s s\u00ed. El projecte mEduTarraco ho ha demostrat al llarg de les set edicions, convertint-se en un referent d\u2019innovaci\u00f3 educativa, cooperaci\u00f3 docent i comprom\u00eds ciutad\u00e0. Una experi\u00e8ncia d\u2019aprenentatge viva mEduTarraco va&hellip;<\/p>\n\t\t\t\t<\/div>\n\t\t\t\n\t\t\t\n\t\t\t\n\t\t<\/div>\n\n\t\n<\/article>\t\t\n\t<\/div>\n\n\t\t\n\t\t\t<\/div>\n\n\t\t<\/section>\n\t\t\t\t\t\t<\/div>\n\t\t\t\t<\/div>\n\t\t\t\t<div class=\"elementor-element elementor-element-282353f elementor-widget elementor-widget-smartmag-codes\" data-id=\"282353f\" data-element_type=\"widget\" data-e-type=\"widget\" data-widget_type=\"smartmag-codes.default\">\n\t\t\t\t<div class=\"elementor-widget-container\">\n\t\t\t\t\t<div class=\"a-wrap\"> <\/div>\t\t\t\t<\/div>\n\t\t\t\t<\/div>\n\t\t\t\t<div class=\"elementor-element elementor-element-1e2c397 elementor-widget elementor-widget-smartmag-grid\" data-id=\"1e2c397\" data-element_type=\"widget\" data-e-type=\"widget\" data-widget_type=\"smartmag-grid.default\">\n\t\t\t\t<div class=\"elementor-widget-container\">\n\t\t\t\t\t\t\t<section class=\"block-wrap block-grid block-sc\" data-id=\"2\" data-block=\"{&quot;id&quot;:&quot;grid&quot;,&quot;props&quot;:{&quot;cat_labels&quot;:&quot;0&quot;,&quot;cat_labels_pos&quot;:&quot;bot-left&quot;,&quot;reviews&quot;:&quot;stars&quot;,&quot;post_formats_pos&quot;:&quot;center&quot;,&quot;load_more_style&quot;:&quot;a&quot;,&quot;meta_cat_style&quot;:&quot;text&quot;,&quot;media_style_shadow&quot;:0,&quot;meta_sponsor&quot;:1,&quot;meta_sponsor_logo&quot;:0,&quot;meta_sponsor_label&quot;:&quot;Sponsor: {sponsor}&quot;,&quot;meta_sponsor_above&quot;:[],&quot;meta_sponsor_below&quot;:[&quot;sponsor&quot;,&quot;date&quot;],&quot;media_ratio&quot;:&quot;&quot;,&quot;media_ratio_custom&quot;:&quot;&quot;,&quot;read_more&quot;:&quot;none&quot;,&quot;content_center&quot;:0,&quot;posts&quot;:12,&quot;container_width&quot;:66,&quot;offset&quot;:0,&quot;pagination&quot;:&quot;1&quot;,&quot;pagination_type&quot;:&quot;infinite&quot;,&quot;sort_order&quot;:&quot;desc&quot;,&quot;excerpts&quot;:&quot;&quot;,&quot;meta_items_default&quot;:false,&quot;meta_above&quot;:[&quot;cat&quot;],&quot;meta_below&quot;:[&quot;author&quot;],&quot;meta_sponsor_items_default&quot;:true,&quot;query_type&quot;:&quot;custom&quot;,&quot;sort_days&quot;:null,&quot;carousel_dots&quot;:null,&quot;is_sc_call&quot;:true}}\">\n\n\t\t\t\t\n\t\t\t<div class=\"block-content\">\n\t\t\t\t\t\n\t<div class=\"loop loop-grid loop-grid-base grid grid-2 md:grid-2 xs:grid-1\">\n\n\t\t\t\t\t\n<article class=\"l-post grid-post grid-base-post\">\n\n\t\n\t\t\t<div class=\"media\">\n\n\t\t\n\t\t\t<a href=\"https:\/\/diarieducacio.cat\/espiral\/2025\/12\/22\/medutarraco-quan-la-ciutat-esdeve-aula\/\" class=\"image-link media-ratio ratio-16-9\" title=\"mEduTarraco: quan la ciutat esdev\u00e9 aula\"><img decoding=\"async\" width=\"377\" height=\"212\" src=\"https:\/\/diarieducacio.cat\/espiral\/wp-content\/uploads\/sites\/30\/2025\/12\/medutarraco-FOTO1-450x473.png\" class=\"attachment-bunyad-medium size-bunyad-medium wp-post-image\" alt=\"mEduTarraco\" sizes=\"(max-width: 377px) 100vw, 377px\" title=\"mEduTarraco: quan la ciutat esdev\u00e9 aula\" srcset=\"https:\/\/diarieducacio.cat\/espiral\/wp-content\/uploads\/sites\/30\/2025\/12\/medutarraco-FOTO1-450x473.png 450w, https:\/\/diarieducacio.cat\/espiral\/wp-content\/uploads\/sites\/30\/2025\/12\/medutarraco-FOTO1-285x300.png 285w, https:\/\/diarieducacio.cat\/espiral\/wp-content\/uploads\/sites\/30\/2025\/12\/medutarraco-FOTO1.png 754w\" \/><\/a>\t\t\t\n\t\t\t\n\t\t\t\n\t\t\t\n\t\t\n\t\t<\/div>\n\t\n\n\t\n\t\t<div class=\"content\">\n\n\t\t\t<div class=\"post-meta post-meta-a has-below\"><h2 class=\"is-title post-title\"><a href=\"https:\/\/diarieducacio.cat\/espiral\/2025\/12\/22\/medutarraco-quan-la-ciutat-esdeve-aula\/\">mEduTarraco: quan la ciutat esdev\u00e9 aula<\/a><\/h2><div class=\"post-meta-items meta-below\"><span class=\"meta-item post-author\"><a href=\"https:\/\/diarieducacio.cat\/espiral\/author\/xavisune\/\" title=\"Entrades de Xavi Su\u00f1\u00e9\" rel=\"author\">Xavi Su\u00f1\u00e9<\/a><\/span><\/div><\/div>\t\t\t\n\t\t\t\n\t\t\t\n\t\t<\/div>\n\n\t\n<\/article>\t\t\t\t\t\n<article class=\"l-post grid-post grid-base-post\">\n\n\t\n\t\t\t<div class=\"media\">\n\n\t\t\n\t\t\t<a href=\"https:\/\/diarieducacio.cat\/espiral\/2025\/09\/29\/les-capses-daprenentatge-quan-laprenentatge-pren-forma-de-repte\/\" class=\"image-link media-ratio ratio-16-9\" title=\"Les capses d\u2019aprenentatge: quan l\u2019aprenentatge pren forma de repte\"><img decoding=\"async\" width=\"377\" height=\"212\" src=\"https:\/\/diarieducacio.cat\/espiral\/wp-content\/uploads\/sites\/30\/2025\/09\/CAPSA-01-450x276.png\" class=\"attachment-bunyad-medium size-bunyad-medium wp-post-image\" alt=\"\" sizes=\"(max-width: 377px) 100vw, 377px\" title=\"Les capses d\u2019aprenentatge: quan l\u2019aprenentatge pren forma de repte\" srcset=\"https:\/\/diarieducacio.cat\/espiral\/wp-content\/uploads\/sites\/30\/2025\/09\/CAPSA-01-450x276.png 450w, https:\/\/diarieducacio.cat\/espiral\/wp-content\/uploads\/sites\/30\/2025\/09\/CAPSA-01-300x184.png 300w, https:\/\/diarieducacio.cat\/espiral\/wp-content\/uploads\/sites\/30\/2025\/09\/CAPSA-01-768x471.png 768w, https:\/\/diarieducacio.cat\/espiral\/wp-content\/uploads\/sites\/30\/2025\/09\/CAPSA-01-150x92.png 150w, https:\/\/diarieducacio.cat\/espiral\/wp-content\/uploads\/sites\/30\/2025\/09\/CAPSA-01.png 878w\" \/><\/a>\t\t\t\n\t\t\t\n\t\t\t\n\t\t\t\n\t\t\n\t\t<\/div>\n\t\n\n\t\n\t\t<div class=\"content\">\n\n\t\t\t<div class=\"post-meta post-meta-a has-below\"><h2 class=\"is-title post-title\"><a href=\"https:\/\/diarieducacio.cat\/espiral\/2025\/09\/29\/les-capses-daprenentatge-quan-laprenentatge-pren-forma-de-repte\/\">Les capses d\u2019aprenentatge: quan l\u2019aprenentatge pren forma de repte<\/a><\/h2><div class=\"post-meta-items meta-below\"><span class=\"meta-item post-author\"><a href=\"https:\/\/diarieducacio.cat\/espiral\/author\/vazquezsabate\/\" title=\"Entrades de Azucena V\u00e1zquez y Nuria Sabat\u00e9\" rel=\"author\">Azucena V\u00e1zquez y Nuria Sabat\u00e9<\/a><\/span><\/div><\/div>\t\t\t\n\t\t\t\n\t\t\t\n\t\t<\/div>\n\n\t\n<\/article>\t\t\t\t\t\n<article class=\"l-post grid-post grid-base-post\">\n\n\t\n\t\t\t<div class=\"media\">\n\n\t\t\n\t\t\t<a href=\"https:\/\/diarieducacio.cat\/espiral\/2024\/12\/12\/la-gamificacio-educativa-transformant-laprenentatge-a-laula\/\" class=\"image-link media-ratio ratio-16-9\" title=\"La gamificaci\u00f3 educativa: Transformant l&#8217;aprenentatge a l&#8217;aula\"><img loading=\"lazy\" decoding=\"async\" width=\"377\" height=\"212\" src=\"https:\/\/diarieducacio.cat\/espiral\/wp-content\/uploads\/sites\/30\/2024\/12\/foto1-450x353.jpg\" class=\"attachment-bunyad-medium size-bunyad-medium wp-post-image\" alt=\"\" sizes=\"(max-width: 377px) 100vw, 377px\" title=\"La gamificaci\u00f3 educativa: Transformant l&#8217;aprenentatge a l&#8217;aula\" srcset=\"https:\/\/diarieducacio.cat\/espiral\/wp-content\/uploads\/sites\/30\/2024\/12\/foto1-450x353.jpg 450w, https:\/\/diarieducacio.cat\/espiral\/wp-content\/uploads\/sites\/30\/2024\/12\/foto1-300x236.jpg 300w, https:\/\/diarieducacio.cat\/espiral\/wp-content\/uploads\/sites\/30\/2024\/12\/foto1-768x603.jpg 768w, https:\/\/diarieducacio.cat\/espiral\/wp-content\/uploads\/sites\/30\/2024\/12\/foto1.jpg 1000w\" \/><\/a>\t\t\t\n\t\t\t\n\t\t\t\n\t\t\t\n\t\t\n\t\t<\/div>\n\t\n\n\t\n\t\t<div class=\"content\">\n\n\t\t\t<div class=\"post-meta post-meta-a has-below\"><h2 class=\"is-title post-title\"><a href=\"https:\/\/diarieducacio.cat\/espiral\/2024\/12\/12\/la-gamificacio-educativa-transformant-laprenentatge-a-laula\/\">La gamificaci\u00f3 educativa: Transformant l&#8217;aprenentatge a l&#8217;aula<\/a><\/h2><div class=\"post-meta-items meta-below\"><span class=\"meta-item post-author\"><a href=\"https:\/\/diarieducacio.cat\/espiral\/author\/eboada\/\" title=\"Entrades de Enric Boada\" rel=\"author\">Enric Boada<\/a><\/span><\/div><\/div>\t\t\t\n\t\t\t\n\t\t\t\n\t\t<\/div>\n\n\t\n<\/article>\t\t\t\t\t\n<article class=\"l-post grid-post grid-base-post\">\n\n\t\n\t\t\t<div class=\"media\">\n\n\t\t\n\t\t\t<a href=\"https:\/\/diarieducacio.cat\/espiral\/2024\/04\/19\/per-que-ensenyar-literatura-a-secundaria\/\" class=\"image-link media-ratio ratio-16-9\" title=\"Per qu\u00e8 ensenyar literatura a Secund\u00e0ria?\"><img loading=\"lazy\" decoding=\"async\" width=\"377\" height=\"212\" src=\"https:\/\/diarieducacio.cat\/espiral\/wp-content\/uploads\/sites\/30\/2024\/04\/Alumnos-preparandose-para-hacer-mindfulness-en-clase-de-Literatura-450x350.jpg\" class=\"attachment-bunyad-medium size-bunyad-medium wp-post-image\" alt=\"\" sizes=\"(max-width: 377px) 100vw, 377px\" title=\"Per qu\u00e8 ensenyar literatura a Secund\u00e0ria?\" srcset=\"https:\/\/diarieducacio.cat\/espiral\/wp-content\/uploads\/sites\/30\/2024\/04\/Alumnos-preparandose-para-hacer-mindfulness-en-clase-de-Literatura-450x350.jpg 450w, https:\/\/diarieducacio.cat\/espiral\/wp-content\/uploads\/sites\/30\/2024\/04\/Alumnos-preparandose-para-hacer-mindfulness-en-clase-de-Literatura-300x233.jpg 300w, https:\/\/diarieducacio.cat\/espiral\/wp-content\/uploads\/sites\/30\/2024\/04\/Alumnos-preparandose-para-hacer-mindfulness-en-clase-de-Literatura-768x597.jpg 768w, https:\/\/diarieducacio.cat\/espiral\/wp-content\/uploads\/sites\/30\/2024\/04\/Alumnos-preparandose-para-hacer-mindfulness-en-clase-de-Literatura.jpg 938w\" \/><\/a>\t\t\t\n\t\t\t\n\t\t\t\n\t\t\t\n\t\t\n\t\t<\/div>\n\t\n\n\t\n\t\t<div class=\"content\">\n\n\t\t\t<div class=\"post-meta post-meta-a has-below\"><h2 class=\"is-title post-title\"><a href=\"https:\/\/diarieducacio.cat\/espiral\/2024\/04\/19\/per-que-ensenyar-literatura-a-secundaria\/\">Per qu\u00e8 ensenyar literatura a Secund\u00e0ria?<\/a><\/h2><div class=\"post-meta-items meta-below\"><span class=\"meta-item post-author\"><a href=\"https:\/\/diarieducacio.cat\/espiral\/author\/mvperez\/\" title=\"Entrades de M\u00aa Victoria P\u00e9rez P\u00e9rez\" rel=\"author\">M\u00aa Victoria P\u00e9rez P\u00e9rez<\/a><\/span><\/div><\/div>\t\t\t\n\t\t\t\n\t\t\t\n\t\t<\/div>\n\n\t\n<\/article>\t\t\t\t\t\n<article class=\"l-post grid-post grid-base-post\">\n\n\t\n\t\t\t<div class=\"media\">\n\n\t\t\n\t\t\t<a href=\"https:\/\/diarieducacio.cat\/espiral\/2023\/11\/17\/es-possible-acostar-el-curriculum-a-la-teva-aula-a-traves-de-lart\/\" class=\"image-link media-ratio ratio-16-9\" title=\"\u00c9s possible acostar el curr\u00edculum a la teva aula a trav\u00e9s de l&#8217;art?\"><img loading=\"lazy\" decoding=\"async\" width=\"377\" height=\"212\" src=\"https:\/\/diarieducacio.cat\/espiral\/wp-content\/uploads\/sites\/30\/2023\/11\/Imagen-de-WhatsApp-2023-11-16-a-las-21.33.27_d09e81a2-450x338.jpg\" class=\"attachment-bunyad-medium size-bunyad-medium wp-post-image\" alt=\"\" sizes=\"(max-width: 377px) 100vw, 377px\" title=\"\u00c9s possible acostar el curr\u00edculum a la teva aula a trav\u00e9s de l&#8217;art?\" srcset=\"https:\/\/diarieducacio.cat\/espiral\/wp-content\/uploads\/sites\/30\/2023\/11\/Imagen-de-WhatsApp-2023-11-16-a-las-21.33.27_d09e81a2-450x338.jpg 450w, https:\/\/diarieducacio.cat\/espiral\/wp-content\/uploads\/sites\/30\/2023\/11\/Imagen-de-WhatsApp-2023-11-16-a-las-21.33.27_d09e81a2-300x225.jpg 300w, https:\/\/diarieducacio.cat\/espiral\/wp-content\/uploads\/sites\/30\/2023\/11\/Imagen-de-WhatsApp-2023-11-16-a-las-21.33.27_d09e81a2-768x576.jpg 768w, https:\/\/diarieducacio.cat\/espiral\/wp-content\/uploads\/sites\/30\/2023\/11\/Imagen-de-WhatsApp-2023-11-16-a-las-21.33.27_d09e81a2.jpg 1000w\" \/><\/a>\t\t\t\n\t\t\t\n\t\t\t\n\t\t\t\n\t\t\n\t\t<\/div>\n\t\n\n\t\n\t\t<div class=\"content\">\n\n\t\t\t<div class=\"post-meta post-meta-a has-below\"><h2 class=\"is-title post-title\"><a href=\"https:\/\/diarieducacio.cat\/espiral\/2023\/11\/17\/es-possible-acostar-el-curriculum-a-la-teva-aula-a-traves-de-lart\/\">\u00c9s possible acostar el curr\u00edculum a la teva aula a trav\u00e9s de l&#8217;art?<\/a><\/h2><div class=\"post-meta-items meta-below\"><span class=\"meta-item post-author\"><a href=\"https:\/\/diarieducacio.cat\/espiral\/author\/iperezprieto\/\" title=\"Entrades de Inmaculada P\u00e9rez Prieto\" rel=\"author\">Inmaculada P\u00e9rez Prieto<\/a><\/span><\/div><\/div>\t\t\t\n\t\t\t\n\t\t\t\n\t\t<\/div>\n\n\t\n<\/article>\t\t\t\t\t\n<article class=\"l-post grid-post grid-base-post\">\n\n\t\n\t\t\t<div class=\"media\">\n\n\t\t\n\t\t\t<a href=\"https:\/\/diarieducacio.cat\/espiral\/2023\/09\/20\/posa-una-aula-del-futur-a-la-teva-escola\/\" class=\"image-link media-ratio ratio-16-9\" title=\"Posa una Aula del Futur a la teva escola\"><img loading=\"lazy\" decoding=\"async\" width=\"377\" height=\"212\" src=\"https:\/\/diarieducacio.cat\/espiral\/wp-content\/uploads\/sites\/30\/2023\/09\/Aula-edl-futuro-colegio-San-Jose-Imagen-2-1-450x253.jpg\" class=\"attachment-bunyad-medium size-bunyad-medium wp-post-image\" alt=\"\" sizes=\"(max-width: 377px) 100vw, 377px\" title=\"Posa una Aula del Futur a la teva escola\" srcset=\"https:\/\/diarieducacio.cat\/espiral\/wp-content\/uploads\/sites\/30\/2023\/09\/Aula-edl-futuro-colegio-San-Jose-Imagen-2-1-450x253.jpg 450w, https:\/\/diarieducacio.cat\/espiral\/wp-content\/uploads\/sites\/30\/2023\/09\/Aula-edl-futuro-colegio-San-Jose-Imagen-2-1-300x169.jpg 300w, https:\/\/diarieducacio.cat\/espiral\/wp-content\/uploads\/sites\/30\/2023\/09\/Aula-edl-futuro-colegio-San-Jose-Imagen-2-1-768x432.jpg 768w, https:\/\/diarieducacio.cat\/espiral\/wp-content\/uploads\/sites\/30\/2023\/09\/Aula-edl-futuro-colegio-San-Jose-Imagen-2-1-150x84.jpg 150w, https:\/\/diarieducacio.cat\/espiral\/wp-content\/uploads\/sites\/30\/2023\/09\/Aula-edl-futuro-colegio-San-Jose-Imagen-2-1.jpg 1000w\" \/><\/a>\t\t\t\n\t\t\t\n\t\t\t\n\t\t\t\n\t\t\n\t\t<\/div>\n\t\n\n\t\n\t\t<div class=\"content\">\n\n\t\t\t<div class=\"post-meta post-meta-a has-below\"><h2 class=\"is-title post-title\"><a href=\"https:\/\/diarieducacio.cat\/espiral\/2023\/09\/20\/posa-una-aula-del-futur-a-la-teva-escola\/\">Posa una Aula del Futur a la teva escola<\/a><\/h2><div class=\"post-meta-items meta-below\"><span class=\"meta-item post-author\"><a href=\"https:\/\/diarieducacio.cat\/espiral\/author\/afernandezs\/\" title=\"Entrades de Alejandra Fern\u00e1ndez S\u00e1nchez\" rel=\"author\">Alejandra Fern\u00e1ndez S\u00e1nchez<\/a><\/span><\/div><\/div>\t\t\t\n\t\t\t\n\t\t\t\n\t\t<\/div>\n\n\t\n<\/article>\t\t\t\t\t\n<article class=\"l-post grid-post grid-base-post\">\n\n\t\n\t\t\t<div class=\"media\">\n\n\t\t\n\t\t\t<a href=\"https:\/\/diarieducacio.cat\/espiral\/2023\/06\/16\/una-visio-internacional-tecnologica-coeducativa-i-desafiadora-de-leducacio-fisica\/\" class=\"image-link media-ratio ratio-16-9\" title=\"Una visi\u00f3 internacional, tecnol\u00f2gica, coeducativa i desafiadora de l&#8217;Educaci\u00f3 F\u00edsica\"><img loading=\"lazy\" decoding=\"async\" width=\"377\" height=\"212\" src=\"https:\/\/diarieducacio.cat\/espiral\/wp-content\/uploads\/sites\/30\/2023\/06\/Foto-2_Vision-E_Fisica_Jesus-Alvaro-450x338.jpg\" class=\"attachment-bunyad-medium size-bunyad-medium wp-post-image\" alt=\"\" sizes=\"(max-width: 377px) 100vw, 377px\" title=\"Una visi\u00f3 internacional, tecnol\u00f2gica, coeducativa i desafiadora de l&#8217;Educaci\u00f3 F\u00edsica\" srcset=\"https:\/\/diarieducacio.cat\/espiral\/wp-content\/uploads\/sites\/30\/2023\/06\/Foto-2_Vision-E_Fisica_Jesus-Alvaro-450x338.jpg 450w, https:\/\/diarieducacio.cat\/espiral\/wp-content\/uploads\/sites\/30\/2023\/06\/Foto-2_Vision-E_Fisica_Jesus-Alvaro-300x225.jpg 300w, https:\/\/diarieducacio.cat\/espiral\/wp-content\/uploads\/sites\/30\/2023\/06\/Foto-2_Vision-E_Fisica_Jesus-Alvaro-768x576.jpg 768w, https:\/\/diarieducacio.cat\/espiral\/wp-content\/uploads\/sites\/30\/2023\/06\/Foto-2_Vision-E_Fisica_Jesus-Alvaro.jpg 1000w\" \/><\/a>\t\t\t\n\t\t\t\n\t\t\t\n\t\t\t\n\t\t\n\t\t<\/div>\n\t\n\n\t\n\t\t<div class=\"content\">\n\n\t\t\t<div class=\"post-meta post-meta-a has-below\"><h2 class=\"is-title post-title\"><a href=\"https:\/\/diarieducacio.cat\/espiral\/2023\/06\/16\/una-visio-internacional-tecnologica-coeducativa-i-desafiadora-de-leducacio-fisica\/\">Una visi\u00f3 internacional, tecnol\u00f2gica, coeducativa i desafiadora de l&#8217;Educaci\u00f3 F\u00edsica<\/a><\/h2><div class=\"post-meta-items meta-below\"><span class=\"meta-item post-author\"><a href=\"https:\/\/diarieducacio.cat\/espiral\/author\/jalvaro\/\" title=\"Entrades de Jes\u00fas \u00c1lvaro Rivilla\" rel=\"author\">Jes\u00fas \u00c1lvaro Rivilla<\/a><\/span><\/div><\/div>\t\t\t\n\t\t\t\n\t\t\t\n\t\t<\/div>\n\n\t\n<\/article>\t\t\t\t\t\n<article class=\"l-post grid-post grid-base-post\">\n\n\t\n\t\t\t<div class=\"media\">\n\n\t\t\n\t\t\t<a href=\"https:\/\/diarieducacio.cat\/espiral\/2023\/05\/24\/el-camino-de-piefcitos-per-una-educacio-saludable-i-sostenible\/\" class=\"image-link media-ratio ratio-16-9\" title=\"El Camino de Piefcitos: Per una educaci\u00f3 saludable i sostenible\"><img loading=\"lazy\" decoding=\"async\" width=\"377\" height=\"212\" src=\"https:\/\/diarieducacio.cat\/espiral\/wp-content\/uploads\/sites\/30\/2023\/05\/WhatsApp-Image-2023-04-11-at-23.12.50-1-450x319.jpeg\" class=\"attachment-bunyad-medium size-bunyad-medium wp-post-image\" alt=\"\" sizes=\"(max-width: 377px) 100vw, 377px\" title=\"El Camino de Piefcitos: Per una educaci\u00f3 saludable i sostenible\" srcset=\"https:\/\/diarieducacio.cat\/espiral\/wp-content\/uploads\/sites\/30\/2023\/05\/WhatsApp-Image-2023-04-11-at-23.12.50-1-450x319.jpeg 450w, https:\/\/diarieducacio.cat\/espiral\/wp-content\/uploads\/sites\/30\/2023\/05\/WhatsApp-Image-2023-04-11-at-23.12.50-1-300x213.jpeg 300w, https:\/\/diarieducacio.cat\/espiral\/wp-content\/uploads\/sites\/30\/2023\/05\/WhatsApp-Image-2023-04-11-at-23.12.50-1.jpeg 693w\" \/><\/a>\t\t\t\n\t\t\t\n\t\t\t\n\t\t\t\n\t\t\n\t\t<\/div>\n\t\n\n\t\n\t\t<div class=\"content\">\n\n\t\t\t<div class=\"post-meta post-meta-a has-below\"><h2 class=\"is-title post-title\"><a href=\"https:\/\/diarieducacio.cat\/espiral\/2023\/05\/24\/el-camino-de-piefcitos-per-una-educacio-saludable-i-sostenible\/\">El Camino de Piefcitos: Per una educaci\u00f3 saludable i sostenible<\/a><\/h2><div class=\"post-meta-items meta-below\"><span class=\"meta-item post-author\"><a href=\"https:\/\/diarieducacio.cat\/espiral\/author\/jmanzano\/\" title=\"Entrades de Jorge Manzano Lagunas\" rel=\"author\">Jorge Manzano Lagunas<\/a><\/span><\/div><\/div>\t\t\t\n\t\t\t\n\t\t\t\n\t\t<\/div>\n\n\t\n<\/article>\t\t\t\t\t\n<article class=\"l-post grid-post grid-base-post\">\n\n\t\n\t\t\t<div class=\"media\">\n\n\t\t\n\t\t\t<a href=\"https:\/\/diarieducacio.cat\/espiral\/2023\/04\/18\/una-girafa-a-laula-curiositat\/\" class=\"image-link media-ratio ratio-16-9\" title=\"Una girafa a l&#8217;aula: curiositat&#8230;\"><img loading=\"lazy\" decoding=\"async\" width=\"377\" height=\"212\" src=\"https:\/\/diarieducacio.cat\/espiral\/wp-content\/uploads\/sites\/30\/2023\/04\/WhatsApp-Image-2023-04-14-at-14.13.14-450x338.jpeg\" class=\"attachment-bunyad-medium size-bunyad-medium wp-post-image\" alt=\"\" sizes=\"(max-width: 377px) 100vw, 377px\" title=\"Una girafa a l&#8217;aula: curiositat&#8230;\" srcset=\"https:\/\/diarieducacio.cat\/espiral\/wp-content\/uploads\/sites\/30\/2023\/04\/WhatsApp-Image-2023-04-14-at-14.13.14-450x338.jpeg 450w, https:\/\/diarieducacio.cat\/espiral\/wp-content\/uploads\/sites\/30\/2023\/04\/WhatsApp-Image-2023-04-14-at-14.13.14-300x225.jpeg 300w, https:\/\/diarieducacio.cat\/espiral\/wp-content\/uploads\/sites\/30\/2023\/04\/WhatsApp-Image-2023-04-14-at-14.13.14-768x576.jpeg 768w, https:\/\/diarieducacio.cat\/espiral\/wp-content\/uploads\/sites\/30\/2023\/04\/WhatsApp-Image-2023-04-14-at-14.13.14.jpeg 960w\" \/><\/a>\t\t\t\n\t\t\t\n\t\t\t\n\t\t\t\n\t\t\n\t\t<\/div>\n\t\n\n\t\n\t\t<div class=\"content\">\n\n\t\t\t<div class=\"post-meta post-meta-a has-below\"><h2 class=\"is-title post-title\"><a href=\"https:\/\/diarieducacio.cat\/espiral\/2023\/04\/18\/una-girafa-a-laula-curiositat\/\">Una girafa a l&#8217;aula: curiositat&#8230;<\/a><\/h2><div class=\"post-meta-items meta-below\"><span class=\"meta-item post-author\"><a href=\"https:\/\/diarieducacio.cat\/espiral\/author\/ebeltran\/\" title=\"Entrades de Elisa Beltr\u00e1n Garc\u00eda\" rel=\"author\">Elisa Beltr\u00e1n Garc\u00eda<\/a><\/span><\/div><\/div>\t\t\t\n\t\t\t\n\t\t\t\n\t\t<\/div>\n\n\t\n<\/article>\t\t\t\t\t\n<article class=\"l-post grid-post grid-base-post\">\n\n\t\n\t\t\t<div class=\"media\">\n\n\t\t\n\t\t\t<a href=\"https:\/\/diarieducacio.cat\/espiral\/2023\/02\/23\/educacio-dadults-una-segona-oportunitat\/\" class=\"image-link media-ratio ratio-16-9\" title=\"Educaci\u00f3 d&#8217;adults: Una segona oportunitat\"><img loading=\"lazy\" decoding=\"async\" width=\"377\" height=\"212\" src=\"https:\/\/diarieducacio.cat\/espiral\/wp-content\/uploads\/sites\/30\/2023\/02\/WhatsApp-Image-2023-01-11-at-10.57.28-1-450x337.jpg\" class=\"attachment-bunyad-medium size-bunyad-medium wp-post-image\" alt=\"\" sizes=\"(max-width: 377px) 100vw, 377px\" title=\"Educaci\u00f3 d&#8217;adults: Una segona oportunitat\" srcset=\"https:\/\/diarieducacio.cat\/espiral\/wp-content\/uploads\/sites\/30\/2023\/02\/WhatsApp-Image-2023-01-11-at-10.57.28-1-450x337.jpg 450w, https:\/\/diarieducacio.cat\/espiral\/wp-content\/uploads\/sites\/30\/2023\/02\/WhatsApp-Image-2023-01-11-at-10.57.28-1-300x225.jpg 300w, https:\/\/diarieducacio.cat\/espiral\/wp-content\/uploads\/sites\/30\/2023\/02\/WhatsApp-Image-2023-01-11-at-10.57.28-1-1024x766.jpg 1024w, https:\/\/diarieducacio.cat\/espiral\/wp-content\/uploads\/sites\/30\/2023\/02\/WhatsApp-Image-2023-01-11-at-10.57.28-1-768x575.jpg 768w, https:\/\/diarieducacio.cat\/espiral\/wp-content\/uploads\/sites\/30\/2023\/02\/WhatsApp-Image-2023-01-11-at-10.57.28-1.jpg 1200w\" \/><\/a>\t\t\t\n\t\t\t\n\t\t\t\n\t\t\t\n\t\t\n\t\t<\/div>\n\t\n\n\t\n\t\t<div class=\"content\">\n\n\t\t\t<div class=\"post-meta post-meta-a has-below\"><h2 class=\"is-title post-title\"><a href=\"https:\/\/diarieducacio.cat\/espiral\/2023\/02\/23\/educacio-dadults-una-segona-oportunitat\/\">Educaci\u00f3 d&#8217;adults: Una segona oportunitat<\/a><\/h2><div class=\"post-meta-items meta-below\"><span class=\"meta-item post-author\"><a href=\"https:\/\/diarieducacio.cat\/espiral\/author\/ipizarro\/\" title=\"Entrades de Isabel Pizarro\" rel=\"author\">Isabel Pizarro<\/a><\/span><\/div><\/div>\t\t\t\n\t\t\t\n\t\t\t\n\t\t<\/div>\n\n\t\n<\/article>\t\t\t\t\t\n<article class=\"l-post grid-post grid-base-post\">\n\n\t\n\t\t\t<div class=\"media\">\n\n\t\t\n\t\t\t<a href=\"https:\/\/diarieducacio.cat\/espiral\/2022\/12\/14\/daneguets-lletjos-a-cignes-la-transformacio-del-sistema-educatiu\/\" class=\"image-link media-ratio ratio-16-9\" title=\"D\u2019aneguets lletjos a cignes, la transformaci\u00f3 del sistema educatiu\"><img loading=\"lazy\" decoding=\"async\" width=\"377\" height=\"212\" src=\"https:\/\/diarieducacio.cat\/espiral\/wp-content\/uploads\/sites\/30\/2022\/12\/ortega-450x300.jpg\" class=\"attachment-bunyad-medium size-bunyad-medium wp-post-image\" alt=\"\" sizes=\"(max-width: 377px) 100vw, 377px\" title=\"D\u2019aneguets lletjos a cignes, la transformaci\u00f3 del sistema educatiu\" srcset=\"https:\/\/diarieducacio.cat\/espiral\/wp-content\/uploads\/sites\/30\/2022\/12\/ortega-450x300.jpg 450w, https:\/\/diarieducacio.cat\/espiral\/wp-content\/uploads\/sites\/30\/2022\/12\/ortega-1024x682.jpg 1024w, https:\/\/diarieducacio.cat\/espiral\/wp-content\/uploads\/sites\/30\/2022\/12\/ortega-768x512.jpg 768w, https:\/\/diarieducacio.cat\/espiral\/wp-content\/uploads\/sites\/30\/2022\/12\/ortega-1536x1023.jpg 1536w, https:\/\/diarieducacio.cat\/espiral\/wp-content\/uploads\/sites\/30\/2022\/12\/ortega-1200x800.jpg 1200w, https:\/\/diarieducacio.cat\/espiral\/wp-content\/uploads\/sites\/30\/2022\/12\/ortega.jpg 1600w\" \/><\/a>\t\t\t\n\t\t\t\n\t\t\t\n\t\t\t\n\t\t\n\t\t<\/div>\n\t\n\n\t\n\t\t<div class=\"content\">\n\n\t\t\t<div class=\"post-meta post-meta-a has-below\"><h2 class=\"is-title post-title\"><a href=\"https:\/\/diarieducacio.cat\/espiral\/2022\/12\/14\/daneguets-lletjos-a-cignes-la-transformacio-del-sistema-educatiu\/\">D\u2019aneguets lletjos a cignes, la transformaci\u00f3 del sistema educatiu<\/a><\/h2><div class=\"post-meta-items meta-below\"><span class=\"meta-item post-author\"><a href=\"https:\/\/diarieducacio.cat\/espiral\/author\/ortega\/\" title=\"Entrades de Alberto Ortega C\u00e1mara\" rel=\"author\">Alberto Ortega C\u00e1mara<\/a><\/span><\/div><\/div>\t\t\t\n\t\t\t\n\t\t\t\n\t\t<\/div>\n\n\t\n<\/article>\t\t\t\t\t\n<article class=\"l-post grid-post grid-base-post\">\n\n\t\n\t\t\t<div class=\"media\">\n\n\t\t\n\t\t\t<a href=\"https:\/\/diarieducacio.cat\/espiral\/2022\/10\/19\/leducacio-en-centres-penitenciaris\/\" class=\"image-link media-ratio ratio-16-9\" title=\"L&#8217;educaci\u00f3 en centres penitenciaris\"><img loading=\"lazy\" decoding=\"async\" width=\"377\" height=\"212\" src=\"https:\/\/diarieducacio.cat\/espiral\/wp-content\/uploads\/sites\/30\/2022\/10\/preso-scaled-1-450x324.jpg\" class=\"attachment-bunyad-medium size-bunyad-medium wp-post-image\" alt=\"\" sizes=\"(max-width: 377px) 100vw, 377px\" title=\"L&#8217;educaci\u00f3 en centres penitenciaris\" srcset=\"https:\/\/diarieducacio.cat\/espiral\/wp-content\/uploads\/sites\/30\/2022\/10\/preso-scaled-1-450x324.jpg 450w, https:\/\/diarieducacio.cat\/espiral\/wp-content\/uploads\/sites\/30\/2022\/10\/preso-scaled-1-300x216.jpg 300w, https:\/\/diarieducacio.cat\/espiral\/wp-content\/uploads\/sites\/30\/2022\/10\/preso-scaled-1-1024x737.jpg 1024w, https:\/\/diarieducacio.cat\/espiral\/wp-content\/uploads\/sites\/30\/2022\/10\/preso-scaled-1-768x553.jpg 768w, https:\/\/diarieducacio.cat\/espiral\/wp-content\/uploads\/sites\/30\/2022\/10\/preso-scaled-1-1536x1106.jpg 1536w, https:\/\/diarieducacio.cat\/espiral\/wp-content\/uploads\/sites\/30\/2022\/10\/preso-scaled-1-2048x1474.jpg 2048w, https:\/\/diarieducacio.cat\/espiral\/wp-content\/uploads\/sites\/30\/2022\/10\/preso-scaled-1-1200x864.jpg 1200w\" \/><\/a>\t\t\t\n\t\t\t\n\t\t\t\n\t\t\t\n\t\t\n\t\t<\/div>\n\t\n\n\t\n\t\t<div class=\"content\">\n\n\t\t\t<div class=\"post-meta post-meta-a has-below\"><h2 class=\"is-title post-title\"><a href=\"https:\/\/diarieducacio.cat\/espiral\/2022\/10\/19\/leducacio-en-centres-penitenciaris\/\">L&#8217;educaci\u00f3 en centres penitenciaris<\/a><\/h2><div class=\"post-meta-items meta-below\"><span class=\"meta-item post-author\"><a href=\"https:\/\/diarieducacio.cat\/espiral\/author\/ehernandezmontano\/\" title=\"Entrades de Enrique Hern\u00e1ndez-Monta\u00f1o Mancebo\" rel=\"author\">Enrique Hern\u00e1ndez-Monta\u00f1o Mancebo<\/a><\/span><\/div><\/div>\t\t\t\n\t\t\t\n\t\t\t\n\t\t<\/div>\n\n\t\n<\/article>\t\t\n\t<\/div>\n\n\t\n\n\t\n\t\t\n\t<div class=\"main-pagination pagination-more\" data-type=\"infinite\">\n\t\t<a href=\"https:\/\/diarieducacio.cat\/espiral\/wp-json\/wp\/v2\/pages\/2\/page\/2\/\" class=\"ts-button load-button load-button-a ts-button-alt\" data-page=\"1\">\n\t\t\t\tLoad More \n\t\t\t\t<i class=\"icon tsi tsi-repeat\"><\/i>\n\t\t<\/a>\n\t<\/div>\t\n\t\n\t\n\n\t\n\t\t\t<\/div>\n\n\t\t<\/section>\n\t\t\t\t\t\t<\/div>\n\t\t\t\t<\/div>\n\t\t\t\t\t<\/div>\n\t\t<\/div>\n\t\t\t\t<div class=\"elementor-column elementor-col-33 elementor-top-column elementor-element elementor-element-33700b7\" data-id=\"33700b7\" data-element_type=\"column\" data-e-type=\"column\" data-settings=\"{&quot;background_background&quot;:&quot;classic&quot;,&quot;background_sd_background&quot;:&quot;classic&quot;}\">\n\t\t\t<div class=\"elementor-widget-wrap elementor-element-populated\">\n\t\t\t\t\t\t<div class=\"elementor-element elementor-element-63b9eef elementor-widget elementor-widget-heading\" data-id=\"63b9eef\" data-element_type=\"widget\" data-e-type=\"widget\" data-widget_type=\"heading.default\">\n\t\t\t\t<div class=\"elementor-widget-container\">\n\t\t\t\t\t<h2 class=\"elementor-heading-title elementor-size-default\">Sobre el blog<\/h2>\t\t\t\t<\/div>\n\t\t\t\t<\/div>\n\t\t\t\t<div class=\"elementor-element elementor-element-8ac5b9b elementor-widget elementor-widget-text-editor\" data-id=\"8ac5b9b\" data-element_type=\"widget\" data-e-type=\"widget\" data-widget_type=\"text-editor.default\">\n\t\t\t\t<div class=\"elementor-widget-container\">\n\t\t\t\t\t\t\t\t\t<p>L\u2019Associaci\u00f3\u00a0<a href=\"https:\/\/www.ciberespiral.org\/es\/que-es-espiral-3\/ventajas-de-asociarse\">Espiral<\/a>\u00a0\u00e9s un col\u00b7lectiu de persones apassionades per l\u2019educaci\u00f3, compost per diferents professionals, compromesos amb la transformaci\u00f3 educativa a trav\u00e9s de l\u2019\u00fas de la tecnologia i la generaci\u00f3 de processos d\u2019innovaci\u00f3. Aquest 2019 complim 30 anys d\u2019hist\u00f2ria i tenir un espai d\u2019expressi\u00f3 amb el prestigi del Diari de l\u2019Educaci\u00f3 ens sembla una forma excel\u00b7lent de celebrar-ho.<\/p><p>A Espiral estem compromesos amb la innovaci\u00f3 educativa, a la qual volem contribuir des de les nostres accions, per aix\u00f2 oferim formaci\u00f3, investigaci\u00f3, assessorament, acompanyament i espais de participaci\u00f3.<\/p><p>Som un punt de trobada i refer\u00e8ncia per a la comunitat educativa que actua com a agent motivador del canvi.<\/p><p><b>Projectes espiral<\/b><br \/>Com a persona associada a Espiral pots involucrar-te activament en els seg\u00fcents projectes oberts a la Comunitat Educativa:\u00a0<a href=\"https:\/\/ciberespiral.org\/\/es\/girls4change-3\">Projecte Technovation Girls<\/a>;\u00a0<a href=\"http:\/\/premioespiral.org\/\">Jornada Premi Espiral;<\/a>\u00a0<a href=\"https:\/\/www.ciberespiral.org\/es\/prensa-y-multimedia\/revista-digital-entera2-0\">Revista digital enTERA2.0<\/a>;\u00a0<a href=\"https:\/\/aumenta.me\/\">Aumenta.me EDU<\/a>;\u00a0<a href=\"https:\/\/aumenta.me\/inscripciones\/\">Jornada de Programaci\u00f3, Rob\u00f2tica i Impressi\u00f3 3D<\/a>;\u00a0<a href=\"https:\/\/www.ciberespiral.org\/es\/jornada-colaborar2019\">Jornada Col\u00b7laborar per ensenyar 2020<\/a>.\u00a0 A m\u00e9s, pots participar a\u00a0<a href=\"https:\/\/twitter.com\/edulunes5\">#Edulunes<\/a>, Twitter Xat mensual d\u2019Espiral i XataC5, Edukando, Podcast d\u2019Espiral en col\u00b7laboraci\u00f3 amb AVpodcast,\u00a0<a href=\"https:\/\/www.ciberespiral.org\/es\/blogs-2\/espiral-humor\">Espiral d\u2019Humor,<\/a>\u00a0mon\u00f2legs d\u2019humor anti bones pr\u00e0ctiques, per demostrar que tambi\u00e9n aprenem d\u2019aquelles experi\u00e8ncies educatives que no ens surten tan b\u00e9. Aix\u00ed com de les diferents accions\u00a0<a href=\"https:\/\/www.ciberespiral.org\/es\/blogs-2\/formacion-y-eventos\">formatives<\/a>, presencials o virtuals, que oferim a llarg de l\u2019any a diferents ciutats i des nostre Campus Espiral.<\/p><p><b>Uneix-te<\/b><br \/>Estem oberts a noves idees, a impulsar aquest projecte educatiu que tens en la teva ment i acollir i donar suport projectes ja existents que vulguin cr\u00e9ixer amb nosaltres.<\/p><p>El teu centre educatiu pot ser soci institucional, perqu\u00e8 tots els teus companys puguin gaudir dels avantatges d\u2019estar associat a Espiral.\u00a0<a href=\"mailto:secretaria.tecnica@ciberespiral.org\">Posa\u2019t en contacte amb nosaltres.<\/a><\/p><p>Segueix els nostres projectes en RRSS (Twitter, Facebook, Linkedin, Instagram, Youtube):\u00a0<a href=\"http:\/\/ciberespiral\/\">@ciberespiral<\/a>\u00a0i a la nostra p\u00e0gina web:\u00a0<a href=\"https:\/\/www.ciberespiral.org\/es\/\">https:\/\/www.ciberespiral.org\/es\/<\/a><\/p>\t\t\t\t\t\t\t\t<\/div>\n\t\t\t\t<\/div>\n\t\t\t\t<div class=\"elementor-element elementor-element-bbd5ca4 elementor-widget elementor-widget-shortcode\" data-id=\"bbd5ca4\" data-element_type=\"widget\" data-e-type=\"widget\" data-widget_type=\"shortcode.default\">\n\t\t\t\t<div class=\"elementor-widget-container\">\n\t\t\t\t\t\t\t<div class=\"elementor-shortcode\"><div id=\"diari-298488982\" class=\"diari-manual-placement diari-entity-placement\"><script async=\"async\" src=\"https:\/\/securepubads.g.doubleclick.net\/tag\/js\/gpt.js\"><\/script>\n<script> var googletag = googletag || {}; googletag.cmd = googletag.cmd || [];<\/script>\n<div id=\"gpt-ad-6779502582816-0\">\n  <script>\n\tgoogletag.cmd.push(function() {\n\t\t\t\tgoogletag.defineSlot( '\/50166482\/diarieducacio\/columna1', [[300,250],[300,600]], 'gpt-ad-6779502582816-0' )\n\t\t.addService(googletag.pubads());\n\t\t\t\twindow.advadsGamEmptySlotsTimers = window.advadsGamEmptySlotsTimers || {};\n\t\tconst timers                     = window.advadsGamEmptySlotsTimers;\n\n\t\ttimers['gpt-ad-6779502582816-0'] = setTimeout( function () {\n\t\t\tconst id = 'gpt-ad-6779502582816-0';\n\t\t\tdocument.dispatchEvent( new CustomEvent( 'aagam_empty_slot', {detail: id} ) );\n\t\t\tdelete ( timers[id] );\n\t\t}, 1000 );\n\n\t\tif ( typeof window.advadsGamHasEmptySlotListener === 'undefined' ) {\n\t\t\tgoogletag.pubads().addEventListener( 'slotRequested', function ( ev ) {\n\t\t\t\tconst id = ev.slot.getSlotElementId();\n\t\t\t\tif ( typeof timers[id] === 'undefined' ) {\n\t\t\t\t\treturn;\n\t\t\t\t}\n\t\t\t\tclearTimeout( timers[id] );\n\t\t\t\ttimers[id] = setTimeout( function () {\n\t\t\t\t\tdocument.dispatchEvent( new CustomEvent( 'aagam_empty_slot', {detail: id} ) );\n\t\t\t\t\tdelete ( timers[id] );\n\t\t\t\t}, 2500 );\n\t\t\t} );\n\t\t\tgoogletag.pubads().addEventListener( 'slotResponseReceived', function ( ev ) {\n\t\t\t\tconst id = ev.slot.getSlotElementId();\n\t\t\t\tif ( typeof timers[id] !== 'undefined' ) {\n\t\t\t\t\tclearTimeout( timers[id] );\n\t\t\t\t\tdelete ( timers[id] );\n\t\t\t\t}\n\t\t\t\tif ( ! ev.slot.getResponseInformation() ) {\n\t\t\t\t\tdocument.dispatchEvent( new CustomEvent( 'aagam_empty_slot', {detail: id} ) );\n\t\t\t\t}\n\t\t\t} );\n\t\t\twindow.advadsGamHasEmptySlotListener = true;\n\t\t}\n\n\t\tgoogletag.enableServices();\n\t\tgoogletag.display( 'gpt-ad-6779502582816-0' );\n\t} );\n  <\/script>\n<\/div>\n<\/div><\/div>\n\t\t\t\t\t\t<\/div>\n\t\t\t\t<\/div>\n\t\t\t\t<div class=\"elementor-element elementor-element-b9d5590 elementor-widget elementor-widget-shortcode\" data-id=\"b9d5590\" data-element_type=\"widget\" data-e-type=\"widget\" data-widget_type=\"shortcode.default\">\n\t\t\t\t<div class=\"elementor-widget-container\">\n\t\t\t\t\t\t\t<div class=\"elementor-shortcode\"><div id=\"diari-3255407368\" class=\"diari-manual-placement_2 diari-entity-placement\"><script async=\"async\" src=\"https:\/\/securepubads.g.doubleclick.net\/tag\/js\/gpt.js\"><\/script>\n<script> var googletag = googletag || {}; googletag.cmd = googletag.cmd || [];<\/script>\n<div id=\"gpt-ad-4164171540842-0\">\n  <script>\n\tgoogletag.cmd.push(function() {\n\t\t\t\tgoogletag.defineSlot( '\/50166482\/diarieducacio\/columna2', [[245,90],[300,250],[300,600]], 'gpt-ad-4164171540842-0' )\n\t\t.addService(googletag.pubads());\n\t\t\t\twindow.advadsGamEmptySlotsTimers = window.advadsGamEmptySlotsTimers || {};\n\t\tconst timers                     = window.advadsGamEmptySlotsTimers;\n\n\t\ttimers['gpt-ad-4164171540842-0'] = setTimeout( function () {\n\t\t\tconst id = 'gpt-ad-4164171540842-0';\n\t\t\tdocument.dispatchEvent( new CustomEvent( 'aagam_empty_slot', {detail: id} ) );\n\t\t\tdelete ( timers[id] );\n\t\t}, 1000 );\n\n\t\tif ( typeof window.advadsGamHasEmptySlotListener === 'undefined' ) {\n\t\t\tgoogletag.pubads().addEventListener( 'slotRequested', function ( ev ) {\n\t\t\t\tconst id = ev.slot.getSlotElementId();\n\t\t\t\tif ( typeof timers[id] === 'undefined' ) {\n\t\t\t\t\treturn;\n\t\t\t\t}\n\t\t\t\tclearTimeout( timers[id] );\n\t\t\t\ttimers[id] = setTimeout( function () {\n\t\t\t\t\tdocument.dispatchEvent( new CustomEvent( 'aagam_empty_slot', {detail: id} ) );\n\t\t\t\t\tdelete ( timers[id] );\n\t\t\t\t}, 2500 );\n\t\t\t} );\n\t\t\tgoogletag.pubads().addEventListener( 'slotResponseReceived', function ( ev ) {\n\t\t\t\tconst id = ev.slot.getSlotElementId();\n\t\t\t\tif ( typeof timers[id] !== 'undefined' ) {\n\t\t\t\t\tclearTimeout( timers[id] );\n\t\t\t\t\tdelete ( timers[id] );\n\t\t\t\t}\n\t\t\t\tif ( ! ev.slot.getResponseInformation() ) {\n\t\t\t\t\tdocument.dispatchEvent( new CustomEvent( 'aagam_empty_slot', {detail: id} ) );\n\t\t\t\t}\n\t\t\t} );\n\t\t\twindow.advadsGamHasEmptySlotListener = true;\n\t\t}\n\n\t\tgoogletag.enableServices();\n\t\tgoogletag.display( 'gpt-ad-4164171540842-0' );\n\t} );\n  <\/script>\n<\/div>\n<\/div><\/div>\n\t\t\t\t\t\t<\/div>\n\t\t\t\t<\/div>\n\t\t\t\t<div class=\"elementor-element elementor-element-f85afa9 elementor-widget elementor-widget-shortcode\" data-id=\"f85afa9\" data-element_type=\"widget\" data-e-type=\"widget\" data-widget_type=\"shortcode.default\">\n\t\t\t\t<div class=\"elementor-widget-container\">\n\t\t\t\t\t\t\t<div class=\"elementor-shortcode\"><div id=\"diari-486369856\" class=\"diari-manual-placement_3 diari-entity-placement\"><script async=\"async\" src=\"https:\/\/securepubads.g.doubleclick.net\/tag\/js\/gpt.js\"><\/script>\n<script> var googletag = googletag || {}; googletag.cmd = googletag.cmd || [];<\/script>\n<div id=\"gpt-ad-2444824756669-0\">\n  <script>\n\tgoogletag.cmd.push(function() {\n\t\t\t\tgoogletag.defineSlot( '\/50166482\/diarieducacio\/columna3', [[245,90],[300,250],[300,600]], 'gpt-ad-2444824756669-0' )\n\t\t.addService(googletag.pubads());\n\t\t\t\twindow.advadsGamEmptySlotsTimers = window.advadsGamEmptySlotsTimers || {};\n\t\tconst timers                     = window.advadsGamEmptySlotsTimers;\n\n\t\ttimers['gpt-ad-2444824756669-0'] = setTimeout( function () {\n\t\t\tconst id = 'gpt-ad-2444824756669-0';\n\t\t\tdocument.dispatchEvent( new CustomEvent( 'aagam_empty_slot', {detail: id} ) );\n\t\t\tdelete ( timers[id] );\n\t\t}, 1000 );\n\n\t\tif ( typeof window.advadsGamHasEmptySlotListener === 'undefined' ) {\n\t\t\tgoogletag.pubads().addEventListener( 'slotRequested', function ( ev ) {\n\t\t\t\tconst id = ev.slot.getSlotElementId();\n\t\t\t\tif ( typeof timers[id] === 'undefined' ) {\n\t\t\t\t\treturn;\n\t\t\t\t}\n\t\t\t\tclearTimeout( timers[id] );\n\t\t\t\ttimers[id] = setTimeout( function () {\n\t\t\t\t\tdocument.dispatchEvent( new CustomEvent( 'aagam_empty_slot', {detail: id} ) );\n\t\t\t\t\tdelete ( timers[id] );\n\t\t\t\t}, 2500 );\n\t\t\t} );\n\t\t\tgoogletag.pubads().addEventListener( 'slotResponseReceived', function ( ev ) {\n\t\t\t\tconst id = ev.slot.getSlotElementId();\n\t\t\t\tif ( typeof timers[id] !== 'undefined' ) {\n\t\t\t\t\tclearTimeout( timers[id] );\n\t\t\t\t\tdelete ( timers[id] );\n\t\t\t\t}\n\t\t\t\tif ( ! ev.slot.getResponseInformation() ) {\n\t\t\t\t\tdocument.dispatchEvent( new CustomEvent( 'aagam_empty_slot', {detail: id} ) );\n\t\t\t\t}\n\t\t\t} );\n\t\t\twindow.advadsGamHasEmptySlotListener = true;\n\t\t}\n\n\t\tgoogletag.enableServices();\n\t\tgoogletag.display( 'gpt-ad-2444824756669-0' );\n\t} );\n  <\/script>\n<\/div>\n<\/div><\/div>\n\t\t\t\t\t\t<\/div>\n\t\t\t\t<\/div>\n\t\t\t\t<div class=\"elementor-element elementor-element-da03dee elementor-widget elementor-widget-shortcode\" data-id=\"da03dee\" data-element_type=\"widget\" data-e-type=\"widget\" data-widget_type=\"shortcode.default\">\n\t\t\t\t<div class=\"elementor-widget-container\">\n\t\t\t\t\t\t\t<div class=\"elementor-shortcode\"><div id=\"diari-737764319\" class=\"diari-manual-placement_4 diari-entity-placement\"><script async=\"async\" src=\"https:\/\/securepubads.g.doubleclick.net\/tag\/js\/gpt.js\"><\/script>\n<script> var googletag = googletag || {}; googletag.cmd = googletag.cmd || [];<\/script>\n<div id=\"gpt-ad-1326311513006-0\">\n  <script>\n\tgoogletag.cmd.push(function() {\n\t\t\t\tgoogletag.defineSlot( '\/50166482\/diarieducacio\/columna4', [[245,90],[300,250],[300,600]], 'gpt-ad-1326311513006-0' )\n\t\t.addService(googletag.pubads());\n\t\t\t\twindow.advadsGamEmptySlotsTimers = window.advadsGamEmptySlotsTimers || {};\n\t\tconst timers                     = window.advadsGamEmptySlotsTimers;\n\n\t\ttimers['gpt-ad-1326311513006-0'] = setTimeout( function () {\n\t\t\tconst id = 'gpt-ad-1326311513006-0';\n\t\t\tdocument.dispatchEvent( new CustomEvent( 'aagam_empty_slot', {detail: id} ) );\n\t\t\tdelete ( timers[id] );\n\t\t}, 1000 );\n\n\t\tif ( typeof window.advadsGamHasEmptySlotListener === 'undefined' ) {\n\t\t\tgoogletag.pubads().addEventListener( 'slotRequested', function ( ev ) {\n\t\t\t\tconst id = ev.slot.getSlotElementId();\n\t\t\t\tif ( typeof timers[id] === 'undefined' ) {\n\t\t\t\t\treturn;\n\t\t\t\t}\n\t\t\t\tclearTimeout( timers[id] );\n\t\t\t\ttimers[id] = setTimeout( function () {\n\t\t\t\t\tdocument.dispatchEvent( new CustomEvent( 'aagam_empty_slot', {detail: id} ) );\n\t\t\t\t\tdelete ( timers[id] );\n\t\t\t\t}, 2500 );\n\t\t\t} );\n\t\t\tgoogletag.pubads().addEventListener( 'slotResponseReceived', function ( ev ) {\n\t\t\t\tconst id = ev.slot.getSlotElementId();\n\t\t\t\tif ( typeof timers[id] !== 'undefined' ) {\n\t\t\t\t\tclearTimeout( timers[id] );\n\t\t\t\t\tdelete ( timers[id] );\n\t\t\t\t}\n\t\t\t\tif ( ! ev.slot.getResponseInformation() ) {\n\t\t\t\t\tdocument.dispatchEvent( new CustomEvent( 'aagam_empty_slot', {detail: id} ) );\n\t\t\t\t}\n\t\t\t} );\n\t\t\twindow.advadsGamHasEmptySlotListener = true;\n\t\t}\n\n\t\tgoogletag.enableServices();\n\t\tgoogletag.display( 'gpt-ad-1326311513006-0' );\n\t} );\n  <\/script>\n<\/div>\n<\/div><\/div>\n\t\t\t\t\t\t<\/div>\n\t\t\t\t<\/div>\n\t\t\t\t<div class=\"elementor-element elementor-element-f2af31b elementor-widget elementor-widget-shortcode\" data-id=\"f2af31b\" data-element_type=\"widget\" data-e-type=\"widget\" data-widget_type=\"shortcode.default\">\n\t\t\t\t<div class=\"elementor-widget-container\">\n\t\t\t\t\t\t\t<div class=\"elementor-shortcode\"><div id=\"diari-1527213291\" class=\"diari-manual-placement_5 diari-entity-placement\"><script async=\"async\" src=\"https:\/\/securepubads.g.doubleclick.net\/tag\/js\/gpt.js\"><\/script>\n<script> var googletag = googletag || {}; googletag.cmd = googletag.cmd || [];<\/script>\n<div id=\"gpt-ad-7255324797459-0\">\n  <script>\n\tgoogletag.cmd.push(function() {\n\t\t\t\tgoogletag.defineSlot( '\/50166482\/diarieducacio\/columna5', [[245,90],[300,250],[300,600]], 'gpt-ad-7255324797459-0' )\n\t\t.addService(googletag.pubads());\n\t\t\t\twindow.advadsGamEmptySlotsTimers = window.advadsGamEmptySlotsTimers || {};\n\t\tconst timers                     = window.advadsGamEmptySlotsTimers;\n\n\t\ttimers['gpt-ad-7255324797459-0'] = setTimeout( function () {\n\t\t\tconst id = 'gpt-ad-7255324797459-0';\n\t\t\tdocument.dispatchEvent( new CustomEvent( 'aagam_empty_slot', {detail: id} ) );\n\t\t\tdelete ( timers[id] );\n\t\t}, 1000 );\n\n\t\tif ( typeof window.advadsGamHasEmptySlotListener === 'undefined' ) {\n\t\t\tgoogletag.pubads().addEventListener( 'slotRequested', function ( ev ) {\n\t\t\t\tconst id = ev.slot.getSlotElementId();\n\t\t\t\tif ( typeof timers[id] === 'undefined' ) {\n\t\t\t\t\treturn;\n\t\t\t\t}\n\t\t\t\tclearTimeout( timers[id] );\n\t\t\t\ttimers[id] = setTimeout( function () {\n\t\t\t\t\tdocument.dispatchEvent( new CustomEvent( 'aagam_empty_slot', {detail: id} ) );\n\t\t\t\t\tdelete ( timers[id] );\n\t\t\t\t}, 2500 );\n\t\t\t} );\n\t\t\tgoogletag.pubads().addEventListener( 'slotResponseReceived', function ( ev ) {\n\t\t\t\tconst id = ev.slot.getSlotElementId();\n\t\t\t\tif ( typeof timers[id] !== 'undefined' ) {\n\t\t\t\t\tclearTimeout( timers[id] );\n\t\t\t\t\tdelete ( timers[id] );\n\t\t\t\t}\n\t\t\t\tif ( ! ev.slot.getResponseInformation() ) {\n\t\t\t\t\tdocument.dispatchEvent( new CustomEvent( 'aagam_empty_slot', {detail: id} ) );\n\t\t\t\t}\n\t\t\t} );\n\t\t\twindow.advadsGamHasEmptySlotListener = true;\n\t\t}\n\n\t\tgoogletag.enableServices();\n\t\tgoogletag.display( 'gpt-ad-7255324797459-0' );\n\t} );\n  <\/script>\n<\/div>\n<\/div><\/div>\n\t\t\t\t\t\t<\/div>\n\t\t\t\t<\/div>\n\t\t\t\t<div class=\"elementor-element elementor-element-e6014f3 elementor-widget elementor-widget-shortcode\" data-id=\"e6014f3\" data-element_type=\"widget\" data-e-type=\"widget\" data-widget_type=\"shortcode.default\">\n\t\t\t\t<div class=\"elementor-widget-container\">\n\t\t\t\t\t\t\t<div class=\"elementor-shortcode\"><div id=\"diari-549733762\" class=\"diari-manual-placement_6 diari-entity-placement\"><script async=\"async\" src=\"https:\/\/securepubads.g.doubleclick.net\/tag\/js\/gpt.js\"><\/script>\n<script> var googletag = googletag || {}; googletag.cmd = googletag.cmd || [];<\/script>\n<div id=\"gpt-ad-2776322121776-0\">\n  <script>\n\tgoogletag.cmd.push(function() {\n\t\t\t\tgoogletag.defineSlot( '\/50166482\/diarieducacio\/columna6', [[300,250],[300,600]], 'gpt-ad-2776322121776-0' )\n\t\t.addService(googletag.pubads());\n\t\t\t\twindow.advadsGamEmptySlotsTimers = window.advadsGamEmptySlotsTimers || {};\n\t\tconst timers                     = window.advadsGamEmptySlotsTimers;\n\n\t\ttimers['gpt-ad-2776322121776-0'] = setTimeout( function () {\n\t\t\tconst id = 'gpt-ad-2776322121776-0';\n\t\t\tdocument.dispatchEvent( new CustomEvent( 'aagam_empty_slot', {detail: id} ) );\n\t\t\tdelete ( timers[id] );\n\t\t}, 1000 );\n\n\t\tif ( typeof window.advadsGamHasEmptySlotListener === 'undefined' ) {\n\t\t\tgoogletag.pubads().addEventListener( 'slotRequested', function ( ev ) {\n\t\t\t\tconst id = ev.slot.getSlotElementId();\n\t\t\t\tif ( typeof timers[id] === 'undefined' ) {\n\t\t\t\t\treturn;\n\t\t\t\t}\n\t\t\t\tclearTimeout( timers[id] );\n\t\t\t\ttimers[id] = setTimeout( function () {\n\t\t\t\t\tdocument.dispatchEvent( new CustomEvent( 'aagam_empty_slot', {detail: id} ) );\n\t\t\t\t\tdelete ( timers[id] );\n\t\t\t\t}, 2500 );\n\t\t\t} );\n\t\t\tgoogletag.pubads().addEventListener( 'slotResponseReceived', function ( ev ) {\n\t\t\t\tconst id = ev.slot.getSlotElementId();\n\t\t\t\tif ( typeof timers[id] !== 'undefined' ) {\n\t\t\t\t\tclearTimeout( timers[id] );\n\t\t\t\t\tdelete ( timers[id] );\n\t\t\t\t}\n\t\t\t\tif ( ! ev.slot.getResponseInformation() ) {\n\t\t\t\t\tdocument.dispatchEvent( new CustomEvent( 'aagam_empty_slot', {detail: id} ) );\n\t\t\t\t}\n\t\t\t} );\n\t\t\twindow.advadsGamHasEmptySlotListener = true;\n\t\t}\n\n\t\tgoogletag.enableServices();\n\t\tgoogletag.display( 'gpt-ad-2776322121776-0' );\n\t} );\n  <\/script>\n<\/div>\n<\/div><\/div>\n\t\t\t\t\t\t<\/div>\n\t\t\t\t<\/div>\n\t\t\t\t<div class=\"elementor-element elementor-element-e637690 elementor-widget elementor-widget-shortcode\" data-id=\"e637690\" data-element_type=\"widget\" data-e-type=\"widget\" data-widget_type=\"shortcode.default\">\n\t\t\t\t<div class=\"elementor-widget-container\">\n\t\t\t\t\t\t\t<div class=\"elementor-shortcode\"><div id=\"diari-404229450\" class=\"diari-manual-placement_7 diari-entity-placement\"><script async=\"async\" src=\"https:\/\/securepubads.g.doubleclick.net\/tag\/js\/gpt.js\"><\/script>\n<script> var googletag = googletag || {}; googletag.cmd = googletag.cmd || [];<\/script>\n<div id=\"gpt-ad-8509044445697-0\">\n  <script>\n\tgoogletag.cmd.push(function() {\n\t\t\t\tgoogletag.defineSlot( '\/50166482\/diarieducacio\/columna7', [[300,250],[300,600]], 'gpt-ad-8509044445697-0' )\n\t\t.addService(googletag.pubads());\n\t\t\t\twindow.advadsGamEmptySlotsTimers = window.advadsGamEmptySlotsTimers || {};\n\t\tconst timers                     = window.advadsGamEmptySlotsTimers;\n\n\t\ttimers['gpt-ad-8509044445697-0'] = setTimeout( function () {\n\t\t\tconst id = 'gpt-ad-8509044445697-0';\n\t\t\tdocument.dispatchEvent( new CustomEvent( 'aagam_empty_slot', {detail: id} ) );\n\t\t\tdelete ( timers[id] );\n\t\t}, 1000 );\n\n\t\tif ( typeof window.advadsGamHasEmptySlotListener === 'undefined' ) {\n\t\t\tgoogletag.pubads().addEventListener( 'slotRequested', function ( ev ) {\n\t\t\t\tconst id = ev.slot.getSlotElementId();\n\t\t\t\tif ( typeof timers[id] === 'undefined' ) {\n\t\t\t\t\treturn;\n\t\t\t\t}\n\t\t\t\tclearTimeout( timers[id] );\n\t\t\t\ttimers[id] = setTimeout( function () {\n\t\t\t\t\tdocument.dispatchEvent( new CustomEvent( 'aagam_empty_slot', {detail: id} ) );\n\t\t\t\t\tdelete ( timers[id] );\n\t\t\t\t}, 2500 );\n\t\t\t} );\n\t\t\tgoogletag.pubads().addEventListener( 'slotResponseReceived', function ( ev ) {\n\t\t\t\tconst id = ev.slot.getSlotElementId();\n\t\t\t\tif ( typeof timers[id] !== 'undefined' ) {\n\t\t\t\t\tclearTimeout( timers[id] );\n\t\t\t\t\tdelete ( timers[id] );\n\t\t\t\t}\n\t\t\t\tif ( ! ev.slot.getResponseInformation() ) {\n\t\t\t\t\tdocument.dispatchEvent( new CustomEvent( 'aagam_empty_slot', {detail: id} ) );\n\t\t\t\t}\n\t\t\t} );\n\t\t\twindow.advadsGamHasEmptySlotListener = true;\n\t\t}\n\n\t\tgoogletag.enableServices();\n\t\tgoogletag.display( 'gpt-ad-8509044445697-0' );\n\t} );\n  <\/script>\n<\/div>\n<\/div><\/div>\n\t\t\t\t\t\t<\/div>\n\t\t\t\t<\/div>\n\t\t\t\t<div class=\"elementor-element elementor-element-3382214 elementor-widget elementor-widget-shortcode\" data-id=\"3382214\" data-element_type=\"widget\" data-e-type=\"widget\" data-widget_type=\"shortcode.default\">\n\t\t\t\t<div class=\"elementor-widget-container\">\n\t\t\t\t\t\t\t<div class=\"elementor-shortcode\"><div id=\"diari-111887974\" class=\"diari-manual-placement_8 diari-entity-placement\"><script async=\"async\" src=\"https:\/\/securepubads.g.doubleclick.net\/tag\/js\/gpt.js\"><\/script>\n<script> var googletag = googletag || {}; googletag.cmd = googletag.cmd || [];<\/script>\n<div id=\"gpt-ad-5828074473793-0\">\n  <script>\n\tgoogletag.cmd.push(function() {\n\t\t\t\tgoogletag.defineSlot( '\/50166482\/diarieducacio\/columna8', [[300,250],[300,600]], 'gpt-ad-5828074473793-0' )\n\t\t.addService(googletag.pubads());\n\t\t\t\twindow.advadsGamEmptySlotsTimers = window.advadsGamEmptySlotsTimers || {};\n\t\tconst timers                     = window.advadsGamEmptySlotsTimers;\n\n\t\ttimers['gpt-ad-5828074473793-0'] = setTimeout( function () {\n\t\t\tconst id = 'gpt-ad-5828074473793-0';\n\t\t\tdocument.dispatchEvent( new CustomEvent( 'aagam_empty_slot', {detail: id} ) );\n\t\t\tdelete ( timers[id] );\n\t\t}, 1000 );\n\n\t\tif ( typeof window.advadsGamHasEmptySlotListener === 'undefined' ) {\n\t\t\tgoogletag.pubads().addEventListener( 'slotRequested', function ( ev ) {\n\t\t\t\tconst id = ev.slot.getSlotElementId();\n\t\t\t\tif ( typeof timers[id] === 'undefined' ) {\n\t\t\t\t\treturn;\n\t\t\t\t}\n\t\t\t\tclearTimeout( timers[id] );\n\t\t\t\ttimers[id] = setTimeout( function () {\n\t\t\t\t\tdocument.dispatchEvent( new CustomEvent( 'aagam_empty_slot', {detail: id} ) );\n\t\t\t\t\tdelete ( timers[id] );\n\t\t\t\t}, 2500 );\n\t\t\t} );\n\t\t\tgoogletag.pubads().addEventListener( 'slotResponseReceived', function ( ev ) {\n\t\t\t\tconst id = ev.slot.getSlotElementId();\n\t\t\t\tif ( typeof timers[id] !== 'undefined' ) {\n\t\t\t\t\tclearTimeout( timers[id] );\n\t\t\t\t\tdelete ( timers[id] );\n\t\t\t\t}\n\t\t\t\tif ( ! ev.slot.getResponseInformation() ) {\n\t\t\t\t\tdocument.dispatchEvent( new CustomEvent( 'aagam_empty_slot', {detail: id} ) );\n\t\t\t\t}\n\t\t\t} );\n\t\t\twindow.advadsGamHasEmptySlotListener = true;\n\t\t}\n\n\t\tgoogletag.enableServices();\n\t\tgoogletag.display( 'gpt-ad-5828074473793-0' );\n\t} );\n  <\/script>\n<\/div>\n<\/div><\/div>\n\t\t\t\t\t\t<\/div>\n\t\t\t\t<\/div>\n\t\t\t\t\t<\/div>\n\t\t<\/div>\n\t\t\t\t\t<\/div>\n\t\t<\/section>\n\t\t\t\t<\/div>\n\t\t","protected":false},"excerpt":{"rendered":"<p>ESPIRAL \u00b7 Un blog de El Diari de l&#8217;Educaci\u00f3 La gamificaci\u00f3 educativa: Transformant l&#8217;aprenentatge a l&#8217;aula Enric Boada En els darrers anys, la gamificaci\u00f3 ha emergit com una de les estrat\u00e8gies m\u00e9s transformadores en l&#8217;\u00e0mbit educatiu. Inspirada en les mec\u00e0niques dels jocs, aquesta metodologia busca convertir el proc\u00e9s d&#8217;aprenentatge en una experi\u00e8ncia din\u00e0mica, interactiva i<\/p>\n","protected":false},"author":1,"featured_media":0,"parent":0,"menu_order":0,"comment_status":"closed","ping_status":"closed","template":"page-templates\/no-wrapper.php","meta":{"footnotes":""},"class_list":["post-2","page","type-page","status-publish"],"yoast_head":"<!-- This site is optimized with the Yoast SEO plugin v27.5 - https:\/\/yoast.com\/product\/yoast-seo-wordpress\/ -->\n<title>INICI - Espiral, educaci\u00f3n y tecnolog\u00eda<\/title>\n<meta name=\"robots\" content=\"index, follow, max-snippet:-1, max-image-preview:large, max-video-preview:-1\" \/>\n<link rel=\"canonical\" href=\"https:\/\/diarieducacio.cat\/espiral\/\" \/>\n<meta property=\"og:locale\" content=\"ca_ES\" \/>\n<meta property=\"og:type\" content=\"article\" \/>\n<meta property=\"og:title\" content=\"INICI - Espiral, educaci\u00f3n y tecnolog\u00eda\" \/>\n<meta property=\"og:description\" content=\"ESPIRAL \u00b7 Un blog de El Diari de l&#8217;Educaci\u00f3 La gamificaci\u00f3 educativa: Transformant l&#8217;aprenentatge a l&#8217;aula Enric Boada En els darrers anys, la gamificaci\u00f3 ha emergit com una de les estrat\u00e8gies m\u00e9s transformadores en l&#8217;\u00e0mbit educatiu. Inspirada en les mec\u00e0niques dels jocs, aquesta metodologia busca convertir el proc\u00e9s d&#8217;aprenentatge en una experi\u00e8ncia din\u00e0mica, interactiva i\" \/>\n<meta property=\"og:url\" content=\"https:\/\/diarieducacio.cat\/espiral\/\" \/>\n<meta property=\"og:site_name\" content=\"Espiral, educaci\u00f3n y tecnolog\u00eda\" \/>\n<meta property=\"article:publisher\" content=\"https:\/\/www.facebook.com\/diarieducacio\/\" \/>\n<meta property=\"article:modified_time\" content=\"2025-02-11T11:07:41+00:00\" \/>\n<meta property=\"og:image\" content=\"https:\/\/diarieducacio.cat\/espiral\/wp-content\/uploads\/sites\/30\/2024\/12\/foto1.jpg\" \/>\n<meta name=\"twitter:card\" content=\"summary_large_image\" \/>\n<meta name=\"twitter:site\" content=\"@DiariEducacio\" \/>\n<meta name=\"twitter:label1\" content=\"Temps estimat de lectura\" \/>\n\t<meta name=\"twitter:data1\" content=\"6 minuts\" \/>\n<script type=\"application\/ld+json\" class=\"yoast-schema-graph\">{\"@context\":\"https:\\\/\\\/schema.org\",\"@graph\":[{\"@type\":\"WebPage\",\"@id\":\"https:\\\/\\\/diarieducacio.cat\\\/espiral\\\/\",\"url\":\"https:\\\/\\\/diarieducacio.cat\\\/espiral\\\/\",\"name\":\"INICI - Espiral, educaci\u00f3n y tecnolog\u00eda\",\"isPartOf\":{\"@id\":\"https:\\\/\\\/diarieducacio.cat\\\/espiral\\\/#website\"},\"primaryImageOfPage\":{\"@id\":\"https:\\\/\\\/diarieducacio.cat\\\/espiral\\\/#primaryimage\"},\"image\":{\"@id\":\"https:\\\/\\\/diarieducacio.cat\\\/espiral\\\/#primaryimage\"},\"thumbnailUrl\":\"https:\\\/\\\/diarieducacio.cat\\\/espiral\\\/wp-content\\\/uploads\\\/sites\\\/30\\\/2024\\\/12\\\/foto1.jpg\",\"datePublished\":\"2024-01-31T10:04:21+00:00\",\"dateModified\":\"2025-02-11T11:07:41+00:00\",\"breadcrumb\":{\"@id\":\"https:\\\/\\\/diarieducacio.cat\\\/espiral\\\/#breadcrumb\"},\"inLanguage\":\"ca\",\"potentialAction\":[{\"@type\":\"ReadAction\",\"target\":[\"https:\\\/\\\/diarieducacio.cat\\\/espiral\\\/\"]}]},{\"@type\":\"ImageObject\",\"inLanguage\":\"ca\",\"@id\":\"https:\\\/\\\/diarieducacio.cat\\\/espiral\\\/#primaryimage\",\"url\":\"https:\\\/\\\/diarieducacio.cat\\\/espiral\\\/wp-content\\\/uploads\\\/sites\\\/30\\\/2024\\\/12\\\/foto1.jpg\",\"contentUrl\":\"https:\\\/\\\/diarieducacio.cat\\\/espiral\\\/wp-content\\\/uploads\\\/sites\\\/30\\\/2024\\\/12\\\/foto1.jpg\",\"width\":1000,\"height\":785},{\"@type\":\"BreadcrumbList\",\"@id\":\"https:\\\/\\\/diarieducacio.cat\\\/espiral\\\/#breadcrumb\",\"itemListElement\":[{\"@type\":\"ListItem\",\"position\":1,\"name\":\"Inici\",\"item\":\"https:\\\/\\\/diarieducacio.cat\\\/espiral\\\/\"},{\"@type\":\"ListItem\",\"position\":2,\"name\":\"INICI\"}]},{\"@type\":\"WebSite\",\"@id\":\"https:\\\/\\\/diarieducacio.cat\\\/espiral\\\/#website\",\"url\":\"https:\\\/\\\/diarieducacio.cat\\\/espiral\\\/\",\"name\":\"Espiral, educaci\u00f3n y tecnolog\u00eda\",\"description\":\"Un blog de El Diari de l&#039;Educaci\u00f3\",\"potentialAction\":[{\"@type\":\"SearchAction\",\"target\":{\"@type\":\"EntryPoint\",\"urlTemplate\":\"https:\\\/\\\/diarieducacio.cat\\\/espiral\\\/?s={search_term_string}\"},\"query-input\":{\"@type\":\"PropertyValueSpecification\",\"valueRequired\":true,\"valueName\":\"search_term_string\"}}],\"inLanguage\":\"ca\"}]}<\/script>\n<!-- \/ Yoast SEO plugin. -->","yoast_head_json":{"title":"INICI - Espiral, educaci\u00f3n y tecnolog\u00eda","robots":{"index":"index","follow":"follow","max-snippet":"max-snippet:-1","max-image-preview":"max-image-preview:large","max-video-preview":"max-video-preview:-1"},"canonical":"https:\/\/diarieducacio.cat\/espiral\/","og_locale":"ca_ES","og_type":"article","og_title":"INICI - Espiral, educaci\u00f3n y tecnolog\u00eda","og_description":"ESPIRAL \u00b7 Un blog de El Diari de l&#8217;Educaci\u00f3 La gamificaci\u00f3 educativa: Transformant l&#8217;aprenentatge a l&#8217;aula Enric Boada En els darrers anys, la gamificaci\u00f3 ha emergit com una de les estrat\u00e8gies m\u00e9s transformadores en l&#8217;\u00e0mbit educatiu. Inspirada en les mec\u00e0niques dels jocs, aquesta metodologia busca convertir el proc\u00e9s d&#8217;aprenentatge en una experi\u00e8ncia din\u00e0mica, interactiva i","og_url":"https:\/\/diarieducacio.cat\/espiral\/","og_site_name":"Espiral, educaci\u00f3n y tecnolog\u00eda","article_publisher":"https:\/\/www.facebook.com\/diarieducacio\/","article_modified_time":"2025-02-11T11:07:41+00:00","og_image":[{"url":"https:\/\/diarieducacio.cat\/espiral\/wp-content\/uploads\/sites\/30\/2024\/12\/foto1.jpg","type":"","width":"","height":""}],"twitter_card":"summary_large_image","twitter_site":"@DiariEducacio","twitter_misc":{"Temps estimat de lectura":"6 minuts"},"schema":{"@context":"https:\/\/schema.org","@graph":[{"@type":"WebPage","@id":"https:\/\/diarieducacio.cat\/espiral\/","url":"https:\/\/diarieducacio.cat\/espiral\/","name":"INICI - Espiral, educaci\u00f3n y tecnolog\u00eda","isPartOf":{"@id":"https:\/\/diarieducacio.cat\/espiral\/#website"},"primaryImageOfPage":{"@id":"https:\/\/diarieducacio.cat\/espiral\/#primaryimage"},"image":{"@id":"https:\/\/diarieducacio.cat\/espiral\/#primaryimage"},"thumbnailUrl":"https:\/\/diarieducacio.cat\/espiral\/wp-content\/uploads\/sites\/30\/2024\/12\/foto1.jpg","datePublished":"2024-01-31T10:04:21+00:00","dateModified":"2025-02-11T11:07:41+00:00","breadcrumb":{"@id":"https:\/\/diarieducacio.cat\/espiral\/#breadcrumb"},"inLanguage":"ca","potentialAction":[{"@type":"ReadAction","target":["https:\/\/diarieducacio.cat\/espiral\/"]}]},{"@type":"ImageObject","inLanguage":"ca","@id":"https:\/\/diarieducacio.cat\/espiral\/#primaryimage","url":"https:\/\/diarieducacio.cat\/espiral\/wp-content\/uploads\/sites\/30\/2024\/12\/foto1.jpg","contentUrl":"https:\/\/diarieducacio.cat\/espiral\/wp-content\/uploads\/sites\/30\/2024\/12\/foto1.jpg","width":1000,"height":785},{"@type":"BreadcrumbList","@id":"https:\/\/diarieducacio.cat\/espiral\/#breadcrumb","itemListElement":[{"@type":"ListItem","position":1,"name":"Inici","item":"https:\/\/diarieducacio.cat\/espiral\/"},{"@type":"ListItem","position":2,"name":"INICI"}]},{"@type":"WebSite","@id":"https:\/\/diarieducacio.cat\/espiral\/#website","url":"https:\/\/diarieducacio.cat\/espiral\/","name":"Espiral, educaci\u00f3n y tecnolog\u00eda","description":"Un blog de El Diari de l&#039;Educaci\u00f3","potentialAction":[{"@type":"SearchAction","target":{"@type":"EntryPoint","urlTemplate":"https:\/\/diarieducacio.cat\/espiral\/?s={search_term_string}"},"query-input":{"@type":"PropertyValueSpecification","valueRequired":true,"valueName":"search_term_string"}}],"inLanguage":"ca"}]}},"_links":{"self":[{"href":"https:\/\/diarieducacio.cat\/espiral\/wp-json\/wp\/v2\/pages\/2","targetHints":{"allow":["GET"]}}],"collection":[{"href":"https:\/\/diarieducacio.cat\/espiral\/wp-json\/wp\/v2\/pages"}],"about":[{"href":"https:\/\/diarieducacio.cat\/espiral\/wp-json\/wp\/v2\/types\/page"}],"author":[{"embeddable":true,"href":"https:\/\/diarieducacio.cat\/espiral\/wp-json\/wp\/v2\/users\/1"}],"replies":[{"embeddable":true,"href":"https:\/\/diarieducacio.cat\/espiral\/wp-json\/wp\/v2\/comments?post=2"}],"version-history":[{"count":61,"href":"https:\/\/diarieducacio.cat\/espiral\/wp-json\/wp\/v2\/pages\/2\/revisions"}],"predecessor-version":[{"id":1993,"href":"https:\/\/diarieducacio.cat\/espiral\/wp-json\/wp\/v2\/pages\/2\/revisions\/1993"}],"wp:attachment":[{"href":"https:\/\/diarieducacio.cat\/espiral\/wp-json\/wp\/v2\/media?parent=2"}],"curies":[{"name":"wp","href":"https:\/\/api.w.org\/{rel}","templated":true}]}}