{"version":"1.0","provider_name":"Extra Educaci\u00f3","provider_url":"https:\/\/diarieducacio.cat\/extra","title":"Unes col\u00f2nies m\u00e9s enll\u00e0 de l\u2019ESO? - Extra Educaci\u00f3","type":"rich","width":600,"height":338,"html":"<blockquote class=\"wp-embedded-content\" data-secret=\"P8cN3N2e2G\"><a href=\"https:\/\/diarieducacio.cat\/extra\/2023\/12\/08\/unes-colonies-mes-enlla-de-leso\/\">Unes col\u00f2nies m\u00e9s enll\u00e0 de l\u2019ESO?<\/a><\/blockquote><iframe sandbox=\"allow-scripts\" security=\"restricted\" src=\"https:\/\/diarieducacio.cat\/extra\/2023\/12\/08\/unes-colonies-mes-enlla-de-leso\/embed\/#?secret=P8cN3N2e2G\" width=\"600\" height=\"338\" title=\"&#8220;Unes col\u00f2nies m\u00e9s enll\u00e0 de l\u2019ESO?&#8221; &#8212; Extra Educaci\u00f3\" data-secret=\"P8cN3N2e2G\" frameborder=\"0\" marginwidth=\"0\" marginheight=\"0\" scrolling=\"no\" class=\"wp-embedded-content\"><\/iframe><script type=\"text\/javascript\">\n\/* <![CDATA[ *\/\n\/*! This file is auto-generated *\/\n!function(d,l){\"use strict\";l.querySelector&&d.addEventListener&&\"undefined\"!=typeof URL&&(d.wp=d.wp||{},d.wp.receiveEmbedMessage||(d.wp.receiveEmbedMessage=function(e){var t=e.data;if((t||t.secret||t.message||t.value)&&!\/[^a-zA-Z0-9]\/.test(t.secret)){for(var s,r,n,a=l.querySelectorAll('iframe[data-secret=\"'+t.secret+'\"]'),o=l.querySelectorAll('blockquote[data-secret=\"'+t.secret+'\"]'),c=new RegExp(\"^https?:$\",\"i\"),i=0;i<o.length;i++)o[i].style.display=\"none\";for(i=0;i<a.length;i++)s=a[i],e.source===s.contentWindow&&(s.removeAttribute(\"style\"),\"height\"===t.message?(1e3<(r=parseInt(t.value,10))?r=1e3:~~r<200&&(r=200),s.height=r):\"link\"===t.message&&(r=new URL(s.getAttribute(\"src\")),n=new URL(t.value),c.test(n.protocol))&&n.host===r.host&&l.activeElement===s&&(d.top.location.href=t.value))}},d.addEventListener(\"message\",d.wp.receiveEmbedMessage,!1),l.addEventListener(\"DOMContentLoaded\",function(){for(var e,t,s=l.querySelectorAll(\"iframe.wp-embedded-content\"),r=0;r<s.length;r++)(t=(e=s[r]).getAttribute(\"data-secret\"))||(t=Math.random().toString(36).substring(2,12),e.src+=\"#?secret=\"+t,e.setAttribute(\"data-secret\",t)),e.contentWindow.postMessage({message:\"ready\",secret:t},\"*\")},!1)))}(window,document);\n\/\/# sourceURL=https:\/\/diarieducacio.cat\/extra\/wp-includes\/js\/wp-embed.min.js\n\/* ]]> *\/\n<\/script>\n","thumbnail_url":"https:\/\/diarieducacio.cat\/extra\/wp-content\/uploads\/sites\/25\/2023\/12\/DSC_0550.jpg","thumbnail_width":1000,"thumbnail_height":667,"description":"Doncs s\u00ed! Les col\u00f2nies o estades escolars no s\u2019acaben a 4t d\u2019ESO. &#8220;Cada cop s\u00f3n m\u00e9s demanades i amb molt bons resultats les estades per a Cicles Formatius i per a Batxillerat&#8221;, afirma el director comercial d&#8217;Eix Estels, Jaume Ramos. S\u00f3n, continua Ramos, una novetat dins les propostes educatives dels instituts que volen refor\u00e7ar la"}