{"version":"1.0","provider_name":"L'escola gra\u00f3 a gra\u00f3","provider_url":"https:\/\/diarieducacio.cat\/grao","title":"Comunicaci\u00f3 efectiva a l'aula. L'habilitat d'escoltar. - L'escola gra\u00f3 a gra\u00f3","type":"rich","width":600,"height":338,"html":"<blockquote class=\"wp-embedded-content\" data-secret=\"VmdwflQ680\"><a href=\"https:\/\/diarieducacio.cat\/grao\/2014\/06\/05\/comunicacio-efectiva-a-laula-lhabilitat-descoltar\/\">Comunicaci\u00f3 efectiva a l&#8217;aula. L&#8217;habilitat d&#8217;escoltar.<\/a><\/blockquote><iframe sandbox=\"allow-scripts\" security=\"restricted\" src=\"https:\/\/diarieducacio.cat\/grao\/2014\/06\/05\/comunicacio-efectiva-a-laula-lhabilitat-descoltar\/embed\/#?secret=VmdwflQ680\" width=\"600\" height=\"338\" title=\"&#8220;Comunicaci\u00f3 efectiva a l&#8217;aula. L&#8217;habilitat d&#8217;escoltar.&#8221; &#8212; L&#039;escola gra\u00f3 a gra\u00f3\" data-secret=\"VmdwflQ680\" frameborder=\"0\" marginwidth=\"0\" marginheight=\"0\" scrolling=\"no\" class=\"wp-embedded-content\"><\/iframe><script type=\"text\/javascript\">\n\/* <![CDATA[ *\/\n\/*! This file is auto-generated *\/\n!function(d,l){\"use strict\";l.querySelector&&d.addEventListener&&\"undefined\"!=typeof URL&&(d.wp=d.wp||{},d.wp.receiveEmbedMessage||(d.wp.receiveEmbedMessage=function(e){var t=e.data;if((t||t.secret||t.message||t.value)&&!\/[^a-zA-Z0-9]\/.test(t.secret)){for(var s,r,n,a=l.querySelectorAll('iframe[data-secret=\"'+t.secret+'\"]'),o=l.querySelectorAll('blockquote[data-secret=\"'+t.secret+'\"]'),c=new RegExp(\"^https?:$\",\"i\"),i=0;i<o.length;i++)o[i].style.display=\"none\";for(i=0;i<a.length;i++)s=a[i],e.source===s.contentWindow&&(s.removeAttribute(\"style\"),\"height\"===t.message?(1e3<(r=parseInt(t.value,10))?r=1e3:~~r<200&&(r=200),s.height=r):\"link\"===t.message&&(r=new URL(s.getAttribute(\"src\")),n=new URL(t.value),c.test(n.protocol))&&n.host===r.host&&l.activeElement===s&&(d.top.location.href=t.value))}},d.addEventListener(\"message\",d.wp.receiveEmbedMessage,!1),l.addEventListener(\"DOMContentLoaded\",function(){for(var e,t,s=l.querySelectorAll(\"iframe.wp-embedded-content\"),r=0;r<s.length;r++)(t=(e=s[r]).getAttribute(\"data-secret\"))||(t=Math.random().toString(36).substring(2,12),e.src+=\"#?secret=\"+t,e.setAttribute(\"data-secret\",t)),e.contentWindow.postMessage({message:\"ready\",secret:t},\"*\")},!1)))}(window,document);\n\/\/# sourceURL=https:\/\/diarieducacio.cat\/grao\/wp-includes\/js\/wp-embed.min.js\n\/* ]]> *\/\n<\/script>\n","thumbnail_url":"https:\/\/diarieducacio.cat\/grao\/wp-content\/uploads\/sites\/31\/2014\/05\/comunic.jpg","thumbnail_width":216,"thumbnail_height":278,"description":"Escoltar i sentir s\u00f3n dues activitats diferents. Sentir \u00e9s un proc\u00e9s f\u00edsic, que pot ser involuntari. Escoltar, en canvi, \u00e9s una activitat volunt\u00e0ria, un proc\u00e9s mental que requereix determinades condicions, com ara calma, inter\u00e8s i atenci\u00f3. Per escoltar activament, hem de centrar la vista, l\u2019o\u00efda i la ment en els sons i en els gestos de qui parla."}