{"version":"1.0","provider_name":"L'escola gra\u00f3 a gra\u00f3","provider_url":"https:\/\/diarieducacio.cat\/grao","title":"La llibreta de quadr\u00edcula de 5 mil\u00b7l\u00edmetres - L'escola gra\u00f3 a gra\u00f3","type":"rich","width":600,"height":338,"html":"<blockquote class=\"wp-embedded-content\" data-secret=\"2scgnXTnxn\"><a href=\"https:\/\/diarieducacio.cat\/grao\/2020\/11\/03\/la-llibreta-de-quadricula-de-5-millimetres\/\">La llibreta de quadr\u00edcula de 5 mil\u00b7l\u00edmetres<\/a><\/blockquote><iframe sandbox=\"allow-scripts\" security=\"restricted\" src=\"https:\/\/diarieducacio.cat\/grao\/2020\/11\/03\/la-llibreta-de-quadricula-de-5-millimetres\/embed\/#?secret=2scgnXTnxn\" width=\"600\" height=\"338\" title=\"&#8220;La llibreta de quadr\u00edcula de 5 mil\u00b7l\u00edmetres&#8221; &#8212; L&#039;escola gra\u00f3 a gra\u00f3\" data-secret=\"2scgnXTnxn\" frameborder=\"0\" marginwidth=\"0\" marginheight=\"0\" scrolling=\"no\" class=\"wp-embedded-content\"><\/iframe><script type=\"text\/javascript\">\n\/* <![CDATA[ *\/\n\/*! This file is auto-generated *\/\n!function(d,l){\"use strict\";l.querySelector&&d.addEventListener&&\"undefined\"!=typeof URL&&(d.wp=d.wp||{},d.wp.receiveEmbedMessage||(d.wp.receiveEmbedMessage=function(e){var t=e.data;if((t||t.secret||t.message||t.value)&&!\/[^a-zA-Z0-9]\/.test(t.secret)){for(var s,r,n,a=l.querySelectorAll('iframe[data-secret=\"'+t.secret+'\"]'),o=l.querySelectorAll('blockquote[data-secret=\"'+t.secret+'\"]'),c=new RegExp(\"^https?:$\",\"i\"),i=0;i<o.length;i++)o[i].style.display=\"none\";for(i=0;i<a.length;i++)s=a[i],e.source===s.contentWindow&&(s.removeAttribute(\"style\"),\"height\"===t.message?(1e3<(r=parseInt(t.value,10))?r=1e3:~~r<200&&(r=200),s.height=r):\"link\"===t.message&&(r=new URL(s.getAttribute(\"src\")),n=new URL(t.value),c.test(n.protocol))&&n.host===r.host&&l.activeElement===s&&(d.top.location.href=t.value))}},d.addEventListener(\"message\",d.wp.receiveEmbedMessage,!1),l.addEventListener(\"DOMContentLoaded\",function(){for(var e,t,s=l.querySelectorAll(\"iframe.wp-embedded-content\"),r=0;r<s.length;r++)(t=(e=s[r]).getAttribute(\"data-secret\"))||(t=Math.random().toString(36).substring(2,12),e.src+=\"#?secret=\"+t,e.setAttribute(\"data-secret\",t)),e.contentWindow.postMessage({message:\"ready\",secret:t},\"*\")},!1)))}(window,document);\n\/\/# sourceURL=https:\/\/diarieducacio.cat\/grao\/wp-includes\/js\/wp-embed.min.js\n\/* ]]> *\/\n<\/script>\n","thumbnail_url":"https:\/\/diarieducacio.cat\/grao\/wp-content\/uploads\/sites\/31\/2020\/11\/libreta-tamano-a5-cuadros-tp_2804813229381775892f.jpg","thumbnail_width":1346,"thumbnail_height":1634,"description":"\u00c9s urgent que transformem la manera d\u2019educar a les nostres aules. La situaci\u00f3 que hem viscut al llarg dels darrers deu mesos ha posat de manifest les mancances del nostre sistema educatiu, que continua ancorat en d\u00e8cades anteriors sense afrontar els nous reptes que la societat ens planteja."}