{"version":"1.0","provider_name":"L'escola gra\u00f3 a gra\u00f3","provider_url":"https:\/\/diarieducacio.cat\/grao","title":"L'educaci\u00f3 digital en temps de pand\u00e8mia - L'escola gra\u00f3 a gra\u00f3","type":"rich","width":600,"height":338,"html":"<blockquote class=\"wp-embedded-content\" data-secret=\"UsdIbauYxT\"><a href=\"https:\/\/diarieducacio.cat\/grao\/2021\/05\/20\/leducacio-digital-en-temps-de-pandemia\/\">L&#8217;educaci\u00f3 digital en temps de pand\u00e8mia<\/a><\/blockquote><iframe sandbox=\"allow-scripts\" security=\"restricted\" src=\"https:\/\/diarieducacio.cat\/grao\/2021\/05\/20\/leducacio-digital-en-temps-de-pandemia\/embed\/#?secret=UsdIbauYxT\" width=\"600\" height=\"338\" title=\"&#8220;L&#8217;educaci\u00f3 digital en temps de pand\u00e8mia&#8221; &#8212; L&#039;escola gra\u00f3 a gra\u00f3\" data-secret=\"UsdIbauYxT\" frameborder=\"0\" marginwidth=\"0\" marginheight=\"0\" scrolling=\"no\" class=\"wp-embedded-content\"><\/iframe><script type=\"text\/javascript\">\n\/* <![CDATA[ *\/\n\/*! This file is auto-generated *\/\n!function(d,l){\"use strict\";l.querySelector&&d.addEventListener&&\"undefined\"!=typeof URL&&(d.wp=d.wp||{},d.wp.receiveEmbedMessage||(d.wp.receiveEmbedMessage=function(e){var t=e.data;if((t||t.secret||t.message||t.value)&&!\/[^a-zA-Z0-9]\/.test(t.secret)){for(var s,r,n,a=l.querySelectorAll('iframe[data-secret=\"'+t.secret+'\"]'),o=l.querySelectorAll('blockquote[data-secret=\"'+t.secret+'\"]'),c=new RegExp(\"^https?:$\",\"i\"),i=0;i<o.length;i++)o[i].style.display=\"none\";for(i=0;i<a.length;i++)s=a[i],e.source===s.contentWindow&&(s.removeAttribute(\"style\"),\"height\"===t.message?(1e3<(r=parseInt(t.value,10))?r=1e3:~~r<200&&(r=200),s.height=r):\"link\"===t.message&&(r=new URL(s.getAttribute(\"src\")),n=new URL(t.value),c.test(n.protocol))&&n.host===r.host&&l.activeElement===s&&(d.top.location.href=t.value))}},d.addEventListener(\"message\",d.wp.receiveEmbedMessage,!1),l.addEventListener(\"DOMContentLoaded\",function(){for(var e,t,s=l.querySelectorAll(\"iframe.wp-embedded-content\"),r=0;r<s.length;r++)(t=(e=s[r]).getAttribute(\"data-secret\"))||(t=Math.random().toString(36).substring(2,12),e.src+=\"#?secret=\"+t,e.setAttribute(\"data-secret\",t)),e.contentWindow.postMessage({message:\"ready\",secret:t},\"*\")},!1)))}(window,document);\n\/\/# sourceURL=https:\/\/diarieducacio.cat\/grao\/wp-includes\/js\/wp-embed.min.js\n\/* ]]> *\/\n<\/script>\n","thumbnail_url":"https:\/\/diarieducacio.cat\/grao\/wp-content\/uploads\/sites\/31\/2021\/05\/100950_02.jpg","thumbnail_width":2362,"thumbnail_height":2362,"description":"Les tecnologies socials s\u00f3n avui ben presents a la nostra societat. Ens brinden noves possibilitats en refer\u00e8ncia a la manera de viure l\u2019aprenentatge, la comunicaci\u00f3 i la cultura. Aix\u00ed, la introducci\u00f3 de l\u2019educaci\u00f3 digital en el curr\u00edculum escolar ha d\u2019anar m\u00e9s enll\u00e0 de la reproducci\u00f3 de pr\u00e0ctiques habituals. La pand\u00e8mia ha representat una oportunitat per reflexionar sobre les nostres necessitats educatives en el nou present."}