{"id":2,"date":"2024-01-31T11:04:21","date_gmt":"2024-01-31T10:04:21","guid":{"rendered":"https:\/\/nostalgic-ishizaka.82-223-1-47.plesk.page\/imatgesperinterrogarelmon\/?page_id=2"},"modified":"2026-02-02T14:24:09","modified_gmt":"2026-02-02T13:24:09","slug":"inici","status":"publish","type":"page","link":"https:\/\/diarieducacio.cat\/imatgesperinterrogarelmon\/","title":{"rendered":"INICI"},"content":{"rendered":"\t\t<div data-elementor-type=\"wp-page\" data-elementor-id=\"2\" class=\"elementor elementor-2\" data-elementor-post-type=\"page\">\n\t\t\t\t\t\t<section class=\"has-el-gap el-gap-default elementor-section elementor-top-section elementor-element elementor-element-3b2bcbb elementor-section-boxed elementor-section-height-default elementor-section-height-default\" data-id=\"3b2bcbb\" data-element_type=\"section\" data-e-type=\"section\">\n\t\t\t\t\t\t<div class=\"elementor-container elementor-column-gap-no\">\n\t\t\t\t\t<div class=\"elementor-column elementor-col-100 elementor-top-column elementor-element elementor-element-7553cf6\" data-id=\"7553cf6\" data-element_type=\"column\" data-e-type=\"column\">\n\t\t\t<div class=\"elementor-widget-wrap elementor-element-populated\">\n\t\t\t\t\t\t<div class=\"elementor-element elementor-element-c30d2b1 post-content elementor-widget elementor-widget-text-editor\" data-id=\"c30d2b1\" data-element_type=\"widget\" data-e-type=\"widget\" data-widget_type=\"text-editor.default\">\n\t\t\t\t<div class=\"elementor-widget-container\">\n\t\t\t\t\t\t\t\t\t<p><strong>EL BLOG DE DRAC M\u00c0GIC:<\/strong><br \/>IMATGES PER INTERROGAR EL M\u00d3N\u00a0<\/p>\t\t\t\t\t\t\t\t<\/div>\n\t\t\t\t<\/div>\n\t\t\t\t\t<\/div>\n\t\t<\/div>\n\t\t\t\t\t<\/div>\n\t\t<\/section>\n\t\t\t\t<section class=\"has-el-gap el-gap-default elementor-section elementor-top-section elementor-element elementor-element-d468699 elementor-section-boxed elementor-section-height-default elementor-section-height-default\" data-id=\"d468699\" data-element_type=\"section\" data-e-type=\"section\">\n\t\t\t\t\t\t<div class=\"elementor-container elementor-column-gap-no\">\n\t\t\t\t\t<div class=\"elementor-column elementor-col-66 elementor-top-column elementor-element elementor-element-742d951\" data-id=\"742d951\" data-element_type=\"column\" data-e-type=\"column\">\n\t\t\t<div class=\"elementor-widget-wrap elementor-element-populated\">\n\t\t\t\t\t\t<div class=\"elementor-element elementor-element-a0f2100 elementor-widget elementor-widget-smartmag-grid\" data-id=\"a0f2100\" data-element_type=\"widget\" data-e-type=\"widget\" data-widget_type=\"smartmag-grid.default\">\n\t\t\t\t<div class=\"elementor-widget-container\">\n\t\t\t\t\t\t\t<section class=\"block-wrap block-grid block-sc\" data-id=\"1\">\n\n\t\t\t\t\n\t\t\t<div class=\"block-content\">\n\t\t\t\t\t\n\t<div class=\"loop loop-grid loop-grid-base grid grid-1 md:grid-1 xs:grid-1\">\n\n\t\t\t\t\t\n<article class=\"l-post grid-post grid-base-post\">\n\n\t\n\t\t\t<div class=\"media\">\n\n\t\t\n\t\t\t<a href=\"https:\/\/diarieducacio.cat\/imatgesperinterrogarelmon\/2026\/04\/28\/cinema-a-la-primera-infancia\/\" class=\"image-link media-ratio ratio-16-9\" title=\"Cinema a la primera inf\u00e0ncia\"><img fetchpriority=\"high\" decoding=\"async\" width=\"803\" height=\"451\" src=\"https:\/\/diarieducacio.cat\/imatgesperinterrogarelmon\/wp-content\/uploads\/sites\/32\/2026\/04\/oasis_MarionJamault-1024x574.jpg\" class=\"attachment-large size-large wp-post-image\" alt=\"\" sizes=\"(max-width: 803px) 100vw, 803px\" title=\"Cinema a la primera inf\u00e0ncia\" srcset=\"https:\/\/diarieducacio.cat\/imatgesperinterrogarelmon\/wp-content\/uploads\/sites\/32\/2026\/04\/oasis_MarionJamault-1024x574.jpg 1024w, https:\/\/diarieducacio.cat\/imatgesperinterrogarelmon\/wp-content\/uploads\/sites\/32\/2026\/04\/oasis_MarionJamault-300x168.jpg 300w, https:\/\/diarieducacio.cat\/imatgesperinterrogarelmon\/wp-content\/uploads\/sites\/32\/2026\/04\/oasis_MarionJamault-768x430.jpg 768w, https:\/\/diarieducacio.cat\/imatgesperinterrogarelmon\/wp-content\/uploads\/sites\/32\/2026\/04\/oasis_MarionJamault-1536x860.jpg 1536w, https:\/\/diarieducacio.cat\/imatgesperinterrogarelmon\/wp-content\/uploads\/sites\/32\/2026\/04\/oasis_MarionJamault-2048x1147.jpg 2048w, https:\/\/diarieducacio.cat\/imatgesperinterrogarelmon\/wp-content\/uploads\/sites\/32\/2026\/04\/oasis_MarionJamault-150x84.jpg 150w, https:\/\/diarieducacio.cat\/imatgesperinterrogarelmon\/wp-content\/uploads\/sites\/32\/2026\/04\/oasis_MarionJamault-450x252.jpg 450w, https:\/\/diarieducacio.cat\/imatgesperinterrogarelmon\/wp-content\/uploads\/sites\/32\/2026\/04\/oasis_MarionJamault-1200x672.jpg 1200w\" \/><\/a>\t\t\t\n\t\t\t\n\t\t\t\n\t\t\t\n\t\t\n\t\t<\/div>\n\t\n\n\t\n\t\t<div class=\"content\">\n\n\t\t\t<div class=\"post-meta post-meta-a has-below\"><h2 class=\"is-title post-title\"><a href=\"https:\/\/diarieducacio.cat\/imatgesperinterrogarelmon\/2026\/04\/28\/cinema-a-la-primera-infancia\/\">Cinema a la primera inf\u00e0ncia<\/a><\/h2><div class=\"post-meta-items meta-below\"><span class=\"meta-item post-author\"><a href=\"https:\/\/diarieducacio.cat\/imatgesperinterrogarelmon\/author\/arevuelta\/\" title=\"Entrades de Ainara Revuelta\" rel=\"author\">Ainara Revuelta<\/a><\/span><span class=\"meta-item has-next-icon date\"><span class=\"date-link\"><time class=\"post-date\" datetime=\"2026-04-28T10:13:52+02:00\">28 d&#039;abril de 2026<\/time><\/span><\/span><span class=\"meta-item read-time has-icon\"><i class=\"tsi tsi-clock\"><\/i>7 Mins Read<\/span><\/div><\/div>\t\t\t\n\t\t\t\t\t\t\n\t\t\t\t<div class=\"excerpt limit-lines l-lines-2\">\n\t\t\t\t\t<p>Vivim en un moment altament visual. Les imatges en moviment formen part de la nostra quotidianitat apareixent en m\u00faltiples pantalles: tel\u00e8fons m\u00f2bils, ordinadors, rellotges intel\u00b7ligents, tauletes o televisors, entre d\u2019altres. L\u2019hiperpantallitzaci\u00f3 de la realitat afecta tots els sectors de la poblaci\u00f3 a diversos nivells, per\u00f2 \u00e9s en la primera inf\u00e0ncia&hellip;<\/p>\n\t\t\t\t<\/div>\n\t\t\t\n\t\t\t\n\t\t\t\n\t\t<\/div>\n\n\t\n<\/article>\t\t\n\t<\/div>\n\n\t\t\n\t\t\t<\/div>\n\n\t\t<\/section>\n\t\t\t\t\t\t<\/div>\n\t\t\t\t<\/div>\n\t\t\t\t<div class=\"elementor-element elementor-element-282353f elementor-widget elementor-widget-smartmag-codes\" data-id=\"282353f\" data-element_type=\"widget\" data-e-type=\"widget\" data-widget_type=\"smartmag-codes.default\">\n\t\t\t\t<div class=\"elementor-widget-container\">\n\t\t\t\t\t<div class=\"a-wrap\"> <\/div>\t\t\t\t<\/div>\n\t\t\t\t<\/div>\n\t\t\t\t<div class=\"elementor-element elementor-element-1e2c397 elementor-widget elementor-widget-smartmag-grid\" data-id=\"1e2c397\" data-element_type=\"widget\" data-e-type=\"widget\" data-widget_type=\"smartmag-grid.default\">\n\t\t\t\t<div class=\"elementor-widget-container\">\n\t\t\t\t\t\t\t<section class=\"block-wrap block-grid block-sc\" data-id=\"2\" data-block=\"{&quot;id&quot;:&quot;grid&quot;,&quot;props&quot;:{&quot;cat_labels&quot;:&quot;0&quot;,&quot;cat_labels_pos&quot;:&quot;bot-left&quot;,&quot;reviews&quot;:&quot;stars&quot;,&quot;post_formats_pos&quot;:&quot;center&quot;,&quot;load_more_style&quot;:&quot;a&quot;,&quot;meta_cat_style&quot;:&quot;text&quot;,&quot;media_style_shadow&quot;:0,&quot;meta_sponsor&quot;:1,&quot;meta_sponsor_logo&quot;:0,&quot;meta_sponsor_label&quot;:&quot;Sponsor: {sponsor}&quot;,&quot;meta_sponsor_above&quot;:[],&quot;meta_sponsor_below&quot;:[&quot;sponsor&quot;,&quot;date&quot;],&quot;media_ratio&quot;:&quot;&quot;,&quot;media_ratio_custom&quot;:&quot;&quot;,&quot;read_more&quot;:&quot;none&quot;,&quot;content_center&quot;:0,&quot;posts&quot;:&quot;12&quot;,&quot;container_width&quot;:&quot;66&quot;,&quot;offset&quot;:&quot;0&quot;,&quot;pagination&quot;:&quot;1&quot;,&quot;pagination_type&quot;:&quot;infinite&quot;,&quot;sort_order&quot;:&quot;desc&quot;,&quot;excerpts&quot;:&quot;&quot;,&quot;meta_items_default&quot;:false,&quot;meta_above&quot;:[&quot;cat&quot;],&quot;meta_below&quot;:[&quot;author&quot;],&quot;meta_sponsor_items_default&quot;:true,&quot;query_type&quot;:&quot;custom&quot;,&quot;sort_days&quot;:null,&quot;carousel_dots&quot;:null,&quot;is_sc_call&quot;:true}}\">\n\n\t\t\t\t\n\t\t\t<div class=\"block-content\">\n\t\t\t\t\t\n\t<div class=\"loop loop-grid loop-grid-base grid grid-2 md:grid-2 xs:grid-1\">\n\n\t\t\t\t\t\n<article class=\"l-post grid-post grid-base-post\">\n\n\t\n\t\t\t<div class=\"media\">\n\n\t\t\n\t\t\t<a href=\"https:\/\/diarieducacio.cat\/imatgesperinterrogarelmon\/2026\/04\/28\/cinema-a-la-primera-infancia\/\" class=\"image-link media-ratio ratio-16-9\" title=\"Cinema a la primera inf\u00e0ncia\"><img decoding=\"async\" width=\"377\" height=\"212\" src=\"https:\/\/diarieducacio.cat\/imatgesperinterrogarelmon\/wp-content\/uploads\/sites\/32\/2026\/04\/oasis_MarionJamault-450x252.jpg\" class=\"attachment-bunyad-medium size-bunyad-medium wp-post-image\" alt=\"\" sizes=\"(max-width: 377px) 100vw, 377px\" title=\"Cinema a la primera inf\u00e0ncia\" srcset=\"https:\/\/diarieducacio.cat\/imatgesperinterrogarelmon\/wp-content\/uploads\/sites\/32\/2026\/04\/oasis_MarionJamault-450x252.jpg 450w, https:\/\/diarieducacio.cat\/imatgesperinterrogarelmon\/wp-content\/uploads\/sites\/32\/2026\/04\/oasis_MarionJamault-300x168.jpg 300w, https:\/\/diarieducacio.cat\/imatgesperinterrogarelmon\/wp-content\/uploads\/sites\/32\/2026\/04\/oasis_MarionJamault-1024x574.jpg 1024w, https:\/\/diarieducacio.cat\/imatgesperinterrogarelmon\/wp-content\/uploads\/sites\/32\/2026\/04\/oasis_MarionJamault-768x430.jpg 768w, https:\/\/diarieducacio.cat\/imatgesperinterrogarelmon\/wp-content\/uploads\/sites\/32\/2026\/04\/oasis_MarionJamault-1536x860.jpg 1536w, https:\/\/diarieducacio.cat\/imatgesperinterrogarelmon\/wp-content\/uploads\/sites\/32\/2026\/04\/oasis_MarionJamault-2048x1147.jpg 2048w, https:\/\/diarieducacio.cat\/imatgesperinterrogarelmon\/wp-content\/uploads\/sites\/32\/2026\/04\/oasis_MarionJamault-150x84.jpg 150w, https:\/\/diarieducacio.cat\/imatgesperinterrogarelmon\/wp-content\/uploads\/sites\/32\/2026\/04\/oasis_MarionJamault-1200x672.jpg 1200w\" \/><\/a>\t\t\t\n\t\t\t\n\t\t\t\n\t\t\t\n\t\t\n\t\t<\/div>\n\t\n\n\t\n\t\t<div class=\"content\">\n\n\t\t\t<div class=\"post-meta post-meta-a has-below\"><h2 class=\"is-title post-title\"><a href=\"https:\/\/diarieducacio.cat\/imatgesperinterrogarelmon\/2026\/04\/28\/cinema-a-la-primera-infancia\/\">Cinema a la primera inf\u00e0ncia<\/a><\/h2><div class=\"post-meta-items meta-below\"><span class=\"meta-item post-author\"><a href=\"https:\/\/diarieducacio.cat\/imatgesperinterrogarelmon\/author\/arevuelta\/\" title=\"Entrades de Ainara Revuelta\" rel=\"author\">Ainara Revuelta<\/a><\/span><\/div><\/div>\t\t\t\n\t\t\t\n\t\t\t\n\t\t<\/div>\n\n\t\n<\/article>\t\t\t\t\t\n<article class=\"l-post grid-post grid-base-post\">\n\n\t\n\t\t\t<div class=\"media\">\n\n\t\t\n\t\t\t<a href=\"https:\/\/diarieducacio.cat\/imatgesperinterrogarelmon\/2026\/02\/02\/imatges-en-descomposicio-de-lestetica-brainrot-a-lapatia-visual\/\" class=\"image-link media-ratio ratio-16-9\" title=\"Imatges en descomposici\u00f3: de l\u2019est\u00e8tica brainrot a l\u2019apatia visual\"><img decoding=\"async\" width=\"377\" height=\"212\" src=\"https:\/\/diarieducacio.cat\/imatgesperinterrogarelmon\/wp-content\/uploads\/sites\/32\/2026\/01\/foto-1-450x538.png\" class=\"attachment-bunyad-medium size-bunyad-medium wp-post-image\" alt=\"\" sizes=\"(max-width: 377px) 100vw, 377px\" title=\"Imatges en descomposici\u00f3: de l\u2019est\u00e8tica brainrot a l\u2019apatia visual\" srcset=\"https:\/\/diarieducacio.cat\/imatgesperinterrogarelmon\/wp-content\/uploads\/sites\/32\/2026\/01\/foto-1-450x538.png 450w, https:\/\/diarieducacio.cat\/imatgesperinterrogarelmon\/wp-content\/uploads\/sites\/32\/2026\/01\/foto-1-251x300.png 251w, https:\/\/diarieducacio.cat\/imatgesperinterrogarelmon\/wp-content\/uploads\/sites\/32\/2026\/01\/foto-1.png 601w\" \/><\/a>\t\t\t\n\t\t\t\n\t\t\t\n\t\t\t\n\t\t\n\t\t<\/div>\n\t\n\n\t\n\t\t<div class=\"content\">\n\n\t\t\t<div class=\"post-meta post-meta-a has-below\"><h2 class=\"is-title post-title\"><a href=\"https:\/\/diarieducacio.cat\/imatgesperinterrogarelmon\/2026\/02\/02\/imatges-en-descomposicio-de-lestetica-brainrot-a-lapatia-visual\/\">Imatges en descomposici\u00f3: de l\u2019est\u00e8tica brainrot a l\u2019apatia visual<\/a><\/h2><div class=\"post-meta-items meta-below\"><span class=\"meta-item post-author\"><a href=\"https:\/\/diarieducacio.cat\/imatgesperinterrogarelmon\/author\/bbordanove\/\" title=\"Entrades de Bea Bordanove\" rel=\"author\">Bea Bordanove<\/a><\/span><\/div><\/div>\t\t\t\n\t\t\t\n\t\t\t\n\t\t<\/div>\n\n\t\n<\/article>\t\t\t\t\t\n<article class=\"l-post grid-post grid-base-post\">\n\n\t\n\t\t\t<div class=\"media\">\n\n\t\t\n\t\t\t<a href=\"https:\/\/diarieducacio.cat\/imatgesperinterrogarelmon\/2025\/12\/02\/davant-de-les-imatges-de-lhorror-quines-vides-imaginem\/\" class=\"image-link media-ratio ratio-16-9\" title=\"Davant de les imatges de l\u2019horror, quines vides imaginem?\"><img loading=\"lazy\" decoding=\"async\" width=\"377\" height=\"212\" src=\"https:\/\/diarieducacio.cat\/imatgesperinterrogarelmon\/wp-content\/uploads\/sites\/32\/2025\/12\/foragers-1-450x253.jpg\" class=\"attachment-bunyad-medium size-bunyad-medium wp-post-image\" alt=\"\" sizes=\"(max-width: 377px) 100vw, 377px\" title=\"Davant de les imatges de l\u2019horror, quines vides imaginem?\" srcset=\"https:\/\/diarieducacio.cat\/imatgesperinterrogarelmon\/wp-content\/uploads\/sites\/32\/2025\/12\/foragers-1-450x253.jpg 450w, https:\/\/diarieducacio.cat\/imatgesperinterrogarelmon\/wp-content\/uploads\/sites\/32\/2025\/12\/foragers-1-300x169.jpg 300w, https:\/\/diarieducacio.cat\/imatgesperinterrogarelmon\/wp-content\/uploads\/sites\/32\/2025\/12\/foragers-1-1024x576.jpg 1024w, https:\/\/diarieducacio.cat\/imatgesperinterrogarelmon\/wp-content\/uploads\/sites\/32\/2025\/12\/foragers-1-768x432.jpg 768w, https:\/\/diarieducacio.cat\/imatgesperinterrogarelmon\/wp-content\/uploads\/sites\/32\/2025\/12\/foragers-1-1536x864.jpg 1536w, https:\/\/diarieducacio.cat\/imatgesperinterrogarelmon\/wp-content\/uploads\/sites\/32\/2025\/12\/foragers-1-2048x1152.jpg 2048w, https:\/\/diarieducacio.cat\/imatgesperinterrogarelmon\/wp-content\/uploads\/sites\/32\/2025\/12\/foragers-1-150x84.jpg 150w, https:\/\/diarieducacio.cat\/imatgesperinterrogarelmon\/wp-content\/uploads\/sites\/32\/2025\/12\/foragers-1-1200x675.jpg 1200w\" \/><\/a>\t\t\t\n\t\t\t\n\t\t\t\n\t\t\t\n\t\t\n\t\t<\/div>\n\t\n\n\t\n\t\t<div class=\"content\">\n\n\t\t\t<div class=\"post-meta post-meta-a has-below\"><h2 class=\"is-title post-title\"><a href=\"https:\/\/diarieducacio.cat\/imatgesperinterrogarelmon\/2025\/12\/02\/davant-de-les-imatges-de-lhorror-quines-vides-imaginem\/\">Davant de les imatges de l\u2019horror, quines vides imaginem?<\/a><\/h2><div class=\"post-meta-items meta-below\"><span class=\"meta-item post-author\"><a href=\"https:\/\/diarieducacio.cat\/imatgesperinterrogarelmon\/author\/rmarques\/\" title=\"Entrades de Raquel Marques\" rel=\"author\">Raquel Marques<\/a><\/span><\/div><\/div>\t\t\t\n\t\t\t\n\t\t\t\n\t\t<\/div>\n\n\t\n<\/article>\t\t\t\t\t\n<article class=\"l-post grid-post grid-base-post\">\n\n\t\n\t\t\t<div class=\"media\">\n\n\t\t\n\t\t\t<a href=\"https:\/\/diarieducacio.cat\/imatgesperinterrogarelmon\/2024\/04\/17\/cinema-per-la-desmemoria\/\" class=\"image-link media-ratio ratio-16-9\" title=\"Cinema per la desmem\u00f2ria\"><img loading=\"lazy\" decoding=\"async\" width=\"377\" height=\"212\" src=\"https:\/\/diarieducacio.cat\/imatgesperinterrogarelmon\/wp-content\/uploads\/sites\/32\/2024\/04\/silencio-otros-450x253.jpg\" class=\"attachment-bunyad-medium size-bunyad-medium wp-post-image\" alt=\"Fotograma del documental El silencio de otros (2019).\" sizes=\"(max-width: 377px) 100vw, 377px\" title=\"Cinema per la desmem\u00f2ria\" srcset=\"https:\/\/diarieducacio.cat\/imatgesperinterrogarelmon\/wp-content\/uploads\/sites\/32\/2024\/04\/silencio-otros-450x253.jpg 450w, https:\/\/diarieducacio.cat\/imatgesperinterrogarelmon\/wp-content\/uploads\/sites\/32\/2024\/04\/silencio-otros-300x169.jpg 300w, https:\/\/diarieducacio.cat\/imatgesperinterrogarelmon\/wp-content\/uploads\/sites\/32\/2024\/04\/silencio-otros-768x432.jpg 768w, https:\/\/diarieducacio.cat\/imatgesperinterrogarelmon\/wp-content\/uploads\/sites\/32\/2024\/04\/silencio-otros-150x84.jpg 150w, https:\/\/diarieducacio.cat\/imatgesperinterrogarelmon\/wp-content\/uploads\/sites\/32\/2024\/04\/silencio-otros.jpg 880w\" \/><\/a>\t\t\t\n\t\t\t\n\t\t\t\n\t\t\t\n\t\t\n\t\t<\/div>\n\t\n\n\t\n\t\t<div class=\"content\">\n\n\t\t\t<div class=\"post-meta post-meta-a has-below\"><h2 class=\"is-title post-title\"><a href=\"https:\/\/diarieducacio.cat\/imatgesperinterrogarelmon\/2024\/04\/17\/cinema-per-la-desmemoria\/\">Cinema per la desmem\u00f2ria<\/a><\/h2><div class=\"post-meta-items meta-below\"><span class=\"meta-item post-author\"><a href=\"https:\/\/diarieducacio.cat\/imatgesperinterrogarelmon\/author\/blancaalvarez\/\" title=\"Entrades de Blanca \u00c0lvarez\" rel=\"author\">Blanca \u00c0lvarez<\/a><\/span><\/div><\/div>\t\t\t\n\t\t\t\n\t\t\t\n\t\t<\/div>\n\n\t\n<\/article>\t\t\t\t\t\n<article class=\"l-post grid-post grid-base-post\">\n\n\t\n\t\t\t<div class=\"media\">\n\n\t\t\n\t\t\t<a href=\"https:\/\/diarieducacio.cat\/imatgesperinterrogarelmon\/2023\/07\/19\/interrogar-el-panic-o-com-inventar-pedagogies-contra-la-fi-del-mon-2\/\" class=\"image-link media-ratio ratio-16-9\" title=\"Interrogar el p\u00e0nic o com inventar pedagogies contra la fi del m\u00f3n\"><img loading=\"lazy\" decoding=\"async\" width=\"377\" height=\"212\" src=\"https:\/\/diarieducacio.cat\/imatgesperinterrogarelmon\/wp-content\/uploads\/sites\/32\/2023\/07\/Farrucas-450x290.jpeg\" class=\"attachment-bunyad-medium size-bunyad-medium wp-post-image\" alt=\"\" sizes=\"(max-width: 377px) 100vw, 377px\" title=\"Interrogar el p\u00e0nic o com inventar pedagogies contra la fi del m\u00f3n\" srcset=\"https:\/\/diarieducacio.cat\/imatgesperinterrogarelmon\/wp-content\/uploads\/sites\/32\/2023\/07\/Farrucas-450x290.jpeg 450w, https:\/\/diarieducacio.cat\/imatgesperinterrogarelmon\/wp-content\/uploads\/sites\/32\/2023\/07\/Farrucas-768x495.jpeg 768w, https:\/\/diarieducacio.cat\/imatgesperinterrogarelmon\/wp-content\/uploads\/sites\/32\/2023\/07\/Farrucas.jpeg 900w\" \/><\/a>\t\t\t\n\t\t\t\n\t\t\t\n\t\t\t\n\t\t\n\t\t<\/div>\n\t\n\n\t\n\t\t<div class=\"content\">\n\n\t\t\t<div class=\"post-meta post-meta-a has-below\"><h2 class=\"is-title post-title\"><a href=\"https:\/\/diarieducacio.cat\/imatgesperinterrogarelmon\/2023\/07\/19\/interrogar-el-panic-o-com-inventar-pedagogies-contra-la-fi-del-mon-2\/\">Interrogar el p\u00e0nic o com inventar pedagogies contra la fi del m\u00f3n<\/a><\/h2><div class=\"post-meta-items meta-below\"><span class=\"meta-item post-author\"><a href=\"https:\/\/diarieducacio.cat\/imatgesperinterrogarelmon\/author\/rmarques\/\" title=\"Entrades de Raquel Marques\" rel=\"author\">Raquel Marques<\/a><\/span><\/div><\/div>\t\t\t\n\t\t\t\n\t\t\t\n\t\t<\/div>\n\n\t\n<\/article>\t\t\t\t\t\n<article class=\"l-post grid-post grid-base-post\">\n\n\t\n\t\t\t<div class=\"media\">\n\n\t\t\n\t\t\t<a href=\"https:\/\/diarieducacio.cat\/imatgesperinterrogarelmon\/2023\/06\/20\/es-lespoiler-lopi-del-poble-o-be-el-secret-esta-en-la-narrativa-2\/\" class=\"image-link media-ratio ratio-16-9\" title=\"\u00c9s l\u2019esp\u00f2iler l\u2019opi del poble? O b\u00e9 el secret est\u00e0 en la narrativa?\"><img loading=\"lazy\" decoding=\"async\" width=\"377\" height=\"212\" src=\"https:\/\/diarieducacio.cat\/imatgesperinterrogarelmon\/wp-content\/uploads\/sites\/32\/2023\/06\/cienaga4-1-450x248.jpg\" class=\"attachment-bunyad-medium size-bunyad-medium wp-post-image\" alt=\"\" sizes=\"(max-width: 377px) 100vw, 377px\" title=\"\u00c9s l\u2019esp\u00f2iler l\u2019opi del poble? O b\u00e9 el secret est\u00e0 en la narrativa?\" srcset=\"https:\/\/diarieducacio.cat\/imatgesperinterrogarelmon\/wp-content\/uploads\/sites\/32\/2023\/06\/cienaga4-1-450x248.jpg 450w, https:\/\/diarieducacio.cat\/imatgesperinterrogarelmon\/wp-content\/uploads\/sites\/32\/2023\/06\/cienaga4-1-300x165.jpg 300w, https:\/\/diarieducacio.cat\/imatgesperinterrogarelmon\/wp-content\/uploads\/sites\/32\/2023\/06\/cienaga4-1-1024x565.jpg 1024w, https:\/\/diarieducacio.cat\/imatgesperinterrogarelmon\/wp-content\/uploads\/sites\/32\/2023\/06\/cienaga4-1-768x424.jpg 768w, https:\/\/diarieducacio.cat\/imatgesperinterrogarelmon\/wp-content\/uploads\/sites\/32\/2023\/06\/cienaga4-1-150x83.jpg 150w, https:\/\/diarieducacio.cat\/imatgesperinterrogarelmon\/wp-content\/uploads\/sites\/32\/2023\/06\/cienaga4-1-1200x662.jpg 1200w, https:\/\/diarieducacio.cat\/imatgesperinterrogarelmon\/wp-content\/uploads\/sites\/32\/2023\/06\/cienaga4-1.jpg 1280w\" \/><\/a>\t\t\t\n\t\t\t\n\t\t\t\n\t\t\t\n\t\t\n\t\t<\/div>\n\t\n\n\t\n\t\t<div class=\"content\">\n\n\t\t\t<div class=\"post-meta post-meta-a has-below\"><h2 class=\"is-title post-title\"><a href=\"https:\/\/diarieducacio.cat\/imatgesperinterrogarelmon\/2023\/06\/20\/es-lespoiler-lopi-del-poble-o-be-el-secret-esta-en-la-narrativa-2\/\">\u00c9s l\u2019esp\u00f2iler l\u2019opi del poble? O b\u00e9 el secret est\u00e0 en la narrativa?<\/a><\/h2><div class=\"post-meta-items meta-below\"><span class=\"meta-item post-author\"><a href=\"https:\/\/diarieducacio.cat\/imatgesperinterrogarelmon\/author\/margaalmirall\/\" title=\"Entrades de Marga Almirall\" rel=\"author\">Marga Almirall<\/a><\/span><\/div><\/div>\t\t\t\n\t\t\t\n\t\t\t\n\t\t<\/div>\n\n\t\n<\/article>\t\t\t\t\t\n<article class=\"l-post grid-post grid-base-post\">\n\n\t\n\t\t\t<div class=\"media\">\n\n\t\t\n\t\t\t<a href=\"https:\/\/diarieducacio.cat\/imatgesperinterrogarelmon\/2022\/12\/27\/sexe-drogues-musica-electronica-les-relacions-sexoafectives-en-ladolescencia-2\/\" class=\"image-link media-ratio ratio-16-9\" title=\"Sexe, drogues &amp; m\u00fasica electr\u00f2nica: les relacions sexoafectives en l\u2019adolesc\u00e8ncia\"><img loading=\"lazy\" decoding=\"async\" width=\"377\" height=\"212\" src=\"https:\/\/diarieducacio.cat\/imatgesperinterrogarelmon\/wp-content\/uploads\/sites\/32\/2022\/12\/Elite-scaled-1-450x243.jpg\" class=\"attachment-bunyad-medium size-bunyad-medium wp-post-image\" alt=\"\" sizes=\"(max-width: 377px) 100vw, 377px\" title=\"Sexe, drogues &amp; m\u00fasica electr\u00f2nica: les relacions sexoafectives en l\u2019adolesc\u00e8ncia\" srcset=\"https:\/\/diarieducacio.cat\/imatgesperinterrogarelmon\/wp-content\/uploads\/sites\/32\/2022\/12\/Elite-scaled-1-450x243.jpg 450w, https:\/\/diarieducacio.cat\/imatgesperinterrogarelmon\/wp-content\/uploads\/sites\/32\/2022\/12\/Elite-scaled-1-300x162.jpg 300w, https:\/\/diarieducacio.cat\/imatgesperinterrogarelmon\/wp-content\/uploads\/sites\/32\/2022\/12\/Elite-scaled-1-1024x554.jpg 1024w, https:\/\/diarieducacio.cat\/imatgesperinterrogarelmon\/wp-content\/uploads\/sites\/32\/2022\/12\/Elite-scaled-1-768x415.jpg 768w, https:\/\/diarieducacio.cat\/imatgesperinterrogarelmon\/wp-content\/uploads\/sites\/32\/2022\/12\/Elite-scaled-1-1536x830.jpg 1536w, https:\/\/diarieducacio.cat\/imatgesperinterrogarelmon\/wp-content\/uploads\/sites\/32\/2022\/12\/Elite-scaled-1-2048x1107.jpg 2048w, https:\/\/diarieducacio.cat\/imatgesperinterrogarelmon\/wp-content\/uploads\/sites\/32\/2022\/12\/Elite-scaled-1-150x81.jpg 150w, https:\/\/diarieducacio.cat\/imatgesperinterrogarelmon\/wp-content\/uploads\/sites\/32\/2022\/12\/Elite-scaled-1-1200x649.jpg 1200w\" \/><\/a>\t\t\t\n\t\t\t\n\t\t\t\n\t\t\t\n\t\t\n\t\t<\/div>\n\t\n\n\t\n\t\t<div class=\"content\">\n\n\t\t\t<div class=\"post-meta post-meta-a has-below\"><h2 class=\"is-title post-title\"><a href=\"https:\/\/diarieducacio.cat\/imatgesperinterrogarelmon\/2022\/12\/27\/sexe-drogues-musica-electronica-les-relacions-sexoafectives-en-ladolescencia-2\/\">Sexe, drogues &amp; m\u00fasica electr\u00f2nica: les relacions sexoafectives en l\u2019adolesc\u00e8ncia<\/a><\/h2><div class=\"post-meta-items meta-below\"><span class=\"meta-item post-author\"><a href=\"https:\/\/diarieducacio.cat\/imatgesperinterrogarelmon\/author\/clarapelegrincristinaalmirall\/\" title=\"Entrades de Clara Pelegrin, Cristina Almirall\" rel=\"author\">Clara Pelegrin, Cristina Almirall<\/a><\/span><\/div><\/div>\t\t\t\n\t\t\t\n\t\t\t\n\t\t<\/div>\n\n\t\n<\/article>\t\t\t\t\t\n<article class=\"l-post grid-post grid-base-post\">\n\n\t\n\t\t\t<div class=\"media\">\n\n\t\t\n\t\t\t<a href=\"https:\/\/diarieducacio.cat\/imatgesperinterrogarelmon\/2022\/07\/13\/aquests-videos-no-son-nomes-per-homes-2\/\" class=\"image-link media-ratio ratio-16-9\" title=\"Aquests v\u00eddeos no s\u00f3n nom\u00e9s per homes\"><img loading=\"lazy\" decoding=\"async\" width=\"377\" height=\"212\" src=\"https:\/\/diarieducacio.cat\/imatgesperinterrogarelmon\/wp-content\/uploads\/sites\/32\/2022\/07\/salo-erotic-1-450x193.jpg\" class=\"attachment-bunyad-medium size-bunyad-medium wp-post-image\" alt=\"\" sizes=\"(max-width: 377px) 100vw, 377px\" title=\"Aquests v\u00eddeos no s\u00f3n nom\u00e9s per homes\" srcset=\"https:\/\/diarieducacio.cat\/imatgesperinterrogarelmon\/wp-content\/uploads\/sites\/32\/2022\/07\/salo-erotic-1-450x193.jpg 450w, https:\/\/diarieducacio.cat\/imatgesperinterrogarelmon\/wp-content\/uploads\/sites\/32\/2022\/07\/salo-erotic-1-1024x438.jpg 1024w, https:\/\/diarieducacio.cat\/imatgesperinterrogarelmon\/wp-content\/uploads\/sites\/32\/2022\/07\/salo-erotic-1-768x329.jpg 768w, https:\/\/diarieducacio.cat\/imatgesperinterrogarelmon\/wp-content\/uploads\/sites\/32\/2022\/07\/salo-erotic-1-1536x658.jpg 1536w, https:\/\/diarieducacio.cat\/imatgesperinterrogarelmon\/wp-content\/uploads\/sites\/32\/2022\/07\/salo-erotic-1-1200x514.jpg 1200w, https:\/\/diarieducacio.cat\/imatgesperinterrogarelmon\/wp-content\/uploads\/sites\/32\/2022\/07\/salo-erotic-1.jpg 1920w\" \/><\/a>\t\t\t\n\t\t\t\n\t\t\t\n\t\t\t\n\t\t\n\t\t<\/div>\n\t\n\n\t\n\t\t<div class=\"content\">\n\n\t\t\t<div class=\"post-meta post-meta-a has-below\"><h2 class=\"is-title post-title\"><a href=\"https:\/\/diarieducacio.cat\/imatgesperinterrogarelmon\/2022\/07\/13\/aquests-videos-no-son-nomes-per-homes-2\/\">Aquests v\u00eddeos no s\u00f3n nom\u00e9s per homes<\/a><\/h2><div class=\"post-meta-items meta-below\"><span class=\"meta-item post-author\"><a href=\"https:\/\/diarieducacio.cat\/imatgesperinterrogarelmon\/author\/blancaalvarez\/\" title=\"Entrades de Blanca \u00c0lvarez\" rel=\"author\">Blanca \u00c0lvarez<\/a><\/span><\/div><\/div>\t\t\t\n\t\t\t\n\t\t\t\n\t\t<\/div>\n\n\t\n<\/article>\t\t\t\t\t\n<article class=\"l-post grid-post grid-base-post\">\n\n\t\n\t\t\t<div class=\"media\">\n\n\t\t\n\t\t\t<a href=\"https:\/\/diarieducacio.cat\/imatgesperinterrogarelmon\/2022\/03\/08\/els-cossos-femenins-a-lescenari-tetes-boom-boom-i-mans-2\/\" class=\"image-link media-ratio ratio-16-9\" title=\"Els cossos femenins a l\u2019escenari: tetes, boom boom i mans\"><img loading=\"lazy\" decoding=\"async\" width=\"377\" height=\"212\" src=\"https:\/\/diarieducacio.cat\/imatgesperinterrogarelmon\/wp-content\/uploads\/sites\/32\/2022\/03\/imatge-1-scaled-1-450x196.jpg\" class=\"attachment-bunyad-medium size-bunyad-medium wp-post-image\" alt=\"\" sizes=\"(max-width: 377px) 100vw, 377px\" title=\"Els cossos femenins a l\u2019escenari: tetes, boom boom i mans\" srcset=\"https:\/\/diarieducacio.cat\/imatgesperinterrogarelmon\/wp-content\/uploads\/sites\/32\/2022\/03\/imatge-1-scaled-1-450x196.jpg 450w, https:\/\/diarieducacio.cat\/imatgesperinterrogarelmon\/wp-content\/uploads\/sites\/32\/2022\/03\/imatge-1-scaled-1-1024x446.jpg 1024w, https:\/\/diarieducacio.cat\/imatgesperinterrogarelmon\/wp-content\/uploads\/sites\/32\/2022\/03\/imatge-1-scaled-1-768x335.jpg 768w, https:\/\/diarieducacio.cat\/imatgesperinterrogarelmon\/wp-content\/uploads\/sites\/32\/2022\/03\/imatge-1-scaled-1-1536x669.jpg 1536w, https:\/\/diarieducacio.cat\/imatgesperinterrogarelmon\/wp-content\/uploads\/sites\/32\/2022\/03\/imatge-1-scaled-1-2048x892.jpg 2048w, https:\/\/diarieducacio.cat\/imatgesperinterrogarelmon\/wp-content\/uploads\/sites\/32\/2022\/03\/imatge-1-scaled-1-1200x523.jpg 1200w\" \/><\/a>\t\t\t\n\t\t\t\n\t\t\t\n\t\t\t\n\t\t\n\t\t<\/div>\n\t\n\n\t\n\t\t<div class=\"content\">\n\n\t\t\t<div class=\"post-meta post-meta-a has-below\"><h2 class=\"is-title post-title\"><a href=\"https:\/\/diarieducacio.cat\/imatgesperinterrogarelmon\/2022\/03\/08\/els-cossos-femenins-a-lescenari-tetes-boom-boom-i-mans-2\/\">Els cossos femenins a l\u2019escenari: tetes, boom boom i mans<\/a><\/h2><div class=\"post-meta-items meta-below\"><span class=\"meta-item post-author\"><a href=\"https:\/\/diarieducacio.cat\/imatgesperinterrogarelmon\/author\/rmarques\/\" title=\"Entrades de Raquel Marques\" rel=\"author\">Raquel Marques<\/a><\/span><\/div><\/div>\t\t\t\n\t\t\t\n\t\t\t\n\t\t<\/div>\n\n\t\n<\/article>\t\t\t\t\t\n<article class=\"l-post grid-post grid-base-post\">\n\n\t\n\t\t\t<div class=\"media\">\n\n\t\t\n\t\t\t<a href=\"https:\/\/diarieducacio.cat\/imatgesperinterrogarelmon\/2021\/09\/15\/activisme-de-marca-o-la-publicitat-fent-la-revolucio-2\/\" class=\"image-link media-ratio ratio-16-9\" title=\"Activisme de marca o la publicitat fent la revoluci\u00f3\"><img loading=\"lazy\" decoding=\"async\" width=\"377\" height=\"212\" src=\"https:\/\/diarieducacio.cat\/imatgesperinterrogarelmon\/wp-content\/uploads\/sites\/32\/2021\/09\/activisme-de-marca-0-450x300.jpg\" class=\"attachment-bunyad-medium size-bunyad-medium wp-post-image\" alt=\"\" sizes=\"(max-width: 377px) 100vw, 377px\" title=\"Activisme de marca o la publicitat fent la revoluci\u00f3\" srcset=\"https:\/\/diarieducacio.cat\/imatgesperinterrogarelmon\/wp-content\/uploads\/sites\/32\/2021\/09\/activisme-de-marca-0-450x300.jpg 450w, https:\/\/diarieducacio.cat\/imatgesperinterrogarelmon\/wp-content\/uploads\/sites\/32\/2021\/09\/activisme-de-marca-0-768x512.jpg 768w, https:\/\/diarieducacio.cat\/imatgesperinterrogarelmon\/wp-content\/uploads\/sites\/32\/2021\/09\/activisme-de-marca-0.jpg 1000w\" \/><\/a>\t\t\t\n\t\t\t\n\t\t\t\n\t\t\t\n\t\t\n\t\t<\/div>\n\t\n\n\t\n\t\t<div class=\"content\">\n\n\t\t\t<div class=\"post-meta post-meta-a has-below\"><h2 class=\"is-title post-title\"><a href=\"https:\/\/diarieducacio.cat\/imatgesperinterrogarelmon\/2021\/09\/15\/activisme-de-marca-o-la-publicitat-fent-la-revolucio-2\/\">Activisme de marca o la publicitat fent la revoluci\u00f3<\/a><\/h2><div class=\"post-meta-items meta-below\"><span class=\"meta-item post-author\"><a href=\"https:\/\/diarieducacio.cat\/imatgesperinterrogarelmon\/author\/blancaalvarez\/\" title=\"Entrades de Blanca \u00c0lvarez\" rel=\"author\">Blanca \u00c0lvarez<\/a><\/span><\/div><\/div>\t\t\t\n\t\t\t\n\t\t\t\n\t\t<\/div>\n\n\t\n<\/article>\t\t\t\t\t\n<article class=\"l-post grid-post grid-base-post\">\n\n\t\n\t\t\t<div class=\"media\">\n\n\t\t\n\t\t\t<a href=\"https:\/\/diarieducacio.cat\/imatgesperinterrogarelmon\/2021\/06\/24\/educacio-visual-durant-50-anys-lexperiencia-de-drac-magic-2\/\" class=\"image-link media-ratio ratio-16-9\" title=\"Educaci\u00f3 visual durant 50 anys: l\u2019experi\u00e8ncia de Drac M\u00e0gic\"><img loading=\"lazy\" decoding=\"async\" width=\"377\" height=\"212\" src=\"https:\/\/diarieducacio.cat\/imatgesperinterrogarelmon\/wp-content\/uploads\/sites\/32\/2021\/06\/DSC_2201-scaled-1-450x300.jpg\" class=\"attachment-bunyad-medium size-bunyad-medium wp-post-image\" alt=\"\" sizes=\"(max-width: 377px) 100vw, 377px\" title=\"Educaci\u00f3 visual durant 50 anys: l\u2019experi\u00e8ncia de Drac M\u00e0gic\" srcset=\"https:\/\/diarieducacio.cat\/imatgesperinterrogarelmon\/wp-content\/uploads\/sites\/32\/2021\/06\/DSC_2201-scaled-1-450x300.jpg 450w, https:\/\/diarieducacio.cat\/imatgesperinterrogarelmon\/wp-content\/uploads\/sites\/32\/2021\/06\/DSC_2201-scaled-1-1024x684.jpg 1024w, https:\/\/diarieducacio.cat\/imatgesperinterrogarelmon\/wp-content\/uploads\/sites\/32\/2021\/06\/DSC_2201-scaled-1-768x513.jpg 768w, https:\/\/diarieducacio.cat\/imatgesperinterrogarelmon\/wp-content\/uploads\/sites\/32\/2021\/06\/DSC_2201-scaled-1-1536x1025.jpg 1536w, https:\/\/diarieducacio.cat\/imatgesperinterrogarelmon\/wp-content\/uploads\/sites\/32\/2021\/06\/DSC_2201-scaled-1-2048x1367.jpg 2048w, https:\/\/diarieducacio.cat\/imatgesperinterrogarelmon\/wp-content\/uploads\/sites\/32\/2021\/06\/DSC_2201-scaled-1-1200x801.jpg 1200w\" \/><\/a>\t\t\t\n\t\t\t\n\t\t\t\n\t\t\t\n\t\t\n\t\t<\/div>\n\t\n\n\t\n\t\t<div class=\"content\">\n\n\t\t\t<div class=\"post-meta post-meta-a has-below\"><h2 class=\"is-title post-title\"><a href=\"https:\/\/diarieducacio.cat\/imatgesperinterrogarelmon\/2021\/06\/24\/educacio-visual-durant-50-anys-lexperiencia-de-drac-magic-2\/\">Educaci\u00f3 visual durant 50 anys: l\u2019experi\u00e8ncia de Drac M\u00e0gic<\/a><\/h2><div class=\"post-meta-items meta-below\"><span class=\"meta-item post-author\"><a href=\"https:\/\/diarieducacio.cat\/imatgesperinterrogarelmon\/author\/margaalmirall\/\" title=\"Entrades de Marga Almirall\" rel=\"author\">Marga Almirall<\/a><\/span><\/div><\/div>\t\t\t\n\t\t\t\n\t\t\t\n\t\t<\/div>\n\n\t\n<\/article>\t\t\t\t\t\n<article class=\"l-post grid-post grid-base-post\">\n\n\t\n\t\t\t<div class=\"media\">\n\n\t\t\n\t\t\t<a href=\"https:\/\/diarieducacio.cat\/imatgesperinterrogarelmon\/2020\/06\/30\/desarmar-la-imaginacio-de-qui-2\/\" class=\"image-link media-ratio ratio-16-9\" title=\"Desarmar la imaginaci\u00f3 de qui?\"><img loading=\"lazy\" decoding=\"async\" width=\"377\" height=\"212\" src=\"https:\/\/diarieducacio.cat\/imatgesperinterrogarelmon\/wp-content\/uploads\/sites\/32\/2020\/06\/slowpoke-rodriguez-amb-una-arma-450x339.jpg\" class=\"attachment-bunyad-medium size-bunyad-medium wp-post-image\" alt=\"\" sizes=\"(max-width: 377px) 100vw, 377px\" title=\"Desarmar la imaginaci\u00f3 de qui?\" srcset=\"https:\/\/diarieducacio.cat\/imatgesperinterrogarelmon\/wp-content\/uploads\/sites\/32\/2020\/06\/slowpoke-rodriguez-amb-una-arma-450x339.jpg 450w, https:\/\/diarieducacio.cat\/imatgesperinterrogarelmon\/wp-content\/uploads\/sites\/32\/2020\/06\/slowpoke-rodriguez-amb-una-arma-300x226.jpg 300w, https:\/\/diarieducacio.cat\/imatgesperinterrogarelmon\/wp-content\/uploads\/sites\/32\/2020\/06\/slowpoke-rodriguez-amb-una-arma-1024x772.jpg 1024w, https:\/\/diarieducacio.cat\/imatgesperinterrogarelmon\/wp-content\/uploads\/sites\/32\/2020\/06\/slowpoke-rodriguez-amb-una-arma-768x579.jpg 768w, https:\/\/diarieducacio.cat\/imatgesperinterrogarelmon\/wp-content\/uploads\/sites\/32\/2020\/06\/slowpoke-rodriguez-amb-una-arma.jpg 1032w\" \/><\/a>\t\t\t\n\t\t\t\n\t\t\t\n\t\t\t\n\t\t\n\t\t<\/div>\n\t\n\n\t\n\t\t<div class=\"content\">\n\n\t\t\t<div class=\"post-meta post-meta-a has-below\"><h2 class=\"is-title post-title\"><a href=\"https:\/\/diarieducacio.cat\/imatgesperinterrogarelmon\/2020\/06\/30\/desarmar-la-imaginacio-de-qui-2\/\">Desarmar la imaginaci\u00f3 de qui?<\/a><\/h2><div class=\"post-meta-items meta-below\"><span class=\"meta-item post-author\"><a href=\"https:\/\/diarieducacio.cat\/imatgesperinterrogarelmon\/author\/margaalmirall\/\" title=\"Entrades de Marga Almirall\" rel=\"author\">Marga Almirall<\/a><\/span><\/div><\/div>\t\t\t\n\t\t\t\n\t\t\t\n\t\t<\/div>\n\n\t\n<\/article>\t\t\n\t<\/div>\n\n\t\n\n\t\n\t\t\n\t<div class=\"main-pagination pagination-more\" data-type=\"infinite\">\n\t\t<a href=\"https:\/\/diarieducacio.cat\/imatgesperinterrogarelmon\/wp-json\/wp\/v2\/pages\/2\/page\/2\/\" class=\"ts-button load-button load-button-a ts-button-alt\" data-page=\"1\">\n\t\t\t\tLoad More \n\t\t\t\t<i class=\"icon tsi tsi-repeat\"><\/i>\n\t\t<\/a>\n\t<\/div>\t\n\t\n\t\n\n\t\n\t\t\t<\/div>\n\n\t\t<\/section>\n\t\t\t\t\t\t<\/div>\n\t\t\t\t<\/div>\n\t\t\t\t\t<\/div>\n\t\t<\/div>\n\t\t\t\t<div class=\"elementor-column elementor-col-33 elementor-top-column elementor-element elementor-element-33700b7\" data-id=\"33700b7\" data-element_type=\"column\" data-e-type=\"column\" data-settings=\"{&quot;background_background&quot;:&quot;classic&quot;,&quot;background_sd_background&quot;:&quot;classic&quot;}\">\n\t\t\t<div class=\"elementor-widget-wrap elementor-element-populated\">\n\t\t\t\t\t\t<div class=\"elementor-element elementor-element-63b9eef elementor-widget elementor-widget-heading\" data-id=\"63b9eef\" data-element_type=\"widget\" data-e-type=\"widget\" data-widget_type=\"heading.default\">\n\t\t\t\t<div class=\"elementor-widget-container\">\n\t\t\t\t\t<h2 class=\"elementor-heading-title elementor-size-default\">Sobre el blog<\/h2>\t\t\t\t<\/div>\n\t\t\t\t<\/div>\n\t\t\t\t<div class=\"elementor-element elementor-element-8ac5b9b elementor-widget elementor-widget-text-editor\" data-id=\"8ac5b9b\" data-element_type=\"widget\" data-e-type=\"widget\" data-widget_type=\"text-editor.default\">\n\t\t\t\t<div class=\"elementor-widget-container\">\n\t\t\t\t\t\t\t\t\t<p><em><strong>Imatges per interrogar el m\u00f3n<\/strong><\/em> \u00e9s un blog on l\u2019equip educatiu de <a href=\"http:\/\/www.dracmagic.cat\/\" target=\"_blank\" rel=\"noopener\">Drac M\u00e0gic<\/a> reflexionem sobre els reptes i oportunitats educatives que es deriven de la cultura visual. Volem generar un espai de di\u00e0leg per valorar el cinema i la cultura audiovisual com a agents educatius, dins i fora de les aules. La cultura visual est\u00e0 present en tot el trajecte vital de les persones, forma part de les experi\u00e8ncies que alimenten els coneixements, el pensament, les emocions i les refer\u00e8ncies simb\u00f2liques que configuren les identitats personals i socials. Analitzem fen\u00f2mens contemporanis del camp de l\u2019audiovisual, amb l\u2019objectiu de garantir una mirada activa cap a les imatges que ens envolten, q\u00fcestionar la recepci\u00f3 audiovisual automatitzada i desenvolupar la creativitat.\u00a0<\/p><p><strong>Sobre Drac M\u00e0gic<\/strong><br \/><a href=\"https:\/\/www.dracmagic.cat\/\" target=\"_blank\" rel=\"noopener\">Drac M\u00e0gic<\/a> \u00e9s una cooperativa d\u2019iniciativa social fundada el 1971 i dedicada a l\u2019estudi i a la divulgaci\u00f3 de la cultura audiovisual. La nostra missi\u00f3 \u00e9s generar pensament i acci\u00f3 al voltant de la imatge per tal de contribuir en la construcci\u00f3 d\u2019una societat responsable, activa i creativa envers la cultura visual i el seu paper en la creaci\u00f3 d\u2019imaginaris.<\/p><p>Alguns dels nostres principals projectes educatius s\u00f3n: <a href=\"https:\/\/construirmirades.dracmagic.cat\/\" target=\"_blank\" rel=\"noopener\"><strong>Construir Mirades,<\/strong> <\/a>el projecte educatiu de formaci\u00f3 en llenguatges audiovisuals de Drac M\u00e0gic i <a href=\"https:\/\/visionsperiferiques.dracmagic.cat\/\"><strong>Visions perif\u00e8riques,<\/strong><\/a> un programa de formaci\u00f3 i creaci\u00f3 cinematogr\u00e0fica que es realitza en el marc de la Mostra Internacional de Films de Dones de Barcelona.<\/p>\t\t\t\t\t\t\t\t<\/div>\n\t\t\t\t<\/div>\n\t\t\t\t<div class=\"elementor-element elementor-element-2c30260 elementor-widget elementor-widget-shortcode\" data-id=\"2c30260\" data-element_type=\"widget\" data-e-type=\"widget\" data-widget_type=\"shortcode.default\">\n\t\t\t\t<div class=\"elementor-widget-container\">\n\t\t\t\t\t\t\t<div class=\"elementor-shortcode\"><div id=\"diari-924741807\" class=\"diari-manual-placement diari-entity-placement\"><script async=\"async\" src=\"https:\/\/securepubads.g.doubleclick.net\/tag\/js\/gpt.js\"><\/script>\n<script> var googletag = googletag || {}; googletag.cmd = googletag.cmd || [];<\/script>\n<div id=\"gpt-ad-7187983604253-0\">\n  <script>\n\tgoogletag.cmd.push(function() {\n\t\t\t\tgoogletag.defineSlot( '\/50166482\/diarieducacio\/columna1', [[300,250],[300,600]], 'gpt-ad-7187983604253-0' )\n\t\t.addService(googletag.pubads());\n\t\t\t\twindow.advadsGamEmptySlotsTimers = window.advadsGamEmptySlotsTimers || {};\n\t\tconst timers                     = window.advadsGamEmptySlotsTimers;\n\n\t\ttimers['gpt-ad-7187983604253-0'] = setTimeout( function () {\n\t\t\tconst id = 'gpt-ad-7187983604253-0';\n\t\t\tdocument.dispatchEvent( new CustomEvent( 'aagam_empty_slot', {detail: id} ) );\n\t\t\tdelete ( timers[id] );\n\t\t}, 1000 );\n\n\t\tif ( typeof window.advadsGamHasEmptySlotListener === 'undefined' ) {\n\t\t\tgoogletag.pubads().addEventListener( 'slotRequested', function ( ev ) {\n\t\t\t\tconst id = ev.slot.getSlotElementId();\n\t\t\t\tif ( typeof timers[id] === 'undefined' ) {\n\t\t\t\t\treturn;\n\t\t\t\t}\n\t\t\t\tclearTimeout( timers[id] );\n\t\t\t\ttimers[id] = setTimeout( function () {\n\t\t\t\t\tdocument.dispatchEvent( new CustomEvent( 'aagam_empty_slot', {detail: id} ) );\n\t\t\t\t\tdelete ( timers[id] );\n\t\t\t\t}, 2500 );\n\t\t\t} );\n\t\t\tgoogletag.pubads().addEventListener( 'slotResponseReceived', function ( ev ) {\n\t\t\t\tconst id = ev.slot.getSlotElementId();\n\t\t\t\tif ( typeof timers[id] !== 'undefined' ) {\n\t\t\t\t\tclearTimeout( timers[id] );\n\t\t\t\t\tdelete ( timers[id] );\n\t\t\t\t}\n\t\t\t\tif ( ! ev.slot.getResponseInformation() ) {\n\t\t\t\t\tdocument.dispatchEvent( new CustomEvent( 'aagam_empty_slot', {detail: id} ) );\n\t\t\t\t}\n\t\t\t} );\n\t\t\twindow.advadsGamHasEmptySlotListener = true;\n\t\t}\n\n\t\tgoogletag.enableServices();\n\t\tgoogletag.display( 'gpt-ad-7187983604253-0' );\n\t} );\n  <\/script>\n<\/div>\n<\/div><\/div>\n\t\t\t\t\t\t<\/div>\n\t\t\t\t<\/div>\n\t\t\t\t<div class=\"elementor-element elementor-element-15d40e0 elementor-widget elementor-widget-shortcode\" data-id=\"15d40e0\" data-element_type=\"widget\" data-e-type=\"widget\" data-widget_type=\"shortcode.default\">\n\t\t\t\t<div class=\"elementor-widget-container\">\n\t\t\t\t\t\t\t<div class=\"elementor-shortcode\"><div id=\"diari-3736014326\" class=\"diari-manual-placement_2 diari-entity-placement\"><script async=\"async\" src=\"https:\/\/securepubads.g.doubleclick.net\/tag\/js\/gpt.js\"><\/script>\n<script> var googletag = googletag || {}; googletag.cmd = googletag.cmd || [];<\/script>\n<div id=\"gpt-ad-5933597018446-0\">\n  <script>\n\tgoogletag.cmd.push(function() {\n\t\t\t\tgoogletag.defineSlot( '\/50166482\/diarieducacio\/columna2', [[245,90],[300,250],[300,600]], 'gpt-ad-5933597018446-0' )\n\t\t.addService(googletag.pubads());\n\t\t\t\twindow.advadsGamEmptySlotsTimers = window.advadsGamEmptySlotsTimers || {};\n\t\tconst timers                     = window.advadsGamEmptySlotsTimers;\n\n\t\ttimers['gpt-ad-5933597018446-0'] = setTimeout( function () {\n\t\t\tconst id = 'gpt-ad-5933597018446-0';\n\t\t\tdocument.dispatchEvent( new CustomEvent( 'aagam_empty_slot', {detail: id} ) );\n\t\t\tdelete ( timers[id] );\n\t\t}, 1000 );\n\n\t\tif ( typeof window.advadsGamHasEmptySlotListener === 'undefined' ) {\n\t\t\tgoogletag.pubads().addEventListener( 'slotRequested', function ( ev ) {\n\t\t\t\tconst id = ev.slot.getSlotElementId();\n\t\t\t\tif ( typeof timers[id] === 'undefined' ) {\n\t\t\t\t\treturn;\n\t\t\t\t}\n\t\t\t\tclearTimeout( timers[id] );\n\t\t\t\ttimers[id] = setTimeout( function () {\n\t\t\t\t\tdocument.dispatchEvent( new CustomEvent( 'aagam_empty_slot', {detail: id} ) );\n\t\t\t\t\tdelete ( timers[id] );\n\t\t\t\t}, 2500 );\n\t\t\t} );\n\t\t\tgoogletag.pubads().addEventListener( 'slotResponseReceived', function ( ev ) {\n\t\t\t\tconst id = ev.slot.getSlotElementId();\n\t\t\t\tif ( typeof timers[id] !== 'undefined' ) {\n\t\t\t\t\tclearTimeout( timers[id] );\n\t\t\t\t\tdelete ( timers[id] );\n\t\t\t\t}\n\t\t\t\tif ( ! ev.slot.getResponseInformation() ) {\n\t\t\t\t\tdocument.dispatchEvent( new CustomEvent( 'aagam_empty_slot', {detail: id} ) );\n\t\t\t\t}\n\t\t\t} );\n\t\t\twindow.advadsGamHasEmptySlotListener = true;\n\t\t}\n\n\t\tgoogletag.enableServices();\n\t\tgoogletag.display( 'gpt-ad-5933597018446-0' );\n\t} );\n  <\/script>\n<\/div>\n<\/div><\/div>\n\t\t\t\t\t\t<\/div>\n\t\t\t\t<\/div>\n\t\t\t\t<div class=\"elementor-element elementor-element-0561aef elementor-widget elementor-widget-shortcode\" data-id=\"0561aef\" data-element_type=\"widget\" data-e-type=\"widget\" data-widget_type=\"shortcode.default\">\n\t\t\t\t<div class=\"elementor-widget-container\">\n\t\t\t\t\t\t\t<div class=\"elementor-shortcode\"><div id=\"diari-3077062571\" class=\"diari-manual-placement_3 diari-entity-placement\"><script async=\"async\" src=\"https:\/\/securepubads.g.doubleclick.net\/tag\/js\/gpt.js\"><\/script>\n<script> var googletag = googletag || {}; googletag.cmd = googletag.cmd || [];<\/script>\n<div id=\"gpt-ad-1540063634088-0\">\n  <script>\n\tgoogletag.cmd.push(function() {\n\t\t\t\tgoogletag.defineSlot( '\/50166482\/diarieducacio\/columna3', [[245,90],[300,250],[300,600]], 'gpt-ad-1540063634088-0' )\n\t\t.addService(googletag.pubads());\n\t\t\t\twindow.advadsGamEmptySlotsTimers = window.advadsGamEmptySlotsTimers || {};\n\t\tconst timers                     = window.advadsGamEmptySlotsTimers;\n\n\t\ttimers['gpt-ad-1540063634088-0'] = setTimeout( function () {\n\t\t\tconst id = 'gpt-ad-1540063634088-0';\n\t\t\tdocument.dispatchEvent( new CustomEvent( 'aagam_empty_slot', {detail: id} ) );\n\t\t\tdelete ( timers[id] );\n\t\t}, 1000 );\n\n\t\tif ( typeof window.advadsGamHasEmptySlotListener === 'undefined' ) {\n\t\t\tgoogletag.pubads().addEventListener( 'slotRequested', function ( ev ) {\n\t\t\t\tconst id = ev.slot.getSlotElementId();\n\t\t\t\tif ( typeof timers[id] === 'undefined' ) {\n\t\t\t\t\treturn;\n\t\t\t\t}\n\t\t\t\tclearTimeout( timers[id] );\n\t\t\t\ttimers[id] = setTimeout( function () {\n\t\t\t\t\tdocument.dispatchEvent( new CustomEvent( 'aagam_empty_slot', {detail: id} ) );\n\t\t\t\t\tdelete ( timers[id] );\n\t\t\t\t}, 2500 );\n\t\t\t} );\n\t\t\tgoogletag.pubads().addEventListener( 'slotResponseReceived', function ( ev ) {\n\t\t\t\tconst id = ev.slot.getSlotElementId();\n\t\t\t\tif ( typeof timers[id] !== 'undefined' ) {\n\t\t\t\t\tclearTimeout( timers[id] );\n\t\t\t\t\tdelete ( timers[id] );\n\t\t\t\t}\n\t\t\t\tif ( ! ev.slot.getResponseInformation() ) {\n\t\t\t\t\tdocument.dispatchEvent( new CustomEvent( 'aagam_empty_slot', {detail: id} ) );\n\t\t\t\t}\n\t\t\t} );\n\t\t\twindow.advadsGamHasEmptySlotListener = true;\n\t\t}\n\n\t\tgoogletag.enableServices();\n\t\tgoogletag.display( 'gpt-ad-1540063634088-0' );\n\t} );\n  <\/script>\n<\/div>\n<\/div><\/div>\n\t\t\t\t\t\t<\/div>\n\t\t\t\t<\/div>\n\t\t\t\t<div class=\"elementor-element elementor-element-2411f16 elementor-widget elementor-widget-shortcode\" data-id=\"2411f16\" data-element_type=\"widget\" data-e-type=\"widget\" data-widget_type=\"shortcode.default\">\n\t\t\t\t<div class=\"elementor-widget-container\">\n\t\t\t\t\t\t\t<div class=\"elementor-shortcode\"><div id=\"diari-835356478\" class=\"diari-manual-placement_4 diari-entity-placement\"><script async=\"async\" src=\"https:\/\/securepubads.g.doubleclick.net\/tag\/js\/gpt.js\"><\/script>\n<script> var googletag = googletag || {}; googletag.cmd = googletag.cmd || [];<\/script>\n<div id=\"gpt-ad-5118478987443-0\">\n  <script>\n\tgoogletag.cmd.push(function() {\n\t\t\t\tgoogletag.defineSlot( '\/50166482\/diarieducacio\/columna4', [[245,90],[300,250],[300,600]], 'gpt-ad-5118478987443-0' )\n\t\t.addService(googletag.pubads());\n\t\t\t\twindow.advadsGamEmptySlotsTimers = window.advadsGamEmptySlotsTimers || {};\n\t\tconst timers                     = window.advadsGamEmptySlotsTimers;\n\n\t\ttimers['gpt-ad-5118478987443-0'] = setTimeout( function () {\n\t\t\tconst id = 'gpt-ad-5118478987443-0';\n\t\t\tdocument.dispatchEvent( new CustomEvent( 'aagam_empty_slot', {detail: id} ) );\n\t\t\tdelete ( timers[id] );\n\t\t}, 1000 );\n\n\t\tif ( typeof window.advadsGamHasEmptySlotListener === 'undefined' ) {\n\t\t\tgoogletag.pubads().addEventListener( 'slotRequested', function ( ev ) {\n\t\t\t\tconst id = ev.slot.getSlotElementId();\n\t\t\t\tif ( typeof timers[id] === 'undefined' ) {\n\t\t\t\t\treturn;\n\t\t\t\t}\n\t\t\t\tclearTimeout( timers[id] );\n\t\t\t\ttimers[id] = setTimeout( function () {\n\t\t\t\t\tdocument.dispatchEvent( new CustomEvent( 'aagam_empty_slot', {detail: id} ) );\n\t\t\t\t\tdelete ( timers[id] );\n\t\t\t\t}, 2500 );\n\t\t\t} );\n\t\t\tgoogletag.pubads().addEventListener( 'slotResponseReceived', function ( ev ) {\n\t\t\t\tconst id = ev.slot.getSlotElementId();\n\t\t\t\tif ( typeof timers[id] !== 'undefined' ) {\n\t\t\t\t\tclearTimeout( timers[id] );\n\t\t\t\t\tdelete ( timers[id] );\n\t\t\t\t}\n\t\t\t\tif ( ! ev.slot.getResponseInformation() ) {\n\t\t\t\t\tdocument.dispatchEvent( new CustomEvent( 'aagam_empty_slot', {detail: id} ) );\n\t\t\t\t}\n\t\t\t} );\n\t\t\twindow.advadsGamHasEmptySlotListener = true;\n\t\t}\n\n\t\tgoogletag.enableServices();\n\t\tgoogletag.display( 'gpt-ad-5118478987443-0' );\n\t} );\n  <\/script>\n<\/div>\n<\/div><\/div>\n\t\t\t\t\t\t<\/div>\n\t\t\t\t<\/div>\n\t\t\t\t<div class=\"elementor-element elementor-element-90b2e5d elementor-widget elementor-widget-shortcode\" data-id=\"90b2e5d\" data-element_type=\"widget\" data-e-type=\"widget\" data-widget_type=\"shortcode.default\">\n\t\t\t\t<div class=\"elementor-widget-container\">\n\t\t\t\t\t\t\t<div class=\"elementor-shortcode\"><div id=\"diari-2279196076\" class=\"diari-manual-placement_5 diari-entity-placement\"><script async=\"async\" src=\"https:\/\/securepubads.g.doubleclick.net\/tag\/js\/gpt.js\"><\/script>\n<script> var googletag = googletag || {}; googletag.cmd = googletag.cmd || [];<\/script>\n<div id=\"gpt-ad-9689151915621-0\">\n  <script>\n\tgoogletag.cmd.push(function() {\n\t\t\t\tgoogletag.defineSlot( '\/50166482\/diarieducacio\/columna5', [[245,90],[300,250],[300,600]], 'gpt-ad-9689151915621-0' )\n\t\t.addService(googletag.pubads());\n\t\t\t\twindow.advadsGamEmptySlotsTimers = window.advadsGamEmptySlotsTimers || {};\n\t\tconst timers                     = window.advadsGamEmptySlotsTimers;\n\n\t\ttimers['gpt-ad-9689151915621-0'] = setTimeout( function () {\n\t\t\tconst id = 'gpt-ad-9689151915621-0';\n\t\t\tdocument.dispatchEvent( new CustomEvent( 'aagam_empty_slot', {detail: id} ) );\n\t\t\tdelete ( timers[id] );\n\t\t}, 1000 );\n\n\t\tif ( typeof window.advadsGamHasEmptySlotListener === 'undefined' ) {\n\t\t\tgoogletag.pubads().addEventListener( 'slotRequested', function ( ev ) {\n\t\t\t\tconst id = ev.slot.getSlotElementId();\n\t\t\t\tif ( typeof timers[id] === 'undefined' ) {\n\t\t\t\t\treturn;\n\t\t\t\t}\n\t\t\t\tclearTimeout( timers[id] );\n\t\t\t\ttimers[id] = setTimeout( function () {\n\t\t\t\t\tdocument.dispatchEvent( new CustomEvent( 'aagam_empty_slot', {detail: id} ) );\n\t\t\t\t\tdelete ( timers[id] );\n\t\t\t\t}, 2500 );\n\t\t\t} );\n\t\t\tgoogletag.pubads().addEventListener( 'slotResponseReceived', function ( ev ) {\n\t\t\t\tconst id = ev.slot.getSlotElementId();\n\t\t\t\tif ( typeof timers[id] !== 'undefined' ) {\n\t\t\t\t\tclearTimeout( timers[id] );\n\t\t\t\t\tdelete ( timers[id] );\n\t\t\t\t}\n\t\t\t\tif ( ! ev.slot.getResponseInformation() ) {\n\t\t\t\t\tdocument.dispatchEvent( new CustomEvent( 'aagam_empty_slot', {detail: id} ) );\n\t\t\t\t}\n\t\t\t} );\n\t\t\twindow.advadsGamHasEmptySlotListener = true;\n\t\t}\n\n\t\tgoogletag.enableServices();\n\t\tgoogletag.display( 'gpt-ad-9689151915621-0' );\n\t} );\n  <\/script>\n<\/div>\n<\/div><\/div>\n\t\t\t\t\t\t<\/div>\n\t\t\t\t<\/div>\n\t\t\t\t<div class=\"elementor-element elementor-element-7233038 elementor-widget elementor-widget-shortcode\" data-id=\"7233038\" data-element_type=\"widget\" data-e-type=\"widget\" data-widget_type=\"shortcode.default\">\n\t\t\t\t<div class=\"elementor-widget-container\">\n\t\t\t\t\t\t\t<div class=\"elementor-shortcode\"><div id=\"diari-767508432\" class=\"diari-manual-placement_6 diari-entity-placement\"><script async=\"async\" src=\"https:\/\/securepubads.g.doubleclick.net\/tag\/js\/gpt.js\"><\/script>\n<script> var googletag = googletag || {}; googletag.cmd = googletag.cmd || [];<\/script>\n<div id=\"gpt-ad-2168135791147-0\">\n  <script>\n\tgoogletag.cmd.push(function() {\n\t\t\t\tgoogletag.defineSlot( '\/50166482\/diarieducacio\/columna6', [[300,250],[300,600]], 'gpt-ad-2168135791147-0' )\n\t\t.addService(googletag.pubads());\n\t\t\t\twindow.advadsGamEmptySlotsTimers = window.advadsGamEmptySlotsTimers || {};\n\t\tconst timers                     = window.advadsGamEmptySlotsTimers;\n\n\t\ttimers['gpt-ad-2168135791147-0'] = setTimeout( function () {\n\t\t\tconst id = 'gpt-ad-2168135791147-0';\n\t\t\tdocument.dispatchEvent( new CustomEvent( 'aagam_empty_slot', {detail: id} ) );\n\t\t\tdelete ( timers[id] );\n\t\t}, 1000 );\n\n\t\tif ( typeof window.advadsGamHasEmptySlotListener === 'undefined' ) {\n\t\t\tgoogletag.pubads().addEventListener( 'slotRequested', function ( ev ) {\n\t\t\t\tconst id = ev.slot.getSlotElementId();\n\t\t\t\tif ( typeof timers[id] === 'undefined' ) {\n\t\t\t\t\treturn;\n\t\t\t\t}\n\t\t\t\tclearTimeout( timers[id] );\n\t\t\t\ttimers[id] = setTimeout( function () {\n\t\t\t\t\tdocument.dispatchEvent( new CustomEvent( 'aagam_empty_slot', {detail: id} ) );\n\t\t\t\t\tdelete ( timers[id] );\n\t\t\t\t}, 2500 );\n\t\t\t} );\n\t\t\tgoogletag.pubads().addEventListener( 'slotResponseReceived', function ( ev ) {\n\t\t\t\tconst id = ev.slot.getSlotElementId();\n\t\t\t\tif ( typeof timers[id] !== 'undefined' ) {\n\t\t\t\t\tclearTimeout( timers[id] );\n\t\t\t\t\tdelete ( timers[id] );\n\t\t\t\t}\n\t\t\t\tif ( ! ev.slot.getResponseInformation() ) {\n\t\t\t\t\tdocument.dispatchEvent( new CustomEvent( 'aagam_empty_slot', {detail: id} ) );\n\t\t\t\t}\n\t\t\t} );\n\t\t\twindow.advadsGamHasEmptySlotListener = true;\n\t\t}\n\n\t\tgoogletag.enableServices();\n\t\tgoogletag.display( 'gpt-ad-2168135791147-0' );\n\t} );\n  <\/script>\n<\/div>\n<\/div><\/div>\n\t\t\t\t\t\t<\/div>\n\t\t\t\t<\/div>\n\t\t\t\t<div class=\"elementor-element elementor-element-cb0036a elementor-widget elementor-widget-shortcode\" data-id=\"cb0036a\" data-element_type=\"widget\" data-e-type=\"widget\" data-widget_type=\"shortcode.default\">\n\t\t\t\t<div class=\"elementor-widget-container\">\n\t\t\t\t\t\t\t<div class=\"elementor-shortcode\"><div id=\"diari-3722729685\" class=\"diari-manual-placement_7 diari-entity-placement\"><script async=\"async\" src=\"https:\/\/securepubads.g.doubleclick.net\/tag\/js\/gpt.js\"><\/script>\n<script> var googletag = googletag || {}; googletag.cmd = googletag.cmd || [];<\/script>\n<div id=\"gpt-ad-3342828257608-0\">\n  <script>\n\tgoogletag.cmd.push(function() {\n\t\t\t\tgoogletag.defineSlot( '\/50166482\/diarieducacio\/columna7', [[300,250],[300,600]], 'gpt-ad-3342828257608-0' )\n\t\t.addService(googletag.pubads());\n\t\t\t\twindow.advadsGamEmptySlotsTimers = window.advadsGamEmptySlotsTimers || {};\n\t\tconst timers                     = window.advadsGamEmptySlotsTimers;\n\n\t\ttimers['gpt-ad-3342828257608-0'] = setTimeout( function () {\n\t\t\tconst id = 'gpt-ad-3342828257608-0';\n\t\t\tdocument.dispatchEvent( new CustomEvent( 'aagam_empty_slot', {detail: id} ) );\n\t\t\tdelete ( timers[id] );\n\t\t}, 1000 );\n\n\t\tif ( typeof window.advadsGamHasEmptySlotListener === 'undefined' ) {\n\t\t\tgoogletag.pubads().addEventListener( 'slotRequested', function ( ev ) {\n\t\t\t\tconst id = ev.slot.getSlotElementId();\n\t\t\t\tif ( typeof timers[id] === 'undefined' ) {\n\t\t\t\t\treturn;\n\t\t\t\t}\n\t\t\t\tclearTimeout( timers[id] );\n\t\t\t\ttimers[id] = setTimeout( function () {\n\t\t\t\t\tdocument.dispatchEvent( new CustomEvent( 'aagam_empty_slot', {detail: id} ) );\n\t\t\t\t\tdelete ( timers[id] );\n\t\t\t\t}, 2500 );\n\t\t\t} );\n\t\t\tgoogletag.pubads().addEventListener( 'slotResponseReceived', function ( ev ) {\n\t\t\t\tconst id = ev.slot.getSlotElementId();\n\t\t\t\tif ( typeof timers[id] !== 'undefined' ) {\n\t\t\t\t\tclearTimeout( timers[id] );\n\t\t\t\t\tdelete ( timers[id] );\n\t\t\t\t}\n\t\t\t\tif ( ! ev.slot.getResponseInformation() ) {\n\t\t\t\t\tdocument.dispatchEvent( new CustomEvent( 'aagam_empty_slot', {detail: id} ) );\n\t\t\t\t}\n\t\t\t} );\n\t\t\twindow.advadsGamHasEmptySlotListener = true;\n\t\t}\n\n\t\tgoogletag.enableServices();\n\t\tgoogletag.display( 'gpt-ad-3342828257608-0' );\n\t} );\n  <\/script>\n<\/div>\n<\/div><\/div>\n\t\t\t\t\t\t<\/div>\n\t\t\t\t<\/div>\n\t\t\t\t<div class=\"elementor-element elementor-element-5705f50 elementor-widget elementor-widget-shortcode\" data-id=\"5705f50\" data-element_type=\"widget\" data-e-type=\"widget\" data-widget_type=\"shortcode.default\">\n\t\t\t\t<div class=\"elementor-widget-container\">\n\t\t\t\t\t\t\t<div class=\"elementor-shortcode\"><div id=\"diari-852347534\" class=\"diari-manual-placement_8 diari-entity-placement\"><script async=\"async\" src=\"https:\/\/securepubads.g.doubleclick.net\/tag\/js\/gpt.js\"><\/script>\n<script> var googletag = googletag || {}; googletag.cmd = googletag.cmd || [];<\/script>\n<div id=\"gpt-ad-6425789218389-0\">\n  <script>\n\tgoogletag.cmd.push(function() {\n\t\t\t\tgoogletag.defineSlot( '\/50166482\/diarieducacio\/columna8', [[300,250],[300,600]], 'gpt-ad-6425789218389-0' )\n\t\t.addService(googletag.pubads());\n\t\t\t\twindow.advadsGamEmptySlotsTimers = window.advadsGamEmptySlotsTimers || {};\n\t\tconst timers                     = window.advadsGamEmptySlotsTimers;\n\n\t\ttimers['gpt-ad-6425789218389-0'] = setTimeout( function () {\n\t\t\tconst id = 'gpt-ad-6425789218389-0';\n\t\t\tdocument.dispatchEvent( new CustomEvent( 'aagam_empty_slot', {detail: id} ) );\n\t\t\tdelete ( timers[id] );\n\t\t}, 1000 );\n\n\t\tif ( typeof window.advadsGamHasEmptySlotListener === 'undefined' ) {\n\t\t\tgoogletag.pubads().addEventListener( 'slotRequested', function ( ev ) {\n\t\t\t\tconst id = ev.slot.getSlotElementId();\n\t\t\t\tif ( typeof timers[id] === 'undefined' ) {\n\t\t\t\t\treturn;\n\t\t\t\t}\n\t\t\t\tclearTimeout( timers[id] );\n\t\t\t\ttimers[id] = setTimeout( function () {\n\t\t\t\t\tdocument.dispatchEvent( new CustomEvent( 'aagam_empty_slot', {detail: id} ) );\n\t\t\t\t\tdelete ( timers[id] );\n\t\t\t\t}, 2500 );\n\t\t\t} );\n\t\t\tgoogletag.pubads().addEventListener( 'slotResponseReceived', function ( ev ) {\n\t\t\t\tconst id = ev.slot.getSlotElementId();\n\t\t\t\tif ( typeof timers[id] !== 'undefined' ) {\n\t\t\t\t\tclearTimeout( timers[id] );\n\t\t\t\t\tdelete ( timers[id] );\n\t\t\t\t}\n\t\t\t\tif ( ! ev.slot.getResponseInformation() ) {\n\t\t\t\t\tdocument.dispatchEvent( new CustomEvent( 'aagam_empty_slot', {detail: id} ) );\n\t\t\t\t}\n\t\t\t} );\n\t\t\twindow.advadsGamHasEmptySlotListener = true;\n\t\t}\n\n\t\tgoogletag.enableServices();\n\t\tgoogletag.display( 'gpt-ad-6425789218389-0' );\n\t} );\n  <\/script>\n<\/div>\n<\/div><\/div>\n\t\t\t\t\t\t<\/div>\n\t\t\t\t<\/div>\n\t\t\t\t\t<\/div>\n\t\t<\/div>\n\t\t\t\t\t<\/div>\n\t\t<\/section>\n\t\t\t\t<\/div>\n\t\t","protected":false},"excerpt":{"rendered":"<p>EL BLOG DE DRAC M\u00c0GIC:IMATGES PER INTERROGAR EL M\u00d3N\u00a0 Imatges en descomposici\u00f3: de l\u2019est\u00e8tica brainrot a l\u2019apatia visual Bea Bordanove2 de febrer de 20267 Mins Read El terme brainrot (podridura cerebral) sorgeix l\u2019any 2023 com a resposta par\u00f2dica i autoconscient a l\u2019absurditat del muntatge en directe \u00e9s a dir, la curadoria i ordenaci\u00f3 de v\u00eddeos<\/p>\n","protected":false},"author":1,"featured_media":0,"parent":0,"menu_order":0,"comment_status":"closed","ping_status":"closed","template":"page-templates\/no-wrapper.php","meta":{"footnotes":""},"class_list":["post-2","page","type-page","status-publish"],"yoast_head":"<!-- This site is optimized with the Yoast SEO plugin v27.4 - https:\/\/yoast.com\/product\/yoast-seo-wordpress\/ -->\n<title>INICI - Imatges per interrogar el m\u00f3n<\/title>\n<meta name=\"robots\" content=\"index, follow, max-snippet:-1, max-image-preview:large, max-video-preview:-1\" \/>\n<link rel=\"canonical\" href=\"https:\/\/diarieducacio.cat\/imatgesperinterrogarelmon\/\" \/>\n<meta property=\"og:locale\" content=\"ca_ES\" \/>\n<meta property=\"og:type\" content=\"article\" \/>\n<meta property=\"og:title\" content=\"INICI - Imatges per interrogar el m\u00f3n\" \/>\n<meta property=\"og:description\" content=\"EL BLOG DE DRAC M\u00c0GIC:IMATGES PER INTERROGAR EL M\u00d3N\u00a0 Imatges en descomposici\u00f3: de l\u2019est\u00e8tica brainrot a l\u2019apatia visual Bea Bordanove2 de febrer de 20267 Mins Read El terme brainrot (podridura cerebral) sorgeix l\u2019any 2023 com a resposta par\u00f2dica i autoconscient a l\u2019absurditat del muntatge en directe \u00e9s a dir, la curadoria i ordenaci\u00f3 de v\u00eddeos\" \/>\n<meta property=\"og:url\" content=\"https:\/\/diarieducacio.cat\/imatgesperinterrogarelmon\/\" \/>\n<meta property=\"og:site_name\" content=\"Imatges per interrogar el m\u00f3n\" \/>\n<meta property=\"article:publisher\" content=\"https:\/\/www.facebook.com\/diarieducacio\/\" \/>\n<meta property=\"article:modified_time\" content=\"2026-02-02T13:24:09+00:00\" \/>\n<meta property=\"og:image\" content=\"https:\/\/diarieducacio.cat\/imatgesperinterrogarelmon\/wp-content\/uploads\/sites\/32\/2026\/01\/foto-1.png\" \/>\n<meta name=\"twitter:card\" content=\"summary_large_image\" \/>\n<meta name=\"twitter:site\" content=\"@DiariEducacio\" \/>\n<meta name=\"twitter:label1\" content=\"Temps estimat de lectura\" \/>\n\t<meta name=\"twitter:data1\" content=\"6 minuts\" \/>\n<script type=\"application\/ld+json\" class=\"yoast-schema-graph\">{\"@context\":\"https:\\\/\\\/schema.org\",\"@graph\":[{\"@type\":\"WebPage\",\"@id\":\"https:\\\/\\\/diarieducacio.cat\\\/imatgesperinterrogarelmon\\\/\",\"url\":\"https:\\\/\\\/diarieducacio.cat\\\/imatgesperinterrogarelmon\\\/\",\"name\":\"INICI - Imatges per interrogar el m\u00f3n\",\"isPartOf\":{\"@id\":\"https:\\\/\\\/diarieducacio.cat\\\/imatgesperinterrogarelmon\\\/#website\"},\"primaryImageOfPage\":{\"@id\":\"https:\\\/\\\/diarieducacio.cat\\\/imatgesperinterrogarelmon\\\/#primaryimage\"},\"image\":{\"@id\":\"https:\\\/\\\/diarieducacio.cat\\\/imatgesperinterrogarelmon\\\/#primaryimage\"},\"thumbnailUrl\":\"https:\\\/\\\/diarieducacio.cat\\\/imatgesperinterrogarelmon\\\/wp-content\\\/uploads\\\/sites\\\/32\\\/2026\\\/01\\\/foto-1.png\",\"datePublished\":\"2024-01-31T10:04:21+00:00\",\"dateModified\":\"2026-02-02T13:24:09+00:00\",\"breadcrumb\":{\"@id\":\"https:\\\/\\\/diarieducacio.cat\\\/imatgesperinterrogarelmon\\\/#breadcrumb\"},\"inLanguage\":\"ca\",\"potentialAction\":[{\"@type\":\"ReadAction\",\"target\":[\"https:\\\/\\\/diarieducacio.cat\\\/imatgesperinterrogarelmon\\\/\"]}]},{\"@type\":\"ImageObject\",\"inLanguage\":\"ca\",\"@id\":\"https:\\\/\\\/diarieducacio.cat\\\/imatgesperinterrogarelmon\\\/#primaryimage\",\"url\":\"https:\\\/\\\/diarieducacio.cat\\\/imatgesperinterrogarelmon\\\/wp-content\\\/uploads\\\/sites\\\/32\\\/2026\\\/01\\\/foto-1.png\",\"contentUrl\":\"https:\\\/\\\/diarieducacio.cat\\\/imatgesperinterrogarelmon\\\/wp-content\\\/uploads\\\/sites\\\/32\\\/2026\\\/01\\\/foto-1.png\",\"width\":601,\"height\":718,\"caption\":\"Fotograma d\u2019un v\u00eddeo publicat a TikTok per @papa.lore\"},{\"@type\":\"BreadcrumbList\",\"@id\":\"https:\\\/\\\/diarieducacio.cat\\\/imatgesperinterrogarelmon\\\/#breadcrumb\",\"itemListElement\":[{\"@type\":\"ListItem\",\"position\":1,\"name\":\"Inici\",\"item\":\"https:\\\/\\\/diarieducacio.cat\\\/imatgesperinterrogarelmon\\\/\"},{\"@type\":\"ListItem\",\"position\":2,\"name\":\"INICI\"}]},{\"@type\":\"WebSite\",\"@id\":\"https:\\\/\\\/diarieducacio.cat\\\/imatgesperinterrogarelmon\\\/#website\",\"url\":\"https:\\\/\\\/diarieducacio.cat\\\/imatgesperinterrogarelmon\\\/\",\"name\":\"Imatges per interrogar el m\u00f3n\",\"description\":\"Un blog de El Diari de l&#039;Educaci\u00f3\",\"potentialAction\":[{\"@type\":\"SearchAction\",\"target\":{\"@type\":\"EntryPoint\",\"urlTemplate\":\"https:\\\/\\\/diarieducacio.cat\\\/imatgesperinterrogarelmon\\\/?s={search_term_string}\"},\"query-input\":{\"@type\":\"PropertyValueSpecification\",\"valueRequired\":true,\"valueName\":\"search_term_string\"}}],\"inLanguage\":\"ca\"}]}<\/script>\n<!-- \/ Yoast SEO plugin. -->","yoast_head_json":{"title":"INICI - Imatges per interrogar el m\u00f3n","robots":{"index":"index","follow":"follow","max-snippet":"max-snippet:-1","max-image-preview":"max-image-preview:large","max-video-preview":"max-video-preview:-1"},"canonical":"https:\/\/diarieducacio.cat\/imatgesperinterrogarelmon\/","og_locale":"ca_ES","og_type":"article","og_title":"INICI - Imatges per interrogar el m\u00f3n","og_description":"EL BLOG DE DRAC M\u00c0GIC:IMATGES PER INTERROGAR EL M\u00d3N\u00a0 Imatges en descomposici\u00f3: de l\u2019est\u00e8tica brainrot a l\u2019apatia visual Bea Bordanove2 de febrer de 20267 Mins Read El terme brainrot (podridura cerebral) sorgeix l\u2019any 2023 com a resposta par\u00f2dica i autoconscient a l\u2019absurditat del muntatge en directe \u00e9s a dir, la curadoria i ordenaci\u00f3 de v\u00eddeos","og_url":"https:\/\/diarieducacio.cat\/imatgesperinterrogarelmon\/","og_site_name":"Imatges per interrogar el m\u00f3n","article_publisher":"https:\/\/www.facebook.com\/diarieducacio\/","article_modified_time":"2026-02-02T13:24:09+00:00","og_image":[{"url":"https:\/\/diarieducacio.cat\/imatgesperinterrogarelmon\/wp-content\/uploads\/sites\/32\/2026\/01\/foto-1.png","type":"","width":"","height":""}],"twitter_card":"summary_large_image","twitter_site":"@DiariEducacio","twitter_misc":{"Temps estimat de lectura":"6 minuts"},"schema":{"@context":"https:\/\/schema.org","@graph":[{"@type":"WebPage","@id":"https:\/\/diarieducacio.cat\/imatgesperinterrogarelmon\/","url":"https:\/\/diarieducacio.cat\/imatgesperinterrogarelmon\/","name":"INICI - Imatges per interrogar el m\u00f3n","isPartOf":{"@id":"https:\/\/diarieducacio.cat\/imatgesperinterrogarelmon\/#website"},"primaryImageOfPage":{"@id":"https:\/\/diarieducacio.cat\/imatgesperinterrogarelmon\/#primaryimage"},"image":{"@id":"https:\/\/diarieducacio.cat\/imatgesperinterrogarelmon\/#primaryimage"},"thumbnailUrl":"https:\/\/diarieducacio.cat\/imatgesperinterrogarelmon\/wp-content\/uploads\/sites\/32\/2026\/01\/foto-1.png","datePublished":"2024-01-31T10:04:21+00:00","dateModified":"2026-02-02T13:24:09+00:00","breadcrumb":{"@id":"https:\/\/diarieducacio.cat\/imatgesperinterrogarelmon\/#breadcrumb"},"inLanguage":"ca","potentialAction":[{"@type":"ReadAction","target":["https:\/\/diarieducacio.cat\/imatgesperinterrogarelmon\/"]}]},{"@type":"ImageObject","inLanguage":"ca","@id":"https:\/\/diarieducacio.cat\/imatgesperinterrogarelmon\/#primaryimage","url":"https:\/\/diarieducacio.cat\/imatgesperinterrogarelmon\/wp-content\/uploads\/sites\/32\/2026\/01\/foto-1.png","contentUrl":"https:\/\/diarieducacio.cat\/imatgesperinterrogarelmon\/wp-content\/uploads\/sites\/32\/2026\/01\/foto-1.png","width":601,"height":718,"caption":"Fotograma d\u2019un v\u00eddeo publicat a TikTok per @papa.lore"},{"@type":"BreadcrumbList","@id":"https:\/\/diarieducacio.cat\/imatgesperinterrogarelmon\/#breadcrumb","itemListElement":[{"@type":"ListItem","position":1,"name":"Inici","item":"https:\/\/diarieducacio.cat\/imatgesperinterrogarelmon\/"},{"@type":"ListItem","position":2,"name":"INICI"}]},{"@type":"WebSite","@id":"https:\/\/diarieducacio.cat\/imatgesperinterrogarelmon\/#website","url":"https:\/\/diarieducacio.cat\/imatgesperinterrogarelmon\/","name":"Imatges per interrogar el m\u00f3n","description":"Un blog de El Diari de l&#039;Educaci\u00f3","potentialAction":[{"@type":"SearchAction","target":{"@type":"EntryPoint","urlTemplate":"https:\/\/diarieducacio.cat\/imatgesperinterrogarelmon\/?s={search_term_string}"},"query-input":{"@type":"PropertyValueSpecification","valueRequired":true,"valueName":"search_term_string"}}],"inLanguage":"ca"}]}},"_links":{"self":[{"href":"https:\/\/diarieducacio.cat\/imatgesperinterrogarelmon\/wp-json\/wp\/v2\/pages\/2","targetHints":{"allow":["GET"]}}],"collection":[{"href":"https:\/\/diarieducacio.cat\/imatgesperinterrogarelmon\/wp-json\/wp\/v2\/pages"}],"about":[{"href":"https:\/\/diarieducacio.cat\/imatgesperinterrogarelmon\/wp-json\/wp\/v2\/types\/page"}],"author":[{"embeddable":true,"href":"https:\/\/diarieducacio.cat\/imatgesperinterrogarelmon\/wp-json\/wp\/v2\/users\/1"}],"replies":[{"embeddable":true,"href":"https:\/\/diarieducacio.cat\/imatgesperinterrogarelmon\/wp-json\/wp\/v2\/comments?post=2"}],"version-history":[{"count":67,"href":"https:\/\/diarieducacio.cat\/imatgesperinterrogarelmon\/wp-json\/wp\/v2\/pages\/2\/revisions"}],"predecessor-version":[{"id":2060,"href":"https:\/\/diarieducacio.cat\/imatgesperinterrogarelmon\/wp-json\/wp\/v2\/pages\/2\/revisions\/2060"}],"wp:attachment":[{"href":"https:\/\/diarieducacio.cat\/imatgesperinterrogarelmon\/wp-json\/wp\/v2\/media?parent=2"}],"curies":[{"name":"wp","href":"https:\/\/api.w.org\/{rel}","templated":true}]}}