{"version":"1.0","provider_name":"El Blog de Rella","provider_url":"https:\/\/diarieducacio.cat\/rella","title":"40 anys del CEPEPC: una trobada emotiva - El Blog de Rella","type":"rich","width":600,"height":338,"html":"<blockquote class=\"wp-embedded-content\" data-secret=\"9GhdL1yFq6\"><a href=\"https:\/\/diarieducacio.cat\/rella\/2019\/04\/10\/40-anys-del-cepepc-una-trobada-emotiva\/\">40 anys del CEPEPC: una trobada emotiva<\/a><\/blockquote><iframe sandbox=\"allow-scripts\" security=\"restricted\" src=\"https:\/\/diarieducacio.cat\/rella\/2019\/04\/10\/40-anys-del-cepepc-una-trobada-emotiva\/embed\/#?secret=9GhdL1yFq6\" width=\"600\" height=\"338\" title=\"&#8220;40 anys del CEPEPC: una trobada emotiva&#8221; &#8212; El Blog de Rella\" data-secret=\"9GhdL1yFq6\" frameborder=\"0\" marginwidth=\"0\" marginheight=\"0\" scrolling=\"no\" class=\"wp-embedded-content\"><\/iframe><script type=\"text\/javascript\">\n\/* <![CDATA[ *\/\n\/*! This file is auto-generated *\/\n!function(d,l){\"use strict\";l.querySelector&&d.addEventListener&&\"undefined\"!=typeof URL&&(d.wp=d.wp||{},d.wp.receiveEmbedMessage||(d.wp.receiveEmbedMessage=function(e){var t=e.data;if((t||t.secret||t.message||t.value)&&!\/[^a-zA-Z0-9]\/.test(t.secret)){for(var s,r,n,a=l.querySelectorAll('iframe[data-secret=\"'+t.secret+'\"]'),o=l.querySelectorAll('blockquote[data-secret=\"'+t.secret+'\"]'),c=new RegExp(\"^https?:$\",\"i\"),i=0;i<o.length;i++)o[i].style.display=\"none\";for(i=0;i<a.length;i++)s=a[i],e.source===s.contentWindow&&(s.removeAttribute(\"style\"),\"height\"===t.message?(1e3<(r=parseInt(t.value,10))?r=1e3:~~r<200&&(r=200),s.height=r):\"link\"===t.message&&(r=new URL(s.getAttribute(\"src\")),n=new URL(t.value),c.test(n.protocol))&&n.host===r.host&&l.activeElement===s&&(d.top.location.href=t.value))}},d.addEventListener(\"message\",d.wp.receiveEmbedMessage,!1),l.addEventListener(\"DOMContentLoaded\",function(){for(var e,t,s=l.querySelectorAll(\"iframe.wp-embedded-content\"),r=0;r<s.length;r++)(t=(e=s[r]).getAttribute(\"data-secret\"))||(t=Math.random().toString(36).substring(2,12),e.src+=\"#?secret=\"+t,e.setAttribute(\"data-secret\",t)),e.contentWindow.postMessage({message:\"ready\",secret:t},\"*\")},!1)))}(window,document);\n\/\/# sourceURL=https:\/\/diarieducacio.cat\/rella\/wp-includes\/js\/wp-embed.min.js\n\/* ]]> *\/\n<\/script>\n","description":"Des de l\u2019Associaci\u00f3 de mestres jubilats RELLA i amb el suport de Rosa Sensat i de la Federaci\u00f3 de Moviments de Renovaci\u00f3 Pedag\u00f2gica, un grup redu\u00eft de persones ens v\u00e0rem proposar el repte de fer una trobada d\u2019antics membres del Col\u00b7lectiu d\u2019Escoles per l\u2019Escola P\u00fablica Catalana, CEPEPC, creat l\u2019any 1978.","thumbnail_url":"https:\/\/diarieducacio.cat\/rella\/wp-content\/uploads\/sites\/26\/2019\/04\/trobada-cepepc.jpg","thumbnail_width":1145,"thumbnail_height":779}