{"version":"1.0","provider_name":"El Blog de Rella","provider_url":"https:\/\/diarieducacio.cat\/rella","title":"Renovem comprom\u00eds - El Blog de Rella","type":"rich","width":600,"height":338,"html":"<blockquote class=\"wp-embedded-content\" data-secret=\"fTRA9YfOK1\"><a href=\"https:\/\/diarieducacio.cat\/rella\/2021\/06\/29\/renovem-compromis\/\">Renovem comprom\u00eds<\/a><\/blockquote><iframe sandbox=\"allow-scripts\" security=\"restricted\" src=\"https:\/\/diarieducacio.cat\/rella\/2021\/06\/29\/renovem-compromis\/embed\/#?secret=fTRA9YfOK1\" width=\"600\" height=\"338\" title=\"&#8220;Renovem comprom\u00eds&#8221; &#8212; El Blog de Rella\" data-secret=\"fTRA9YfOK1\" frameborder=\"0\" marginwidth=\"0\" marginheight=\"0\" scrolling=\"no\" class=\"wp-embedded-content\"><\/iframe><script type=\"text\/javascript\">\n\/* <![CDATA[ *\/\n\/*! This file is auto-generated *\/\n!function(d,l){\"use strict\";l.querySelector&&d.addEventListener&&\"undefined\"!=typeof URL&&(d.wp=d.wp||{},d.wp.receiveEmbedMessage||(d.wp.receiveEmbedMessage=function(e){var t=e.data;if((t||t.secret||t.message||t.value)&&!\/[^a-zA-Z0-9]\/.test(t.secret)){for(var s,r,n,a=l.querySelectorAll('iframe[data-secret=\"'+t.secret+'\"]'),o=l.querySelectorAll('blockquote[data-secret=\"'+t.secret+'\"]'),c=new RegExp(\"^https?:$\",\"i\"),i=0;i<o.length;i++)o[i].style.display=\"none\";for(i=0;i<a.length;i++)s=a[i],e.source===s.contentWindow&&(s.removeAttribute(\"style\"),\"height\"===t.message?(1e3<(r=parseInt(t.value,10))?r=1e3:~~r<200&&(r=200),s.height=r):\"link\"===t.message&&(r=new URL(s.getAttribute(\"src\")),n=new URL(t.value),c.test(n.protocol))&&n.host===r.host&&l.activeElement===s&&(d.top.location.href=t.value))}},d.addEventListener(\"message\",d.wp.receiveEmbedMessage,!1),l.addEventListener(\"DOMContentLoaded\",function(){for(var e,t,s=l.querySelectorAll(\"iframe.wp-embedded-content\"),r=0;r<s.length;r++)(t=(e=s[r]).getAttribute(\"data-secret\"))||(t=Math.random().toString(36).substring(2,12),e.src+=\"#?secret=\"+t,e.setAttribute(\"data-secret\",t)),e.contentWindow.postMessage({message:\"ready\",secret:t},\"*\")},!1)))}(window,document);\n\/\/# sourceURL=https:\/\/diarieducacio.cat\/rella\/wp-includes\/js\/wp-embed.min.js\n\/* ]]> *\/\n<\/script>\n","thumbnail_url":"https:\/\/diarieducacio.cat\/rella\/wp-content\/uploads\/sites\/26\/2021\/06\/Foto-del-9Nou.jpg","thumbnail_width":1200,"thumbnail_height":851,"description":"Tamb\u00e9 per l\u2019equip de persones que dinamitzem a Granollers el Projecte de Voluntariat Educatiu de Rella i per totes les persones volunt\u00e0ries ha estat un curs especial. Vam comen\u00e7ar amb m\u00e9s dubtes que certeses per\u00f2 amb el desig ferm de fer el possible per treballar per dos dels objectius del projecte: mostrar capacitat de resposta"}