{"version":"1.0","provider_name":"Senderi","provider_url":"https:\/\/diarieducacio.cat\/senderi","title":"Amar\u00e1s al pr\u00f3jimo - Senderi","type":"rich","width":600,"height":338,"html":"<blockquote class=\"wp-embedded-content\" data-secret=\"Cudq5jQWgJ\"><a href=\"https:\/\/diarieducacio.cat\/senderi\/2014\/10\/20\/amaras-al-projimo\/\">Amar\u00e1s al pr\u00f3jimo<\/a><\/blockquote><iframe sandbox=\"allow-scripts\" security=\"restricted\" src=\"https:\/\/diarieducacio.cat\/senderi\/2014\/10\/20\/amaras-al-projimo\/embed\/#?secret=Cudq5jQWgJ\" width=\"600\" height=\"338\" title=\"&#8220;Amar\u00e1s al pr\u00f3jimo&#8221; &#8212; Senderi\" data-secret=\"Cudq5jQWgJ\" frameborder=\"0\" marginwidth=\"0\" marginheight=\"0\" scrolling=\"no\" class=\"wp-embedded-content\"><\/iframe><script type=\"text\/javascript\">\n\/* <![CDATA[ *\/\n\/*! This file is auto-generated *\/\n!function(d,l){\"use strict\";l.querySelector&&d.addEventListener&&\"undefined\"!=typeof URL&&(d.wp=d.wp||{},d.wp.receiveEmbedMessage||(d.wp.receiveEmbedMessage=function(e){var t=e.data;if((t||t.secret||t.message||t.value)&&!\/[^a-zA-Z0-9]\/.test(t.secret)){for(var s,r,n,a=l.querySelectorAll('iframe[data-secret=\"'+t.secret+'\"]'),o=l.querySelectorAll('blockquote[data-secret=\"'+t.secret+'\"]'),c=new RegExp(\"^https?:$\",\"i\"),i=0;i<o.length;i++)o[i].style.display=\"none\";for(i=0;i<a.length;i++)s=a[i],e.source===s.contentWindow&&(s.removeAttribute(\"style\"),\"height\"===t.message?(1e3<(r=parseInt(t.value,10))?r=1e3:~~r<200&&(r=200),s.height=r):\"link\"===t.message&&(r=new URL(s.getAttribute(\"src\")),n=new URL(t.value),c.test(n.protocol))&&n.host===r.host&&l.activeElement===s&&(d.top.location.href=t.value))}},d.addEventListener(\"message\",d.wp.receiveEmbedMessage,!1),l.addEventListener(\"DOMContentLoaded\",function(){for(var e,t,s=l.querySelectorAll(\"iframe.wp-embedded-content\"),r=0;r<s.length;r++)(t=(e=s[r]).getAttribute(\"data-secret\"))||(t=Math.random().toString(36).substring(2,12),e.src+=\"#?secret=\"+t,e.setAttribute(\"data-secret\",t)),e.contentWindow.postMessage({message:\"ready\",secret:t},\"*\")},!1)))}(window,document);\n\/\/# sourceURL=https:\/\/diarieducacio.cat\/senderi\/wp-includes\/js\/wp-embed.min.js\n\/* ]]> *\/\n<\/script>\n","thumbnail_url":"https:\/\/diarieducacio.cat\/senderi\/wp-content\/uploads\/sites\/27\/2014\/10\/amaras-al-projimo-174x131-1.jpg","thumbnail_width":174,"thumbnail_height":131,"description":"Per anar al cine no calen excuses, per\u00f2 una de les que fa que jo sigui un seguidor del set\u00e8 art \u00e9s l\u2019oportunitat d\u2019escoltar com sonen les lleng\u00fces que no pertanyen al meu cercle m\u00e9s proper. \u201cAmar\u00e1s al pr\u00f3jimo\u201d ens ve de Pol\u00f2nia [...] Jaume Cela comenta la pel.l\u00edcula de Malgoska Szumowska. Font del cartell i fotografia: www.labutaca.net i http:\/\/en.wikipedia.org"}